{"id":6647,"date":"2024-09-04T12:11:57","date_gmt":"2024-09-04T17:11:57","guid":{"rendered":"https:\/\/arriendo.com\/co\/%es_type%\/\/%neighborhood%\/vqw1Wu5H0\/"},"modified":"2026-01-30T11:47:22","modified_gmt":"2026-01-30T16:47:22","slug":"AR-6647","status":"publish","type":"properties","link":"https:\/\/arriendo.com\/co\/apartamentos\/cartagena\/serena-del-mar\/AR-6647\/","title":{"rendered":"Apartamento amoblado en arriendo en Serena del Mar 110m\u00b2"},"content":{"rendered":"<p data-start=\"1243\" data-end=\"1488\">Este <strong>apartamento amoblado en arriendo en Serena del Mar<\/strong>, en Cartagena cuenta con un \u00e1rea de <strong>110 m\u00b2<\/strong>, el inmueble cuenta con tres habitaciones, destac\u00e1ndose la habitaci\u00f3n principal con walk-in closet y ba\u00f1o privado, adem\u00e1s de un segundo ba\u00f1o completo. La distribuci\u00f3n incluye una cocina tipo americana completamente equipada, sala-comedor con aire acondicionado, estudio, zona de ropas y un balc\u00f3n con vista panor\u00e1mica que aporta iluminaci\u00f3n y ventilaci\u00f3n natural.<\/p>\n<p data-start=\"1913\" data-end=\"2263\">Este apartamento amoblado en arriendo en Serena del Mar se encuentra rodeado de vegetaci\u00f3n y ofrece un entorno residencial tranquilo, con acceso a completas zonas sociales que incluyen piscina, jacuzzi, sauna, turco, gimnasio, sal\u00f3n de juegos, sal\u00f3n social, parque infantil, zona BBQ y amplias zonas verdes, adem\u00e1s de vigilancia 24\/7.<\/p>\n<hr data-start=\"2597\" data-end=\"2600\" \/>\n<h2 data-start=\"2602\" data-end=\"2633\"><strong data-start=\"2605\" data-end=\"2633\">Informaci\u00f3n del inmueble<\/strong><\/h2>\n<div class=\"TyagGW_tableContainer\">\n<div class=\"group TyagGW_tableWrapper flex flex-col-reverse w-fit\">\n<table class=\"w-fit min-w-(--thread-content-width)\" data-start=\"2635\" data-end=\"3363\">\n<thead data-start=\"2635\" data-end=\"2666\">\n<tr data-start=\"2635\" data-end=\"2666\">\n<th data-start=\"2635\" data-end=\"2647\" data-col-size=\"sm\"><\/th>\n<th data-start=\"2647\" data-end=\"2666\" data-col-size=\"md\"><\/th>\n<\/tr>\n<\/thead>\n<tbody data-start=\"2677\" data-end=\"3363\">\n<tr data-start=\"2677\" data-end=\"2724\">\n<td data-start=\"2677\" data-end=\"2700\" data-col-size=\"sm\"><strong data-start=\"2679\" data-end=\"2699\">Tipo de inmueble<\/strong><\/td>\n<td data-start=\"2700\" data-end=\"2724\" data-col-size=\"md\">Apartamento amoblado<\/td>\n<\/tr>\n<tr data-start=\"2725\" data-end=\"2779\">\n<td data-start=\"2725\" data-end=\"2741\" data-col-size=\"sm\"><strong data-start=\"2727\" data-end=\"2740\">Ubicaci\u00f3n<\/strong><\/td>\n<td data-start=\"2741\" data-end=\"2779\" data-col-size=\"md\">Serena del Mar, Cartagena, Bol\u00edvar<\/td>\n<\/tr>\n<tr data-start=\"2780\" data-end=\"2805\">\n<td data-start=\"2780\" data-end=\"2795\" data-col-size=\"sm\"><\/td>\n<td data-start=\"2795\" data-end=\"2805\" data-col-size=\"md\"><\/td>\n<\/tr>\n<tr data-start=\"2806\" data-end=\"2827\">\n<td data-start=\"2806\" data-end=\"2817\" data-col-size=\"sm\"><strong data-start=\"2808\" data-end=\"2816\">\u00c1rea<\/strong><\/td>\n<td data-col-size=\"md\" data-start=\"2817\" data-end=\"2827\">110 m\u00b2<\/td>\n<\/tr>\n<tr data-start=\"2828\" data-end=\"2855\">\n<td data-start=\"2828\" data-end=\"2845\" data-col-size=\"sm\"><strong data-start=\"2830\" data-end=\"2844\">Antig\u00fcedad<\/strong><\/td>\n<td data-start=\"2845\" data-end=\"2855\" data-col-size=\"md\">5 a\u00f1os<\/td>\n<\/tr>\n<tr data-start=\"2856\" data-end=\"2880\">\n<td data-start=\"2856\" data-end=\"2875\" data-col-size=\"sm\"><strong data-start=\"2858\" data-end=\"2874\">Habitaciones<\/strong><\/td>\n<td data-col-size=\"md\" data-start=\"2875\" data-end=\"2880\">3<\/td>\n<\/tr>\n<tr data-start=\"2881\" data-end=\"2941\">\n<td data-start=\"2881\" data-end=\"2908\" data-col-size=\"sm\"><strong data-start=\"2883\" data-end=\"2907\">Habitaci\u00f3n principal<\/strong><\/td>\n<td data-start=\"2908\" data-end=\"2941\" data-col-size=\"md\">Walk-in closet y ba\u00f1o privado<\/td>\n<\/tr>\n<tr data-start=\"2942\" data-end=\"2959\">\n<td data-start=\"2942\" data-end=\"2954\" data-col-size=\"sm\"><strong data-start=\"2944\" data-end=\"2953\">Ba\u00f1os<\/strong><\/td>\n<td data-start=\"2954\" data-end=\"2959\" data-col-size=\"md\">2<\/td>\n<\/tr>\n<tr data-start=\"2960\" data-end=\"3011\">\n<td data-start=\"2960\" data-end=\"2981\" data-col-size=\"sm\"><strong data-start=\"2962\" data-end=\"2980\">Sala \u2013 comedor<\/strong><\/td>\n<td data-start=\"2981\" data-end=\"3011\" data-col-size=\"md\">S\u00ed, con aire acondicionado<\/td>\n<\/tr>\n<tr data-start=\"3012\" data-end=\"3067\">\n<td data-start=\"3012\" data-end=\"3025\" data-col-size=\"sm\"><strong data-start=\"3014\" data-end=\"3024\">Cocina<\/strong><\/td>\n<td data-start=\"3025\" data-end=\"3067\" data-col-size=\"md\">Tipo americana, completamente equipada<\/td>\n<\/tr>\n<tr data-start=\"3068\" data-end=\"3088\">\n<td data-start=\"3068\" data-end=\"3082\" data-col-size=\"sm\"><strong data-start=\"3070\" data-end=\"3081\">Estudio<\/strong><\/td>\n<td data-start=\"3082\" data-end=\"3088\" data-col-size=\"md\">S\u00ed<\/td>\n<\/tr>\n<tr data-start=\"3089\" data-end=\"3130\">\n<td data-start=\"3089\" data-end=\"3102\" data-col-size=\"sm\"><strong data-start=\"3091\" data-end=\"3101\">Balc\u00f3n<\/strong><\/td>\n<td data-start=\"3102\" data-end=\"3130\" data-col-size=\"md\">S\u00ed, con vista panor\u00e1mica<\/td>\n<\/tr>\n<tr data-start=\"3131\" data-end=\"3157\">\n<td data-start=\"3131\" data-end=\"3151\" data-col-size=\"sm\"><strong data-start=\"3133\" data-end=\"3150\">Zona de ropas<\/strong><\/td>\n<td data-start=\"3151\" data-end=\"3157\" data-col-size=\"md\">S\u00ed<\/td>\n<\/tr>\n<tr data-start=\"3158\" data-end=\"3182\">\n<td data-start=\"3158\" data-end=\"3176\" data-col-size=\"sm\"><strong data-start=\"3160\" data-end=\"3175\">Parqueadero<\/strong><\/td>\n<td data-col-size=\"md\" data-start=\"3176\" data-end=\"3182\">S\u00ed<\/td>\n<\/tr>\n<tr data-start=\"3183\" data-end=\"3301\">\n<td data-start=\"3183\" data-end=\"3204\" data-col-size=\"sm\"><\/td>\n<td data-start=\"3204\" data-end=\"3301\" data-col-size=\"md\"><\/td>\n<\/tr>\n<tr data-start=\"3302\" data-end=\"3327\">\n<td data-start=\"3302\" data-end=\"3321\" data-col-size=\"sm\"><\/td>\n<td data-col-size=\"md\" data-start=\"3321\" data-end=\"3327\"><\/td>\n<\/tr>\n<tr data-start=\"3328\" data-end=\"3363\">\n<td data-start=\"3328\" data-end=\"3344\" data-col-size=\"sm\"><\/td>\n<td data-col-size=\"md\" data-start=\"3344\" data-end=\"3363\"><\/td>\n<\/tr>\n<\/tbody>\n<\/table>\n<\/div>\n<\/div>\n","protected":false},"excerpt":{"rendered":"Este apartamento amoblado en arriendo en Serena del Mar, en...","protected":false},"author":1781,"featured_media":6659,"template":"","es_locations":[419,418,420,424],"es_categories":[124],"es_types":[114],"es_rent_periods":[],"es_labels":[51],"es_statuses":[126],"es_parkings":[],"es_roofs":[],"es_exterior_materials":[],"es_basements":[],"es_floor_coverings":[],"es_features":[],"es_amenities":[],"es_neighborhoods":[],"es_tags":[],"class_list":["post-6647","properties","type-properties","status-publish","has-post-thumbnail","hentry","es_location-bolivar","es_location-colombia","es_location-provincia-de-cartagena","es_location-serena-del-mar","es_category-arriendo","es_type-apartamentos","es_label-featured","es_status-usado","es-post-entity"],"_links":{"self":[{"href":"https:\/\/arriendo.com\/co\/wp-json\/wp\/v2\/properties\/6647","targetHints":{"allow":["GET"]}}],"collection":[{"href":"https:\/\/arriendo.com\/co\/wp-json\/wp\/v2\/properties"}],"about":[{"href":"https:\/\/arriendo.com\/co\/wp-json\/wp\/v2\/types\/properties"}],"author":[{"embeddable":true,"href":"https:\/\/arriendo.com\/co\/wp-json\/wp\/v2\/users\/1781"}],"version-history":[{"count":0,"href":"https:\/\/arriendo.com\/co\/wp-json\/wp\/v2\/properties\/6647\/revisions"}],"wp:featuredmedia":[{"embeddable":true,"href":"https:\/\/arriendo.com\/co\/wp-json\/wp\/v2\/media\/6659"}],"wp:attachment":[{"href":"https:\/\/arriendo.com\/co\/wp-json\/wp\/v2\/media?parent=6647"}],"wp:term":[{"taxonomy":"es_location","embeddable":true,"href":"https:\/\/arriendo.com\/co\/wp-json\/wp\/v2\/es_locations?post=6647"},{"taxonomy":"es_category","embeddable":true,"href":"https:\/\/arriendo.com\/co\/wp-json\/wp\/v2\/es_categories?post=6647"},{"taxonomy":"es_type","embeddable":true,"href":"https:\/\/arriendo.com\/co\/wp-json\/wp\/v2\/es_types?post=6647"},{"taxonomy":"es_rent_period","embeddable":true,"href":"https:\/\/arriendo.com\/co\/wp-json\/wp\/v2\/es_rent_periods?post=6647"},{"taxonomy":"es_label","embeddable":true,"href":"https:\/\/arriendo.com\/co\/wp-json\/wp\/v2\/es_labels?post=6647"},{"taxonomy":"es_status","embeddable":true,"href":"https:\/\/arriendo.com\/co\/wp-json\/wp\/v2\/es_statuses?post=6647"},{"taxonomy":"es_parking","embeddable":true,"href":"https:\/\/arriendo.com\/co\/wp-json\/wp\/v2\/es_parkings?post=6647"},{"taxonomy":"es_roof","embeddable":true,"href":"https:\/\/arriendo.com\/co\/wp-json\/wp\/v2\/es_roofs?post=6647"},{"taxonomy":"es_exterior_material","embeddable":true,"href":"https:\/\/arriendo.com\/co\/wp-json\/wp\/v2\/es_exterior_materials?post=6647"},{"taxonomy":"es_basement","embeddable":true,"href":"https:\/\/arriendo.com\/co\/wp-json\/wp\/v2\/es_basements?post=6647"},{"taxonomy":"es_floor_covering","embeddable":true,"href":"https:\/\/arriendo.com\/co\/wp-json\/wp\/v2\/es_floor_coverings?post=6647"},{"taxonomy":"es_feature","embeddable":true,"href":"https:\/\/arriendo.com\/co\/wp-json\/wp\/v2\/es_features?post=6647"},{"taxonomy":"es_amenity","embeddable":true,"href":"https:\/\/arriendo.com\/co\/wp-json\/wp\/v2\/es_amenities?post=6647"},{"taxonomy":"es_neighborhood","embeddable":true,"href":"https:\/\/arriendo.com\/co\/wp-json\/wp\/v2\/es_neighborhoods?post=6647"},{"taxonomy":"es_tag","embeddable":true,"href":"https:\/\/arriendo.com\/co\/wp-json\/wp\/v2\/es_tags?post=6647"}],"curies":[{"name":"wp","href":"https:\/\/api.w.org\/{rel}","templated":true}]}}