{"id":645,"date":"2024-06-20T09:18:25","date_gmt":"2024-06-20T14:18:25","guid":{"rendered":"https:\/\/arriendo.com\/co\/%es_type%\/\/\/vqw1Wu5H0\/"},"modified":"2026-02-09T09:04:02","modified_gmt":"2026-02-09T14:04:02","slug":"AR-645","status":"publish","type":"properties","link":"https:\/\/arriendo.com\/co\/apartamentos\/bogota\/la-cabrera\/AR-645\/","title":{"rendered":"Apartamento en arriendo en Chic\u00f3 con 90M\u00b2"},"content":{"rendered":"<p data-start=\"886\" data-end=\"1102\"><strong>Apartamento en arriendo en Chic\u00f3<\/strong> Reservado con una distribuci\u00f3n pr\u00e1ctica y espacios bien aprovechados. Tiene 90 m\u00b2, dos alcobas c\u00f3modas y dos ba\u00f1os, lo que permite una din\u00e1mica sencilla para vivir sin complicaciones. La <strong>cocina es cerrada<\/strong>, funcional y separada de la zona social, mientras que la iluminaci\u00f3n natural est\u00e1 presente en todo el apartamento, aportando una sensaci\u00f3n agradable en cada ambiente. La zona social se presta para el uso diario y el descanso. Est\u00e1 ubicado en un sector tranquilo y seguro, con<strong> cercan\u00eda a v\u00edas principales,<\/strong> comercios y servicios, lo que facilita la movilidad y la vida cotidiana en una de las zonas m\u00e1s buscadas de la ciudad.<\/p>\n","protected":false},"excerpt":{"rendered":"Apartamento en arriendo en Chic\u00f3 Reservado con una distribuci\u00f3n pr\u00e1ctica...","protected":false},"author":9,"featured_media":637,"template":"","es_locations":[110,261,418,91,226],"es_categories":[124],"es_types":[114],"es_rent_periods":[],"es_labels":[51],"es_statuses":[126],"es_parkings":[],"es_roofs":[],"es_exterior_materials":[],"es_basements":[],"es_floor_coverings":[],"es_features":[131,132],"es_amenities":[155,156,158,161],"es_neighborhoods":[],"es_tags":[],"class_list":["post-645","properties","type-properties","status-publish","has-post-thumbnail","hentry","es_location-bogota","es_location-chapinero","es_location-colombia","es_location-cundinamarca","es_location-la-cabrera","es_category-arriendo","es_type-apartamentos","es_label-featured","es_status-usado","es_feature-ascensor","es_feature-balcon","es_amenity-parqueadero-cubierto","es_amenity-parqueadero-visitantes","es_amenity-porteria-recepcion","es_amenity-vigilancia-24-7","es-post-entity"],"_links":{"self":[{"href":"https:\/\/arriendo.com\/co\/wp-json\/wp\/v2\/properties\/645","targetHints":{"allow":["GET"]}}],"collection":[{"href":"https:\/\/arriendo.com\/co\/wp-json\/wp\/v2\/properties"}],"about":[{"href":"https:\/\/arriendo.com\/co\/wp-json\/wp\/v2\/types\/properties"}],"author":[{"embeddable":true,"href":"https:\/\/arriendo.com\/co\/wp-json\/wp\/v2\/users\/9"}],"version-history":[{"count":0,"href":"https:\/\/arriendo.com\/co\/wp-json\/wp\/v2\/properties\/645\/revisions"}],"wp:featuredmedia":[{"embeddable":true,"href":"https:\/\/arriendo.com\/co\/wp-json\/wp\/v2\/media\/637"}],"wp:attachment":[{"href":"https:\/\/arriendo.com\/co\/wp-json\/wp\/v2\/media?parent=645"}],"wp:term":[{"taxonomy":"es_location","embeddable":true,"href":"https:\/\/arriendo.com\/co\/wp-json\/wp\/v2\/es_locations?post=645"},{"taxonomy":"es_category","embeddable":true,"href":"https:\/\/arriendo.com\/co\/wp-json\/wp\/v2\/es_categories?post=645"},{"taxonomy":"es_type","embeddable":true,"href":"https:\/\/arriendo.com\/co\/wp-json\/wp\/v2\/es_types?post=645"},{"taxonomy":"es_rent_period","embeddable":true,"href":"https:\/\/arriendo.com\/co\/wp-json\/wp\/v2\/es_rent_periods?post=645"},{"taxonomy":"es_label","embeddable":true,"href":"https:\/\/arriendo.com\/co\/wp-json\/wp\/v2\/es_labels?post=645"},{"taxonomy":"es_status","embeddable":true,"href":"https:\/\/arriendo.com\/co\/wp-json\/wp\/v2\/es_statuses?post=645"},{"taxonomy":"es_parking","embeddable":true,"href":"https:\/\/arriendo.com\/co\/wp-json\/wp\/v2\/es_parkings?post=645"},{"taxonomy":"es_roof","embeddable":true,"href":"https:\/\/arriendo.com\/co\/wp-json\/wp\/v2\/es_roofs?post=645"},{"taxonomy":"es_exterior_material","embeddable":true,"href":"https:\/\/arriendo.com\/co\/wp-json\/wp\/v2\/es_exterior_materials?post=645"},{"taxonomy":"es_basement","embeddable":true,"href":"https:\/\/arriendo.com\/co\/wp-json\/wp\/v2\/es_basements?post=645"},{"taxonomy":"es_floor_covering","embeddable":true,"href":"https:\/\/arriendo.com\/co\/wp-json\/wp\/v2\/es_floor_coverings?post=645"},{"taxonomy":"es_feature","embeddable":true,"href":"https:\/\/arriendo.com\/co\/wp-json\/wp\/v2\/es_features?post=645"},{"taxonomy":"es_amenity","embeddable":true,"href":"https:\/\/arriendo.com\/co\/wp-json\/wp\/v2\/es_amenities?post=645"},{"taxonomy":"es_neighborhood","embeddable":true,"href":"https:\/\/arriendo.com\/co\/wp-json\/wp\/v2\/es_neighborhoods?post=645"},{"taxonomy":"es_tag","embeddable":true,"href":"https:\/\/arriendo.com\/co\/wp-json\/wp\/v2\/es_tags?post=645"}],"curies":[{"name":"wp","href":"https:\/\/api.w.org\/{rel}","templated":true}]}}