{"id":49852,"date":"2025-03-07T09:57:08","date_gmt":"2025-03-07T14:57:08","guid":{"rendered":"https:\/\/arriendo.com\/co\/%es_type%\/villavicencio\/villavicencio\/vqw1Wu5H0\/"},"modified":"2025-10-16T17:23:54","modified_gmt":"2025-10-16T22:23:54","slug":"ar-49852","status":"publish","type":"properties","link":"https:\/\/arriendo.com\/co\/locales\/villavicencio\/avenida-catama\/ar-49852\/","title":{"rendered":"LOCAL COMERCIAL EN ARRIENDO, VILLAVICENCIO"},"content":{"rendered":"<p>Excelente local comercial en arriendo con un \u00e1rea de 647 m2, zona de alto tr\u00e1fico, ubicado en una zona donde se encuentra un mix de diferentes marcas representativas en el mercado nacional, as\u00ed mismo cerca de bancos, zona financiera y de negocios, entidades de salud, supermecados entre otros, tiempo minimo de contrato 3 a\u00f1os. \u2022 El inmueble cuenta con estructura sismo resistente de acuerdo a la norma NRS-10 exigida para construcciones p\u00fablicas, con sistema estructural a porticados\u00a0y cubierta en placa. \u00a0\u2022 El inmueble cuenta con planta el\u00e9ctrica de 900 KVA y trasformador de 1.000 KVA. \u2022 El inmueble cuenta con red contra incendios. \u2022 En los pisos superiores se desarrolla la parte comercial, administrativa y operativa, en los niveles inferiores la parte de almacenamientos y zonas de instalaciones t\u00e9cnicas, adicional cuenta con zona de parqueaderos.<\/p>\n","protected":false},"excerpt":{"rendered":"Excelente local comercial en arriendo con un \u00e1rea de 647...","protected":false},"author":2482,"featured_media":49853,"template":"","es_locations":[418,97,338],"es_categories":[124],"es_types":[117],"es_rent_periods":[],"es_labels":[],"es_statuses":[],"es_parkings":[],"es_roofs":[],"es_exterior_materials":[],"es_basements":[],"es_floor_coverings":[],"es_features":[],"es_amenities":[],"es_neighborhoods":[],"es_tags":[],"class_list":["post-49852","properties","type-properties","status-publish","has-post-thumbnail","hentry","es_location-colombia","es_location-meta","es_location-villavicencio","es_category-arriendo","es_type-locales","es-post-entity"],"_links":{"self":[{"href":"https:\/\/arriendo.com\/co\/wp-json\/wp\/v2\/properties\/49852","targetHints":{"allow":["GET"]}}],"collection":[{"href":"https:\/\/arriendo.com\/co\/wp-json\/wp\/v2\/properties"}],"about":[{"href":"https:\/\/arriendo.com\/co\/wp-json\/wp\/v2\/types\/properties"}],"author":[{"embeddable":true,"href":"https:\/\/arriendo.com\/co\/wp-json\/wp\/v2\/users\/2482"}],"version-history":[{"count":0,"href":"https:\/\/arriendo.com\/co\/wp-json\/wp\/v2\/properties\/49852\/revisions"}],"wp:featuredmedia":[{"embeddable":true,"href":"https:\/\/arriendo.com\/co\/wp-json\/wp\/v2\/media\/49853"}],"wp:attachment":[{"href":"https:\/\/arriendo.com\/co\/wp-json\/wp\/v2\/media?parent=49852"}],"wp:term":[{"taxonomy":"es_location","embeddable":true,"href":"https:\/\/arriendo.com\/co\/wp-json\/wp\/v2\/es_locations?post=49852"},{"taxonomy":"es_category","embeddable":true,"href":"https:\/\/arriendo.com\/co\/wp-json\/wp\/v2\/es_categories?post=49852"},{"taxonomy":"es_type","embeddable":true,"href":"https:\/\/arriendo.com\/co\/wp-json\/wp\/v2\/es_types?post=49852"},{"taxonomy":"es_rent_period","embeddable":true,"href":"https:\/\/arriendo.com\/co\/wp-json\/wp\/v2\/es_rent_periods?post=49852"},{"taxonomy":"es_label","embeddable":true,"href":"https:\/\/arriendo.com\/co\/wp-json\/wp\/v2\/es_labels?post=49852"},{"taxonomy":"es_status","embeddable":true,"href":"https:\/\/arriendo.com\/co\/wp-json\/wp\/v2\/es_statuses?post=49852"},{"taxonomy":"es_parking","embeddable":true,"href":"https:\/\/arriendo.com\/co\/wp-json\/wp\/v2\/es_parkings?post=49852"},{"taxonomy":"es_roof","embeddable":true,"href":"https:\/\/arriendo.com\/co\/wp-json\/wp\/v2\/es_roofs?post=49852"},{"taxonomy":"es_exterior_material","embeddable":true,"href":"https:\/\/arriendo.com\/co\/wp-json\/wp\/v2\/es_exterior_materials?post=49852"},{"taxonomy":"es_basement","embeddable":true,"href":"https:\/\/arriendo.com\/co\/wp-json\/wp\/v2\/es_basements?post=49852"},{"taxonomy":"es_floor_covering","embeddable":true,"href":"https:\/\/arriendo.com\/co\/wp-json\/wp\/v2\/es_floor_coverings?post=49852"},{"taxonomy":"es_feature","embeddable":true,"href":"https:\/\/arriendo.com\/co\/wp-json\/wp\/v2\/es_features?post=49852"},{"taxonomy":"es_amenity","embeddable":true,"href":"https:\/\/arriendo.com\/co\/wp-json\/wp\/v2\/es_amenities?post=49852"},{"taxonomy":"es_neighborhood","embeddable":true,"href":"https:\/\/arriendo.com\/co\/wp-json\/wp\/v2\/es_neighborhoods?post=49852"},{"taxonomy":"es_tag","embeddable":true,"href":"https:\/\/arriendo.com\/co\/wp-json\/wp\/v2\/es_tags?post=49852"}],"curies":[{"name":"wp","href":"https:\/\/api.w.org\/{rel}","templated":true}]}}