{"id":47561,"date":"2025-03-05T22:19:10","date_gmt":"2025-03-06T03:19:10","guid":{"rendered":"https:\/\/arriendo.com\/co\/%es_type%\/bogota\/colina\/vqw1Wu5H0\/"},"modified":"2025-10-16T17:21:43","modified_gmt":"2025-10-16T22:21:43","slug":"ar-47561","status":"publish","type":"properties","link":"https:\/\/arriendo.com\/co\/locales\/bogota\/colina\/ar-47561\/","title":{"rendered":"LOCAL DE 27 M2 EN ARRIENDO, COLINA"},"content":{"rendered":"<p>Local en Arriendo &#8211; Sector Colina \u00c1rea: 27.8 m\u00b2 Altura: 3.31 m Ubicaci\u00f3n: En centro comercial, sector Colina Administraci\u00f3n incluida en el canon de arrendamiento Este local es ideal para tu negocio, con una excelente ubicaci\u00f3n en un centro comercial de alto tr\u00e1fico. Aprovecha la comodidad de tener administraci\u00f3n incluida y un espacio vers\u00e1til para cualquier tipo de comercio.<\/p>\n","protected":false},"excerpt":{"rendered":"Local en Arriendo &#8211; Sector Colina \u00c1rea: 27.8 m\u00b2 Altura:...","protected":false},"author":2482,"featured_media":47563,"template":"","es_locations":[110,1181,418,91],"es_categories":[124],"es_types":[117],"es_rent_periods":[],"es_labels":[],"es_statuses":[],"es_parkings":[],"es_roofs":[],"es_exterior_materials":[],"es_basements":[],"es_floor_coverings":[],"es_features":[],"es_amenities":[],"es_neighborhoods":[],"es_tags":[],"class_list":["post-47561","properties","type-properties","status-publish","has-post-thumbnail","hentry","es_location-bogota","es_location-colina","es_location-colombia","es_location-cundinamarca","es_category-arriendo","es_type-locales","es-post-entity"],"_links":{"self":[{"href":"https:\/\/arriendo.com\/co\/wp-json\/wp\/v2\/properties\/47561","targetHints":{"allow":["GET"]}}],"collection":[{"href":"https:\/\/arriendo.com\/co\/wp-json\/wp\/v2\/properties"}],"about":[{"href":"https:\/\/arriendo.com\/co\/wp-json\/wp\/v2\/types\/properties"}],"author":[{"embeddable":true,"href":"https:\/\/arriendo.com\/co\/wp-json\/wp\/v2\/users\/2482"}],"version-history":[{"count":0,"href":"https:\/\/arriendo.com\/co\/wp-json\/wp\/v2\/properties\/47561\/revisions"}],"wp:featuredmedia":[{"embeddable":true,"href":"https:\/\/arriendo.com\/co\/wp-json\/wp\/v2\/media\/47563"}],"wp:attachment":[{"href":"https:\/\/arriendo.com\/co\/wp-json\/wp\/v2\/media?parent=47561"}],"wp:term":[{"taxonomy":"es_location","embeddable":true,"href":"https:\/\/arriendo.com\/co\/wp-json\/wp\/v2\/es_locations?post=47561"},{"taxonomy":"es_category","embeddable":true,"href":"https:\/\/arriendo.com\/co\/wp-json\/wp\/v2\/es_categories?post=47561"},{"taxonomy":"es_type","embeddable":true,"href":"https:\/\/arriendo.com\/co\/wp-json\/wp\/v2\/es_types?post=47561"},{"taxonomy":"es_rent_period","embeddable":true,"href":"https:\/\/arriendo.com\/co\/wp-json\/wp\/v2\/es_rent_periods?post=47561"},{"taxonomy":"es_label","embeddable":true,"href":"https:\/\/arriendo.com\/co\/wp-json\/wp\/v2\/es_labels?post=47561"},{"taxonomy":"es_status","embeddable":true,"href":"https:\/\/arriendo.com\/co\/wp-json\/wp\/v2\/es_statuses?post=47561"},{"taxonomy":"es_parking","embeddable":true,"href":"https:\/\/arriendo.com\/co\/wp-json\/wp\/v2\/es_parkings?post=47561"},{"taxonomy":"es_roof","embeddable":true,"href":"https:\/\/arriendo.com\/co\/wp-json\/wp\/v2\/es_roofs?post=47561"},{"taxonomy":"es_exterior_material","embeddable":true,"href":"https:\/\/arriendo.com\/co\/wp-json\/wp\/v2\/es_exterior_materials?post=47561"},{"taxonomy":"es_basement","embeddable":true,"href":"https:\/\/arriendo.com\/co\/wp-json\/wp\/v2\/es_basements?post=47561"},{"taxonomy":"es_floor_covering","embeddable":true,"href":"https:\/\/arriendo.com\/co\/wp-json\/wp\/v2\/es_floor_coverings?post=47561"},{"taxonomy":"es_feature","embeddable":true,"href":"https:\/\/arriendo.com\/co\/wp-json\/wp\/v2\/es_features?post=47561"},{"taxonomy":"es_amenity","embeddable":true,"href":"https:\/\/arriendo.com\/co\/wp-json\/wp\/v2\/es_amenities?post=47561"},{"taxonomy":"es_neighborhood","embeddable":true,"href":"https:\/\/arriendo.com\/co\/wp-json\/wp\/v2\/es_neighborhoods?post=47561"},{"taxonomy":"es_tag","embeddable":true,"href":"https:\/\/arriendo.com\/co\/wp-json\/wp\/v2\/es_tags?post=47561"}],"curies":[{"name":"wp","href":"https:\/\/api.w.org\/{rel}","templated":true}]}}