{"id":445874,"date":"2026-04-27T01:19:22","date_gmt":"2026-04-27T06:19:22","guid":{"rendered":"https:\/\/arriendo.com\/co\/%es_type%\/manizales\/la-leonora\/\/"},"modified":"2026-04-27T01:19:22","modified_gmt":"2026-04-27T06:19:22","slug":"AR-445874","status":"publish","type":"properties","link":"https:\/\/arriendo.com\/co\/apartamentos\/manizales\/la-leonora\/AR-445874\/","title":{"rendered":"Arrienda Apartamento Leonora Manizales"},"content":{"rendered":"<p>C\u00f3digo. nueve nueve cuatro nueve tres cero cero . Este hermoso apartamento para alquiler se encuentra ubicado en una de las zonas m\u00e1s privilegiadas de Manizales, ofreciendo un estilo de vida c\u00f3modo y conveniente para sus residentes. Con un \u00e1rea de terreno, construida y privada de 70 metros cuadrados, este inmueble destaca por su excelente distribuci\u00f3n y amplios espacios, brindando una sensaci\u00f3n de amplitud y confort. La propiedad cuenta con 2 habitaciones y 2 ba\u00f1os, perfecto para aquellos que buscan un espacio c\u00f3modo y funcional para vivir. Adem\u00e1s, cuenta con un garaje que brinda facilidad para estacionar su veh\u00edculo y acceso directo al edificio. En cuanto a sus caracter\u00edsticas internas, esta propiedad es ideal para aquellos que tienen mascotas, ya que el edificio cuenta con una pol\u00edtica de admisi\u00f3n para ellas. Tambi\u00e9n cuenta con servicios de agua, gas domiciliario y electricidad disponibles para el uso diario. Adem\u00e1s, el apartamento cuenta con un balc\u00f3n para disfrutar de vistas panor\u00e1micas y luz natural durante todo el d\u00eda. Entre otras caracter\u00edsticas internas, se destacan los cl\u00f3sets empotrados en las habitaciones, una cocina integral completamente equipada y una doble ventana que permite una excelente ventilaci\u00f3n y aislamiento ac\u00fastico. Tambi\u00e9n incluye un calentador, extractor, horno y lavaplatos para mayor comodidad. Este inmueble se considera de lujo por su dise\u00f1o moderno y elegante, perfectamente adaptado para un estilo de vida sofisticado. El suelo de cer\u00e1mica y m\u00e1rmol le da un toque de elegancia y durabilidad al apartamento. Ubicado en una zona residencial, este apartamento ofrece un entorno tranquilo y seguro, con acceso pavimentado y cerca de jardines, colegios y restaurantes. Asimismo, cuenta con servicio de transporte p\u00fablico cercano, facilitando la movilidad hacia diferentes puntos de la ciudad. En resumen, este hermoso apartamento cuenta con todo lo necesario para brindarle una vida c\u00f3moda, segura y moderna a sus residentes. \u00a1No pierdas la oportunidad de ser parte de esta incre\u00edble propiedad! Cont\u00e1ctanos para m\u00e1s informaci\u00f3n y agenda una visita. \u00a1Te encantar\u00e1!<\/p>\n","protected":false},"excerpt":{"rendered":"C\u00f3digo. nueve nueve cuatro nueve tres cero cero . Este...","protected":false},"author":4125,"featured_media":445876,"template":"","es_locations":[84,418,340],"es_categories":[124],"es_types":[114],"es_rent_periods":[],"es_labels":[],"es_statuses":[],"es_parkings":[],"es_roofs":[],"es_exterior_materials":[],"es_basements":[],"es_floor_coverings":[],"es_features":[],"es_amenities":[],"es_neighborhoods":[],"es_tags":[],"class_list":["post-445874","properties","type-properties","status-publish","has-post-thumbnail","hentry","es_location-caldas","es_location-colombia","es_location-manizales","es_category-arriendo","es_type-apartamentos","es-post-entity"],"_links":{"self":[{"href":"https:\/\/arriendo.com\/co\/wp-json\/wp\/v2\/properties\/445874","targetHints":{"allow":["GET"]}}],"collection":[{"href":"https:\/\/arriendo.com\/co\/wp-json\/wp\/v2\/properties"}],"about":[{"href":"https:\/\/arriendo.com\/co\/wp-json\/wp\/v2\/types\/properties"}],"author":[{"embeddable":true,"href":"https:\/\/arriendo.com\/co\/wp-json\/wp\/v2\/users\/4125"}],"version-history":[{"count":1,"href":"https:\/\/arriendo.com\/co\/wp-json\/wp\/v2\/properties\/445874\/revisions"}],"predecessor-version":[{"id":445875,"href":"https:\/\/arriendo.com\/co\/wp-json\/wp\/v2\/properties\/445874\/revisions\/445875"}],"wp:featuredmedia":[{"embeddable":true,"href":"https:\/\/arriendo.com\/co\/wp-json\/wp\/v2\/media\/445876"}],"wp:attachment":[{"href":"https:\/\/arriendo.com\/co\/wp-json\/wp\/v2\/media?parent=445874"}],"wp:term":[{"taxonomy":"es_location","embeddable":true,"href":"https:\/\/arriendo.com\/co\/wp-json\/wp\/v2\/es_locations?post=445874"},{"taxonomy":"es_category","embeddable":true,"href":"https:\/\/arriendo.com\/co\/wp-json\/wp\/v2\/es_categories?post=445874"},{"taxonomy":"es_type","embeddable":true,"href":"https:\/\/arriendo.com\/co\/wp-json\/wp\/v2\/es_types?post=445874"},{"taxonomy":"es_rent_period","embeddable":true,"href":"https:\/\/arriendo.com\/co\/wp-json\/wp\/v2\/es_rent_periods?post=445874"},{"taxonomy":"es_label","embeddable":true,"href":"https:\/\/arriendo.com\/co\/wp-json\/wp\/v2\/es_labels?post=445874"},{"taxonomy":"es_status","embeddable":true,"href":"https:\/\/arriendo.com\/co\/wp-json\/wp\/v2\/es_statuses?post=445874"},{"taxonomy":"es_parking","embeddable":true,"href":"https:\/\/arriendo.com\/co\/wp-json\/wp\/v2\/es_parkings?post=445874"},{"taxonomy":"es_roof","embeddable":true,"href":"https:\/\/arriendo.com\/co\/wp-json\/wp\/v2\/es_roofs?post=445874"},{"taxonomy":"es_exterior_material","embeddable":true,"href":"https:\/\/arriendo.com\/co\/wp-json\/wp\/v2\/es_exterior_materials?post=445874"},{"taxonomy":"es_basement","embeddable":true,"href":"https:\/\/arriendo.com\/co\/wp-json\/wp\/v2\/es_basements?post=445874"},{"taxonomy":"es_floor_covering","embeddable":true,"href":"https:\/\/arriendo.com\/co\/wp-json\/wp\/v2\/es_floor_coverings?post=445874"},{"taxonomy":"es_feature","embeddable":true,"href":"https:\/\/arriendo.com\/co\/wp-json\/wp\/v2\/es_features?post=445874"},{"taxonomy":"es_amenity","embeddable":true,"href":"https:\/\/arriendo.com\/co\/wp-json\/wp\/v2\/es_amenities?post=445874"},{"taxonomy":"es_neighborhood","embeddable":true,"href":"https:\/\/arriendo.com\/co\/wp-json\/wp\/v2\/es_neighborhoods?post=445874"},{"taxonomy":"es_tag","embeddable":true,"href":"https:\/\/arriendo.com\/co\/wp-json\/wp\/v2\/es_tags?post=445874"}],"curies":[{"name":"wp","href":"https:\/\/api.w.org\/{rel}","templated":true}]}}