{"id":424852,"date":"2026-03-13T00:00:47","date_gmt":"2026-03-13T05:00:47","guid":{"rendered":"https:\/\/arriendo.com\/co\/%es_type%\/cali\/valle-del-lili\/alquiler-apartamento-ciudad-melendez\/"},"modified":"2026-03-13T00:00:47","modified_gmt":"2026-03-13T05:00:47","slug":"AR-424852","status":"publish","type":"properties","link":"https:\/\/arriendo.com\/co\/apartamentos\/cali\/valle-del-lili\/AR-424852\/","title":{"rendered":"ALQUILER APARTAMENTO CIUDAD MELENDEZ"},"content":{"rendered":"<p>Alquiler de hermoso apartamento para estrenar en el conjunto residencial Planicie, sector Tierra linda Ciudad Mel\u00e9ndez, ubicado en piso 8, con excelente vista, distribuido en sala comedor, cocina abierta americana, zona de oficios, espacios de almacenaje, muy iluminado, ventilado, Alquiler de hermoso apartamento para estrenar en el conjunto residencial Planicie &#8211; Ciudad Mel\u00e9ndez &#8211; Tierra Linda, piso 8, son 60 metros distribuidos en sala, comedor, balc\u00f3n con excelente vista sin vecinos, muy iluminado, ventilado, fresco, cocina abierta americana, excelentes espacios de almacenaje, zona de oficios, ba\u00f1o de habitaciones, estar de televisi\u00f3n, dos habitaciones, la principal con ba\u00f1o y Vestier, cuenta con ascensor, el conjunto cuenta con piscina, sal\u00f3n social, juegos para ni\u00f1os, zona bbq, parqueadero comun, parqueadero para visitantes, un excelente lugar para vivir, separa tu cita ya<\/p>\n","protected":false},"excerpt":{"rendered":"Alquiler de hermoso apartamento para estrenar en el conjunto residencial...","protected":false},"author":2014,"featured_media":424854,"template":"","es_locations":[179,418,3744],"es_categories":[124],"es_types":[114],"es_rent_periods":[],"es_labels":[],"es_statuses":[],"es_parkings":[],"es_roofs":[],"es_exterior_materials":[],"es_basements":[],"es_floor_coverings":[],"es_features":[],"es_amenities":[],"es_neighborhoods":[],"es_tags":[],"class_list":["post-424852","properties","type-properties","status-publish","has-post-thumbnail","hentry","es_location-cali","es_location-colombia","es_location-valle-del-cauca","es_category-arriendo","es_type-apartamentos","es-post-entity"],"_links":{"self":[{"href":"https:\/\/arriendo.com\/co\/wp-json\/wp\/v2\/properties\/424852","targetHints":{"allow":["GET"]}}],"collection":[{"href":"https:\/\/arriendo.com\/co\/wp-json\/wp\/v2\/properties"}],"about":[{"href":"https:\/\/arriendo.com\/co\/wp-json\/wp\/v2\/types\/properties"}],"author":[{"embeddable":true,"href":"https:\/\/arriendo.com\/co\/wp-json\/wp\/v2\/users\/2014"}],"version-history":[{"count":1,"href":"https:\/\/arriendo.com\/co\/wp-json\/wp\/v2\/properties\/424852\/revisions"}],"predecessor-version":[{"id":424853,"href":"https:\/\/arriendo.com\/co\/wp-json\/wp\/v2\/properties\/424852\/revisions\/424853"}],"wp:featuredmedia":[{"embeddable":true,"href":"https:\/\/arriendo.com\/co\/wp-json\/wp\/v2\/media\/424854"}],"wp:attachment":[{"href":"https:\/\/arriendo.com\/co\/wp-json\/wp\/v2\/media?parent=424852"}],"wp:term":[{"taxonomy":"es_location","embeddable":true,"href":"https:\/\/arriendo.com\/co\/wp-json\/wp\/v2\/es_locations?post=424852"},{"taxonomy":"es_category","embeddable":true,"href":"https:\/\/arriendo.com\/co\/wp-json\/wp\/v2\/es_categories?post=424852"},{"taxonomy":"es_type","embeddable":true,"href":"https:\/\/arriendo.com\/co\/wp-json\/wp\/v2\/es_types?post=424852"},{"taxonomy":"es_rent_period","embeddable":true,"href":"https:\/\/arriendo.com\/co\/wp-json\/wp\/v2\/es_rent_periods?post=424852"},{"taxonomy":"es_label","embeddable":true,"href":"https:\/\/arriendo.com\/co\/wp-json\/wp\/v2\/es_labels?post=424852"},{"taxonomy":"es_status","embeddable":true,"href":"https:\/\/arriendo.com\/co\/wp-json\/wp\/v2\/es_statuses?post=424852"},{"taxonomy":"es_parking","embeddable":true,"href":"https:\/\/arriendo.com\/co\/wp-json\/wp\/v2\/es_parkings?post=424852"},{"taxonomy":"es_roof","embeddable":true,"href":"https:\/\/arriendo.com\/co\/wp-json\/wp\/v2\/es_roofs?post=424852"},{"taxonomy":"es_exterior_material","embeddable":true,"href":"https:\/\/arriendo.com\/co\/wp-json\/wp\/v2\/es_exterior_materials?post=424852"},{"taxonomy":"es_basement","embeddable":true,"href":"https:\/\/arriendo.com\/co\/wp-json\/wp\/v2\/es_basements?post=424852"},{"taxonomy":"es_floor_covering","embeddable":true,"href":"https:\/\/arriendo.com\/co\/wp-json\/wp\/v2\/es_floor_coverings?post=424852"},{"taxonomy":"es_feature","embeddable":true,"href":"https:\/\/arriendo.com\/co\/wp-json\/wp\/v2\/es_features?post=424852"},{"taxonomy":"es_amenity","embeddable":true,"href":"https:\/\/arriendo.com\/co\/wp-json\/wp\/v2\/es_amenities?post=424852"},{"taxonomy":"es_neighborhood","embeddable":true,"href":"https:\/\/arriendo.com\/co\/wp-json\/wp\/v2\/es_neighborhoods?post=424852"},{"taxonomy":"es_tag","embeddable":true,"href":"https:\/\/arriendo.com\/co\/wp-json\/wp\/v2\/es_tags?post=424852"}],"curies":[{"name":"wp","href":"https:\/\/api.w.org\/{rel}","templated":true}]}}