{"id":419620,"date":"2026-03-10T01:16:47","date_gmt":"2026-03-10T06:16:47","guid":{"rendered":"https:\/\/arriendo.com\/co\/%es_type%\/manizales\/alta-suiza\/\/"},"modified":"2026-03-10T01:16:47","modified_gmt":"2026-03-10T06:16:47","slug":"AR-419620","status":"publish","type":"properties","link":"https:\/\/arriendo.com\/co\/locales\/manizales\/alta-suiza\/AR-419620\/","title":{"rendered":"Arrienda Local Comercial Alta Suiza Manizales"},"content":{"rendered":"<p>C\u00f3digo. nueve ocho cuatro cinco cuatro siete siete . \u00a1Bienvenido! Te presentamos este incre\u00edble local para alquiler ubicado en una de las zonas m\u00e1s privilegiadas de Manizales, perfecto para emprendedores que buscan un lugar estrat\u00e9gico para su negocio. Con un \u00e1rea de terreno de 130 metros cuadrados, este local cuenta con amplias posibilidades para que puedas desarrollar tu idea de negocio de manera exitosa. En cuanto al \u00e1rea construida, tambi\u00e9n cuenta con 130 metros cuadrados de espacio para que puedas distribuirlo de acuerdo a tus necesidades y preferencias. Adem\u00e1s, la zona privada tambi\u00e9n comprende la misma medida, asegurando as\u00ed una total privacidad para ti y tus clientes. Este local cuenta con 1 alcoba, ideal para ser utilizada como espacio de oficina o dep\u00f3sito. Adem\u00e1s, dispone de 2 ba\u00f1os completos que garantizan comodidad y facilidad de acceso para tus clientes y colaboradores. En su interior, encontrar\u00e1s todas las comodidades necesarias para el correcto funcionamiento de tu negocio. El local cuenta con servicios de agua, ba\u00f1o auxiliar y electricidad, as\u00ed como tambi\u00e9n un pr\u00e1ctico extractor de aire. Adem\u00e1s, cuenta con gas domiciliario y lavaplatos para tu mayor comodidad. Su suelo de cer\u00e1mica\/m\u00e1rmol le da un toque elegante y moderno. En cuanto a sus caracter\u00edsticas externas, este local es accesible para discapacitados y cuenta con un acceso pavimentado que facilita la entrada y salida de tus clientes. Adem\u00e1s, se encuentra en una zona cercana a jardines y colegios, lo que atraer\u00e1 la atenci\u00f3n de padres de familia en busca de servicios cercanos a sus hijos. Tambi\u00e9n se encuentra en una zona rodeada de restaurantes y tiendas, lo que garantiza una alta afluencia de personas. La presencia de colegios y universidades cercanas tambi\u00e9n es un punto a favor para tu negocio. Otros beneficios importantes son su ubicaci\u00f3n sobre una v\u00eda principal con alto tr\u00e1fico vehicular y el f\u00e1cil acceso al transporte p\u00fablico, lo que garantiza una mayor visibilidad y alcance de tu negocio. Por \u00faltimo, su zona tanto comercial como residencial te brinda una variedad de posibilidades para llegar a un mercado diverso y ampliar tus horizontes. En definitiva, este local ofrece una oportunidad \u00fanica para desarrollar tu negocio y marcar la diferencia en una zona privilegiada de Manizales. \u00a1No pierdas esta oportunidad y cont\u00e1ctanos para m\u00e1s informaci\u00f3n!<\/p>\n","protected":false},"excerpt":{"rendered":"C\u00f3digo. nueve ocho cuatro cinco cuatro siete siete . \u00a1Bienvenido!...","protected":false},"author":4125,"featured_media":419622,"template":"","es_locations":[84,418,340],"es_categories":[124],"es_types":[117],"es_rent_periods":[],"es_labels":[],"es_statuses":[],"es_parkings":[],"es_roofs":[],"es_exterior_materials":[],"es_basements":[],"es_floor_coverings":[],"es_features":[],"es_amenities":[],"es_neighborhoods":[],"es_tags":[],"class_list":["post-419620","properties","type-properties","status-publish","has-post-thumbnail","hentry","es_location-caldas","es_location-colombia","es_location-manizales","es_category-arriendo","es_type-locales","es-post-entity"],"_links":{"self":[{"href":"https:\/\/arriendo.com\/co\/wp-json\/wp\/v2\/properties\/419620","targetHints":{"allow":["GET"]}}],"collection":[{"href":"https:\/\/arriendo.com\/co\/wp-json\/wp\/v2\/properties"}],"about":[{"href":"https:\/\/arriendo.com\/co\/wp-json\/wp\/v2\/types\/properties"}],"author":[{"embeddable":true,"href":"https:\/\/arriendo.com\/co\/wp-json\/wp\/v2\/users\/4125"}],"version-history":[{"count":0,"href":"https:\/\/arriendo.com\/co\/wp-json\/wp\/v2\/properties\/419620\/revisions"}],"wp:featuredmedia":[{"embeddable":true,"href":"https:\/\/arriendo.com\/co\/wp-json\/wp\/v2\/media\/419622"}],"wp:attachment":[{"href":"https:\/\/arriendo.com\/co\/wp-json\/wp\/v2\/media?parent=419620"}],"wp:term":[{"taxonomy":"es_location","embeddable":true,"href":"https:\/\/arriendo.com\/co\/wp-json\/wp\/v2\/es_locations?post=419620"},{"taxonomy":"es_category","embeddable":true,"href":"https:\/\/arriendo.com\/co\/wp-json\/wp\/v2\/es_categories?post=419620"},{"taxonomy":"es_type","embeddable":true,"href":"https:\/\/arriendo.com\/co\/wp-json\/wp\/v2\/es_types?post=419620"},{"taxonomy":"es_rent_period","embeddable":true,"href":"https:\/\/arriendo.com\/co\/wp-json\/wp\/v2\/es_rent_periods?post=419620"},{"taxonomy":"es_label","embeddable":true,"href":"https:\/\/arriendo.com\/co\/wp-json\/wp\/v2\/es_labels?post=419620"},{"taxonomy":"es_status","embeddable":true,"href":"https:\/\/arriendo.com\/co\/wp-json\/wp\/v2\/es_statuses?post=419620"},{"taxonomy":"es_parking","embeddable":true,"href":"https:\/\/arriendo.com\/co\/wp-json\/wp\/v2\/es_parkings?post=419620"},{"taxonomy":"es_roof","embeddable":true,"href":"https:\/\/arriendo.com\/co\/wp-json\/wp\/v2\/es_roofs?post=419620"},{"taxonomy":"es_exterior_material","embeddable":true,"href":"https:\/\/arriendo.com\/co\/wp-json\/wp\/v2\/es_exterior_materials?post=419620"},{"taxonomy":"es_basement","embeddable":true,"href":"https:\/\/arriendo.com\/co\/wp-json\/wp\/v2\/es_basements?post=419620"},{"taxonomy":"es_floor_covering","embeddable":true,"href":"https:\/\/arriendo.com\/co\/wp-json\/wp\/v2\/es_floor_coverings?post=419620"},{"taxonomy":"es_feature","embeddable":true,"href":"https:\/\/arriendo.com\/co\/wp-json\/wp\/v2\/es_features?post=419620"},{"taxonomy":"es_amenity","embeddable":true,"href":"https:\/\/arriendo.com\/co\/wp-json\/wp\/v2\/es_amenities?post=419620"},{"taxonomy":"es_neighborhood","embeddable":true,"href":"https:\/\/arriendo.com\/co\/wp-json\/wp\/v2\/es_neighborhoods?post=419620"},{"taxonomy":"es_tag","embeddable":true,"href":"https:\/\/arriendo.com\/co\/wp-json\/wp\/v2\/es_tags?post=419620"}],"curies":[{"name":"wp","href":"https:\/\/api.w.org\/{rel}","templated":true}]}}