{"id":391916,"date":"2026-02-24T08:36:48","date_gmt":"2026-02-24T13:36:48","guid":{"rendered":"https:\/\/arriendo.com\/co\/%es_type%\/%address_city%\/%neighborhood%\/jamundi-juan-de-ampudia-oficina-en-arriendo-en-0717df\/"},"modified":"2026-02-24T08:36:48","modified_gmt":"2026-02-24T13:36:48","slug":"AR-391916","status":"publish","type":"properties","link":"https:\/\/arriendo.com\/co\/oficinas\/jamundi\/juan-de-ampudia\/AR-391916\/","title":{"rendered":"Oficina en Arriendo en Juan de ampudia, Jamund\u00ed"},"content":{"rendered":"<p>SE ALQUILA OFICINA EN  EL  CENTRO  DE  JAMUNDI, Consta de sal\u00f3n, con su  respetivo ba\u00f1o. excelente ubicaci\u00f3n, queda en  el  segundo piso,  hay varias oficinas con su  respectivo ba\u00f1o., para consultorio de abogados, asesor\u00edas jur\u00eddicas, psic\u00f3logos. etc, viene  con servicios  incluidos. f\u00e1cil transporte.<\/p>\n","protected":false},"excerpt":{"rendered":"SE ALQUILA OFICINA EN EL CENTRO DE JAMUNDI, Consta de...","protected":false},"author":7800,"featured_media":391919,"template":"","es_locations":[3229],"es_categories":[124],"es_types":[116],"es_rent_periods":[],"es_labels":[],"es_statuses":[],"es_parkings":[],"es_roofs":[],"es_exterior_materials":[],"es_basements":[],"es_floor_coverings":[],"es_features":[2135],"es_amenities":[2142],"es_neighborhoods":[],"es_tags":[],"class_list":["post-391916","properties","type-properties","status-publish","has-post-thumbnail","hentry","es_location-juan-de-ampudia","es_category-arriendo","es_type-oficinas","es_feature-sobre-via-principal","es_amenity-sobre-via-principal","es-post-entity"],"_links":{"self":[{"href":"https:\/\/arriendo.com\/co\/wp-json\/wp\/v2\/properties\/391916","targetHints":{"allow":["GET"]}}],"collection":[{"href":"https:\/\/arriendo.com\/co\/wp-json\/wp\/v2\/properties"}],"about":[{"href":"https:\/\/arriendo.com\/co\/wp-json\/wp\/v2\/types\/properties"}],"author":[{"embeddable":true,"href":"https:\/\/arriendo.com\/co\/wp-json\/wp\/v2\/users\/7800"}],"version-history":[{"count":0,"href":"https:\/\/arriendo.com\/co\/wp-json\/wp\/v2\/properties\/391916\/revisions"}],"wp:featuredmedia":[{"embeddable":true,"href":"https:\/\/arriendo.com\/co\/wp-json\/wp\/v2\/media\/391919"}],"wp:attachment":[{"href":"https:\/\/arriendo.com\/co\/wp-json\/wp\/v2\/media?parent=391916"}],"wp:term":[{"taxonomy":"es_location","embeddable":true,"href":"https:\/\/arriendo.com\/co\/wp-json\/wp\/v2\/es_locations?post=391916"},{"taxonomy":"es_category","embeddable":true,"href":"https:\/\/arriendo.com\/co\/wp-json\/wp\/v2\/es_categories?post=391916"},{"taxonomy":"es_type","embeddable":true,"href":"https:\/\/arriendo.com\/co\/wp-json\/wp\/v2\/es_types?post=391916"},{"taxonomy":"es_rent_period","embeddable":true,"href":"https:\/\/arriendo.com\/co\/wp-json\/wp\/v2\/es_rent_periods?post=391916"},{"taxonomy":"es_label","embeddable":true,"href":"https:\/\/arriendo.com\/co\/wp-json\/wp\/v2\/es_labels?post=391916"},{"taxonomy":"es_status","embeddable":true,"href":"https:\/\/arriendo.com\/co\/wp-json\/wp\/v2\/es_statuses?post=391916"},{"taxonomy":"es_parking","embeddable":true,"href":"https:\/\/arriendo.com\/co\/wp-json\/wp\/v2\/es_parkings?post=391916"},{"taxonomy":"es_roof","embeddable":true,"href":"https:\/\/arriendo.com\/co\/wp-json\/wp\/v2\/es_roofs?post=391916"},{"taxonomy":"es_exterior_material","embeddable":true,"href":"https:\/\/arriendo.com\/co\/wp-json\/wp\/v2\/es_exterior_materials?post=391916"},{"taxonomy":"es_basement","embeddable":true,"href":"https:\/\/arriendo.com\/co\/wp-json\/wp\/v2\/es_basements?post=391916"},{"taxonomy":"es_floor_covering","embeddable":true,"href":"https:\/\/arriendo.com\/co\/wp-json\/wp\/v2\/es_floor_coverings?post=391916"},{"taxonomy":"es_feature","embeddable":true,"href":"https:\/\/arriendo.com\/co\/wp-json\/wp\/v2\/es_features?post=391916"},{"taxonomy":"es_amenity","embeddable":true,"href":"https:\/\/arriendo.com\/co\/wp-json\/wp\/v2\/es_amenities?post=391916"},{"taxonomy":"es_neighborhood","embeddable":true,"href":"https:\/\/arriendo.com\/co\/wp-json\/wp\/v2\/es_neighborhoods?post=391916"},{"taxonomy":"es_tag","embeddable":true,"href":"https:\/\/arriendo.com\/co\/wp-json\/wp\/v2\/es_tags?post=391916"}],"curies":[{"name":"wp","href":"https:\/\/api.w.org\/{rel}","templated":true}]}}