{"id":365242,"date":"2026-02-23T09:36:31","date_gmt":"2026-02-23T14:36:31","guid":{"rendered":"https:\/\/arriendo.com\/co\/%es_type%\/%address_city%\/%neighborhood%\/santa-marta-villa-olimpica-simon-bolivar-oficina-en-arriendo-en-f5b6d8\/"},"modified":"2026-02-23T09:36:31","modified_gmt":"2026-02-23T14:36:31","slug":"AR-365242","status":"publish","type":"properties","link":"https:\/\/arriendo.com\/co\/oficinas\/santa-marta\/villa-olimpica-simon-bolivar\/AR-365242\/","title":{"rendered":"Oficina en Arriendo en Villa olimpica simon bolivar, Santa marta"},"content":{"rendered":"<p>Se arrienda consultorio m\u00e9dico de 39 m\u00b2 ubicado en prestigioso edificio de servicios m\u00e9dicos sobre la calle comercial 22. El espacio cuenta con una distribuci\u00f3n pr\u00e1ctica que incluye dos puertas de ingreso que brindan flexibilidad y comodidad, sala de espera c\u00f3moda y bien iluminada para recepci\u00f3n de pacientes, consultorio privado adecuado para consultas m\u00e9dicas y atenci\u00f3n profesional, y ba\u00f1o completo sin ducha ideal para uso m\u00e9dico. La propiedad dispone de cit\u00f3fono instalado que requiere reparaci\u00f3n. Excelente ubicaci\u00f3n comercial en zona de alto tr\u00e1fico con f\u00e1cil acceso para pacientes, en edificio especializado y dedicado espec\u00edficamente a servicios de salud con entorno profesional m\u00e9dico establecido. Ideal para consultorios m\u00e9dicos generales, especialistas, profesionales de la salud y servicios de atenci\u00f3n ambulatoria.<\/p>\n","protected":false},"excerpt":{"rendered":"Se arrienda consultorio m\u00e9dico de 39 m\u00b2 ubicado en prestigioso...","protected":false},"author":6267,"featured_media":365245,"template":"","es_locations":[96,234,3636],"es_categories":[124],"es_types":[116],"es_rent_periods":[],"es_labels":[],"es_statuses":[],"es_parkings":[],"es_roofs":[],"es_exterior_materials":[],"es_basements":[],"es_floor_coverings":[],"es_features":[2224,2131,2132,2272,2133,2135,2136,2137,2152],"es_amenities":[2247,2139,2140,2273,158,2142,2143,2144,2162],"es_neighborhoods":[],"es_tags":[],"class_list":["post-365242","properties","type-properties","status-publish","has-post-thumbnail","hentry","es_location-magdalena","es_location-santa-marta","es_location-villa-olimpica-simon-bolivar","es_category-arriendo","es_type-oficinas","es_feature-cableado-de-red","es_feature-circuito-cerrado-de-tv","es_feature-parques-cercanos","es_feature-piso-en-baldosa-marmol","es_feature-porteria-recepcion","es_feature-sobre-via-principal","es_feature-trans-publico-cercano","es_feature-zona-comercial","es_feature-zona-residencial","es_amenity-cableado-de-red","es_amenity-circuito-cerrado-de-tv","es_amenity-parques-cercanos","es_amenity-piso-en-baldosa-marmol","es_amenity-porteria-recepcion","es_amenity-sobre-via-principal","es_amenity-trans-publico-cercano","es_amenity-zona-comercial","es_amenity-zona-residencial","es-post-entity"],"_links":{"self":[{"href":"https:\/\/arriendo.com\/co\/wp-json\/wp\/v2\/properties\/365242","targetHints":{"allow":["GET"]}}],"collection":[{"href":"https:\/\/arriendo.com\/co\/wp-json\/wp\/v2\/properties"}],"about":[{"href":"https:\/\/arriendo.com\/co\/wp-json\/wp\/v2\/types\/properties"}],"author":[{"embeddable":true,"href":"https:\/\/arriendo.com\/co\/wp-json\/wp\/v2\/users\/6267"}],"version-history":[{"count":0,"href":"https:\/\/arriendo.com\/co\/wp-json\/wp\/v2\/properties\/365242\/revisions"}],"wp:featuredmedia":[{"embeddable":true,"href":"https:\/\/arriendo.com\/co\/wp-json\/wp\/v2\/media\/365245"}],"wp:attachment":[{"href":"https:\/\/arriendo.com\/co\/wp-json\/wp\/v2\/media?parent=365242"}],"wp:term":[{"taxonomy":"es_location","embeddable":true,"href":"https:\/\/arriendo.com\/co\/wp-json\/wp\/v2\/es_locations?post=365242"},{"taxonomy":"es_category","embeddable":true,"href":"https:\/\/arriendo.com\/co\/wp-json\/wp\/v2\/es_categories?post=365242"},{"taxonomy":"es_type","embeddable":true,"href":"https:\/\/arriendo.com\/co\/wp-json\/wp\/v2\/es_types?post=365242"},{"taxonomy":"es_rent_period","embeddable":true,"href":"https:\/\/arriendo.com\/co\/wp-json\/wp\/v2\/es_rent_periods?post=365242"},{"taxonomy":"es_label","embeddable":true,"href":"https:\/\/arriendo.com\/co\/wp-json\/wp\/v2\/es_labels?post=365242"},{"taxonomy":"es_status","embeddable":true,"href":"https:\/\/arriendo.com\/co\/wp-json\/wp\/v2\/es_statuses?post=365242"},{"taxonomy":"es_parking","embeddable":true,"href":"https:\/\/arriendo.com\/co\/wp-json\/wp\/v2\/es_parkings?post=365242"},{"taxonomy":"es_roof","embeddable":true,"href":"https:\/\/arriendo.com\/co\/wp-json\/wp\/v2\/es_roofs?post=365242"},{"taxonomy":"es_exterior_material","embeddable":true,"href":"https:\/\/arriendo.com\/co\/wp-json\/wp\/v2\/es_exterior_materials?post=365242"},{"taxonomy":"es_basement","embeddable":true,"href":"https:\/\/arriendo.com\/co\/wp-json\/wp\/v2\/es_basements?post=365242"},{"taxonomy":"es_floor_covering","embeddable":true,"href":"https:\/\/arriendo.com\/co\/wp-json\/wp\/v2\/es_floor_coverings?post=365242"},{"taxonomy":"es_feature","embeddable":true,"href":"https:\/\/arriendo.com\/co\/wp-json\/wp\/v2\/es_features?post=365242"},{"taxonomy":"es_amenity","embeddable":true,"href":"https:\/\/arriendo.com\/co\/wp-json\/wp\/v2\/es_amenities?post=365242"},{"taxonomy":"es_neighborhood","embeddable":true,"href":"https:\/\/arriendo.com\/co\/wp-json\/wp\/v2\/es_neighborhoods?post=365242"},{"taxonomy":"es_tag","embeddable":true,"href":"https:\/\/arriendo.com\/co\/wp-json\/wp\/v2\/es_tags?post=365242"}],"curies":[{"name":"wp","href":"https:\/\/api.w.org\/{rel}","templated":true}]}}