{"id":364802,"date":"2026-02-23T09:29:30","date_gmt":"2026-02-23T14:29:30","guid":{"rendered":"https:\/\/arriendo.com\/co\/%es_type%\/%address_city%\/%neighborhood%\/envigado-las-palmas-apartamento-en-arriendo-en-a37acf\/"},"modified":"2026-02-23T09:29:30","modified_gmt":"2026-02-23T14:29:30","slug":"AR-364802","status":"publish","type":"properties","link":"https:\/\/arriendo.com\/co\/apartamentos\/envigado\/las-palmas\/AR-364802\/","title":{"rendered":"Apartamento en Arriendo en Las Palmas, Envigado"},"content":{"rendered":"<p>Disfruta del confort y la elegancia en este espectacular apartamento amoblado de 121 m2. Cuenta con 2 habitaciones, cada una con ba\u00f1o privado y vestier, adem\u00e1s de un ba\u00f1o social. La cocina es abierta, moderna y funcional, integrada a una acogedora zona de sala-comedor. Tambi\u00e9n incluye una sala de TV independiente, ideal para el entretenimiento o el descanso. Uno de sus grandes atractivos es el balc\u00f3n con una hermosa vista hacia Las Palmas, equipado con chimenea, perfecto para compartir momentos especiales en buena compa\u00f1\u00eda. Dispone de 2 parqueaderos paralelos y cuarto \u00fatil. Ubicado en una unidad residencial de alto nivel que ofrece una excelente zona com\u00fan piscina climatizada con dos jacuzzis, ba\u00f1o turco, sal\u00f3n de masajes, gimnasio completamente dotado, guarder\u00eda, cancha de squash, zona BBQ, zona para mascotas y dos salones sociales ideales para eventos y reuniones. Ubicaci\u00f3n estrat\u00e9gica a tan solo 20 minutos de Medell\u00edn y del Aeropuerto Internacional Jos\u00e9 Mar\u00eda C\u00f3rdova. 1375-25<\/p>\n","protected":false},"excerpt":{"rendered":"Disfruta del confort y la elegancia en este espectacular apartamento...","protected":false},"author":7210,"featured_media":364805,"template":"","es_locations":[79,511,532],"es_categories":[124],"es_types":[114],"es_rent_periods":[],"es_labels":[],"es_statuses":[],"es_parkings":[],"es_roofs":[],"es_exterior_materials":[],"es_basements":[],"es_floor_coverings":[],"es_features":[2262,132,2212,2130,2263,2200,2293,2233,134,2166,2146,2213,2234,151,2225,2281,2196,2201,2176,2178,2179,2132,2180,2272,2418,2133,2181,2167,2150,2136,2241,2242,144,2204],"es_amenities":[2267,2186,2217,2138,2269,2205,2295,2248,2313,2189,2155,2218,2249,2270,2250,2285,2197,2206,2191,2193,154,2140,157,2273,2419,158,2194,2171,2161,2143,2259,2260,2289,2209],"es_neighborhoods":[],"es_tags":[],"class_list":["post-364802","properties","type-properties","status-publish","has-post-thumbnail","hentry","es_location-antioquia","es_location-envigado","es_location-las-palmas","es_category-arriendo","es_type-apartamentos","es_feature-amoblado","es_feature-balcon","es_feature-bano-auxiliar","es_feature-banos-comunales","es_feature-barra-estilo-americano","es_feature-cerca-a-sector-comercial","es_feature-cerca-centro-comercial","es_feature-cerca-de-zona-urbana","es_feature-chimenea","es_feature-closet","es_feature-cocina-integral","es_feature-comedor","es_feature-comodas-vias-de-acceso","es_feature-deposito-bodega","es_feature-despensa","es_feature-disponibilidad-wifi","es_feature-en-conjunto-cerrado","es_feature-en-zona-comercial","es_feature-en-zona-residencial","es_feature-garaje-cubierto","es_feature-gimnasio","es_feature-parques-cercanos","es_feature-piscina","es_feature-piso-en-baldosa-marmol","es_feature-piso-en-madera","es_feature-porteria-recepcion","es_feature-porteria-vigilancia","es_feature-sauna-turco-jacuzzi","es_feature-supermercados-c-comerciales","es_feature-trans-publico-cercano","es_feature-vigilancia-24x7","es_feature-vigilancia-privada-247","es_feature-vista-panoramica","es_feature-zonas-verdes","es_amenity-amoblado","es_amenity-balcon","es_amenity-bano-auxiliar","es_amenity-banos-comunales","es_amenity-barra-estilo-americano","es_amenity-cerca-a-sector-comercial","es_amenity-cerca-centro-comercial","es_amenity-cerca-de-zona-urbana","es_amenity-chimenea","es_amenity-closet","es_amenity-cocina-integral","es_amenity-comedor","es_amenity-comodas-vias-de-acceso","es_amenity-deposito-bodega","es_amenity-despensa","es_amenity-disponibilidad-wifi","es_amenity-en-conjunto-cerrado","es_amenity-en-zona-comercial","es_amenity-en-zona-residencial","es_amenity-garaje-cubierto","es_amenity-gimnasio","es_amenity-parques-cercanos","es_amenity-piscina","es_amenity-piso-en-baldosa-marmol","es_amenity-piso-en-madera","es_amenity-porteria-recepcion","es_amenity-porteria-vigilancia","es_amenity-sauna-turco-jacuzzi","es_amenity-supermercados-c-comerciales","es_amenity-trans-publico-cercano","es_amenity-vigilancia-24x7","es_amenity-vigilancia-privada-247","es_amenity-vista-panoramica","es_amenity-zonas-verdes","es-post-entity"],"_links":{"self":[{"href":"https:\/\/arriendo.com\/co\/wp-json\/wp\/v2\/properties\/364802","targetHints":{"allow":["GET"]}}],"collection":[{"href":"https:\/\/arriendo.com\/co\/wp-json\/wp\/v2\/properties"}],"about":[{"href":"https:\/\/arriendo.com\/co\/wp-json\/wp\/v2\/types\/properties"}],"author":[{"embeddable":true,"href":"https:\/\/arriendo.com\/co\/wp-json\/wp\/v2\/users\/7210"}],"version-history":[{"count":0,"href":"https:\/\/arriendo.com\/co\/wp-json\/wp\/v2\/properties\/364802\/revisions"}],"wp:featuredmedia":[{"embeddable":true,"href":"https:\/\/arriendo.com\/co\/wp-json\/wp\/v2\/media\/364805"}],"wp:attachment":[{"href":"https:\/\/arriendo.com\/co\/wp-json\/wp\/v2\/media?parent=364802"}],"wp:term":[{"taxonomy":"es_location","embeddable":true,"href":"https:\/\/arriendo.com\/co\/wp-json\/wp\/v2\/es_locations?post=364802"},{"taxonomy":"es_category","embeddable":true,"href":"https:\/\/arriendo.com\/co\/wp-json\/wp\/v2\/es_categories?post=364802"},{"taxonomy":"es_type","embeddable":true,"href":"https:\/\/arriendo.com\/co\/wp-json\/wp\/v2\/es_types?post=364802"},{"taxonomy":"es_rent_period","embeddable":true,"href":"https:\/\/arriendo.com\/co\/wp-json\/wp\/v2\/es_rent_periods?post=364802"},{"taxonomy":"es_label","embeddable":true,"href":"https:\/\/arriendo.com\/co\/wp-json\/wp\/v2\/es_labels?post=364802"},{"taxonomy":"es_status","embeddable":true,"href":"https:\/\/arriendo.com\/co\/wp-json\/wp\/v2\/es_statuses?post=364802"},{"taxonomy":"es_parking","embeddable":true,"href":"https:\/\/arriendo.com\/co\/wp-json\/wp\/v2\/es_parkings?post=364802"},{"taxonomy":"es_roof","embeddable":true,"href":"https:\/\/arriendo.com\/co\/wp-json\/wp\/v2\/es_roofs?post=364802"},{"taxonomy":"es_exterior_material","embeddable":true,"href":"https:\/\/arriendo.com\/co\/wp-json\/wp\/v2\/es_exterior_materials?post=364802"},{"taxonomy":"es_basement","embeddable":true,"href":"https:\/\/arriendo.com\/co\/wp-json\/wp\/v2\/es_basements?post=364802"},{"taxonomy":"es_floor_covering","embeddable":true,"href":"https:\/\/arriendo.com\/co\/wp-json\/wp\/v2\/es_floor_coverings?post=364802"},{"taxonomy":"es_feature","embeddable":true,"href":"https:\/\/arriendo.com\/co\/wp-json\/wp\/v2\/es_features?post=364802"},{"taxonomy":"es_amenity","embeddable":true,"href":"https:\/\/arriendo.com\/co\/wp-json\/wp\/v2\/es_amenities?post=364802"},{"taxonomy":"es_neighborhood","embeddable":true,"href":"https:\/\/arriendo.com\/co\/wp-json\/wp\/v2\/es_neighborhoods?post=364802"},{"taxonomy":"es_tag","embeddable":true,"href":"https:\/\/arriendo.com\/co\/wp-json\/wp\/v2\/es_tags?post=364802"}],"curies":[{"name":"wp","href":"https:\/\/api.w.org\/{rel}","templated":true}]}}