{"id":361674,"date":"2026-02-23T08:32:03","date_gmt":"2026-02-23T13:32:03","guid":{"rendered":"https:\/\/arriendo.com\/co\/%es_type%\/%address_city%\/%neighborhood%\/pasto-altos-de-la-colina-casa-en-arriendo-en-32ab59\/"},"modified":"2026-02-23T08:32:03","modified_gmt":"2026-02-23T13:32:03","slug":"AR-361674","status":"publish","type":"properties","link":"https:\/\/arriendo.com\/co\/casas\/pasto\/altos-de-la-colina\/AR-361674\/","title":{"rendered":"Casa en Arriendo en Altos de la colina, Pasto"},"content":{"rendered":"<p>Amplia casa de tres niveles ubicada en el barrio San Juan de Dios, ideal para familias que buscan comodidad y espacios generosos. sala comedor y una sala auxiliar, parqueadero privado y cocina integral. En el segundo piso consta de tres habitaciones todas con cl\u00f3set en madera, la habitaci\u00f3n principal con ba\u00f1o privado, un estudio.   En el tercer piso dispone de habitaci\u00f3n de servicio con ba\u00f1o privado, terraza cubierta y terraza al aire libre y zona de lavado. 1201-1589<\/p>\n","protected":false},"excerpt":{"rendered":"Amplia casa de tres niveles ubicada en el barrio San...","protected":false},"author":1789,"featured_media":361677,"template":"","es_locations":[364,98,362],"es_categories":[124],"es_types":[115],"es_rent_periods":[],"es_labels":[],"es_statuses":[],"es_parkings":[],"es_roofs":[],"es_exterior_materials":[],"es_basements":[],"es_floor_coverings":[],"es_features":[2230,2229,2212,2223,2275,2224,2200,134,2166,2146,2148,2213,2272,2283,2238,2150,2240,2228],"es_amenities":[2243,2261,2217,2245,2277,2247,2205,2313,2189,2155,2157,2218,2273,2288,2254,2161,2257,2258],"es_neighborhoods":[],"es_tags":[],"class_list":["post-361674","properties","type-properties","status-publish","has-post-thumbnail","hentry","es_location-altos-de-la-colina","es_location-narino","es_location-pasto","es_category-arriendo","es_type-casas","es_feature-alcantarillado","es_feature-arboles-frutales","es_feature-bano-auxiliar","es_feature-bano-compartido","es_feature-bombas-de-gasolina","es_feature-cableado-de-red","es_feature-cerca-a-sector-comercial","es_feature-chimenea","es_feature-closet","es_feature-cocina-integral","es_feature-colegios-universidades","es_feature-comedor","es_feature-piso-en-baldosa-marmol","es_feature-servicio-de-internet","es_feature-servicios-independientes","es_feature-supermercados-c-comerciales","es_feature-todos-los-servicios","es_feature-ventilacion-natural","es_amenity-alcantarillado","es_amenity-arboles-frutales","es_amenity-bano-auxiliar","es_amenity-bano-compartido","es_amenity-bombas-de-gasolina","es_amenity-cableado-de-red","es_amenity-cerca-a-sector-comercial","es_amenity-chimenea","es_amenity-closet","es_amenity-cocina-integral","es_amenity-colegios-universidades","es_amenity-comedor","es_amenity-piso-en-baldosa-marmol","es_amenity-servicio-de-internet","es_amenity-servicios-independientes","es_amenity-supermercados-c-comerciales","es_amenity-todos-los-servicios","es_amenity-ventilacion-natural","es-post-entity"],"_links":{"self":[{"href":"https:\/\/arriendo.com\/co\/wp-json\/wp\/v2\/properties\/361674","targetHints":{"allow":["GET"]}}],"collection":[{"href":"https:\/\/arriendo.com\/co\/wp-json\/wp\/v2\/properties"}],"about":[{"href":"https:\/\/arriendo.com\/co\/wp-json\/wp\/v2\/types\/properties"}],"author":[{"embeddable":true,"href":"https:\/\/arriendo.com\/co\/wp-json\/wp\/v2\/users\/1789"}],"version-history":[{"count":0,"href":"https:\/\/arriendo.com\/co\/wp-json\/wp\/v2\/properties\/361674\/revisions"}],"wp:featuredmedia":[{"embeddable":true,"href":"https:\/\/arriendo.com\/co\/wp-json\/wp\/v2\/media\/361677"}],"wp:attachment":[{"href":"https:\/\/arriendo.com\/co\/wp-json\/wp\/v2\/media?parent=361674"}],"wp:term":[{"taxonomy":"es_location","embeddable":true,"href":"https:\/\/arriendo.com\/co\/wp-json\/wp\/v2\/es_locations?post=361674"},{"taxonomy":"es_category","embeddable":true,"href":"https:\/\/arriendo.com\/co\/wp-json\/wp\/v2\/es_categories?post=361674"},{"taxonomy":"es_type","embeddable":true,"href":"https:\/\/arriendo.com\/co\/wp-json\/wp\/v2\/es_types?post=361674"},{"taxonomy":"es_rent_period","embeddable":true,"href":"https:\/\/arriendo.com\/co\/wp-json\/wp\/v2\/es_rent_periods?post=361674"},{"taxonomy":"es_label","embeddable":true,"href":"https:\/\/arriendo.com\/co\/wp-json\/wp\/v2\/es_labels?post=361674"},{"taxonomy":"es_status","embeddable":true,"href":"https:\/\/arriendo.com\/co\/wp-json\/wp\/v2\/es_statuses?post=361674"},{"taxonomy":"es_parking","embeddable":true,"href":"https:\/\/arriendo.com\/co\/wp-json\/wp\/v2\/es_parkings?post=361674"},{"taxonomy":"es_roof","embeddable":true,"href":"https:\/\/arriendo.com\/co\/wp-json\/wp\/v2\/es_roofs?post=361674"},{"taxonomy":"es_exterior_material","embeddable":true,"href":"https:\/\/arriendo.com\/co\/wp-json\/wp\/v2\/es_exterior_materials?post=361674"},{"taxonomy":"es_basement","embeddable":true,"href":"https:\/\/arriendo.com\/co\/wp-json\/wp\/v2\/es_basements?post=361674"},{"taxonomy":"es_floor_covering","embeddable":true,"href":"https:\/\/arriendo.com\/co\/wp-json\/wp\/v2\/es_floor_coverings?post=361674"},{"taxonomy":"es_feature","embeddable":true,"href":"https:\/\/arriendo.com\/co\/wp-json\/wp\/v2\/es_features?post=361674"},{"taxonomy":"es_amenity","embeddable":true,"href":"https:\/\/arriendo.com\/co\/wp-json\/wp\/v2\/es_amenities?post=361674"},{"taxonomy":"es_neighborhood","embeddable":true,"href":"https:\/\/arriendo.com\/co\/wp-json\/wp\/v2\/es_neighborhoods?post=361674"},{"taxonomy":"es_tag","embeddable":true,"href":"https:\/\/arriendo.com\/co\/wp-json\/wp\/v2\/es_tags?post=361674"}],"curies":[{"name":"wp","href":"https:\/\/api.w.org\/{rel}","templated":true}]}}