{"id":353690,"date":"2026-02-20T15:47:32","date_gmt":"2026-02-20T20:47:32","guid":{"rendered":"https:\/\/arriendo.com\/co\/%es_type%\/%address_city%\/%neighborhood%\/rionegro-rionegro-apartamento-en-arriendo-4bc1c1\/"},"modified":"2026-02-20T15:47:32","modified_gmt":"2026-02-20T20:47:32","slug":"AR-353690","status":"publish","type":"properties","link":"https:\/\/arriendo.com\/co\/apartamentos\/rionegro\/rionegro\/AR-353690\/","title":{"rendered":"Apartamento en  Arriendo en Rionegro"},"content":{"rendered":"<p>LEO se alquila apartamento en rionegro antioquia en piso 3  por la via vieja que lleva amarinilla de 46 m2 de dos habitaciones dos ba\u00f1os sala comedor balcon cocina integral zona de oficios la unidad cuenta con todas las zonas sociales piscina para ni\u00f1os y para adultos salon social parque infantil parqueadero comunitario vigilancia las 24 horas  contarto a un a\u00f1o por inmobiliaria<\/p>\n","protected":false},"excerpt":{"rendered":"LEO se alquila apartamento en rionegro antioquia en piso 3...","protected":false},"author":6778,"featured_media":353693,"template":"","es_locations":[502],"es_categories":[124],"es_types":[114],"es_rent_periods":[],"es_labels":[],"es_statuses":[],"es_parkings":[],"es_roofs":[],"es_exterior_materials":[],"es_basements":[],"es_floor_coverings":[],"es_features":[2292,131,132,2212,2164,2211,2233,2131,133,2166,2146,2196,136,145,2216,2180,2272,2133,2181,2182,2135,2150,2136,144,2151,2185,2152,2204],"es_amenities":[2294,152,2186,2217,2187,2210,2248,2139,2154,2189,2155,2197,2158,2160,156,157,2273,158,159,2142,2161,2143,161,2289,162,2173,2162,2209],"es_neighborhoods":[],"es_tags":[],"class_list":["post-353690","properties","type-properties","status-publish","has-post-thumbnail","hentry","es_location-rionegro","es_category-arriendo","es_type-apartamentos","es_feature-acceso-pavimentado","es_feature-ascensor","es_feature-balcon","es_feature-bano-auxiliar","es_feature-bano-independiente","es_feature-canchas-deportivas","es_feature-cerca-de-zona-urbana","es_feature-circuito-cerrado-de-tv","es_feature-citofono","es_feature-closet","es_feature-cocina-integral","es_feature-en-conjunto-cerrado","es_feature-estudio","es_feature-instalacion-de-gas","es_feature-parqueadero-visitantes","es_feature-piscina","es_feature-piso-en-baldosa-marmol","es_feature-porteria-recepcion","es_feature-porteria-vigilancia","es_feature-salon-comunal","es_feature-sobre-via-principal","es_feature-supermercados-c-comerciales","es_feature-trans-publico-cercano","es_feature-vista-panoramica","es_feature-zona-de-lavanderia","es_feature-zona-infantil","es_feature-zona-residencial","es_feature-zonas-verdes","es_amenity-acceso-pavimentado","es_amenity-ascensor-privado","es_amenity-balcon","es_amenity-bano-auxiliar","es_amenity-bano-independiente","es_amenity-canchas-deportivas","es_amenity-cerca-de-zona-urbana","es_amenity-circuito-cerrado-de-tv","es_amenity-citofono","es_amenity-closet","es_amenity-cocina-integral","es_amenity-en-conjunto-cerrado","es_amenity-estudio","es_amenity-instalacion-de-gas","es_amenity-parqueadero-visitantes","es_amenity-piscina","es_amenity-piso-en-baldosa-marmol","es_amenity-porteria-recepcion","es_amenity-salon-comunal","es_amenity-sobre-via-principal","es_amenity-supermercados-c-comerciales","es_amenity-trans-publico-cercano","es_amenity-vigilancia-24-7","es_amenity-vista-panoramica","es_amenity-zona-de-lavanderia","es_amenity-zona-infantil","es_amenity-zona-residencial","es_amenity-zonas-verdes","es-post-entity"],"_links":{"self":[{"href":"https:\/\/arriendo.com\/co\/wp-json\/wp\/v2\/properties\/353690","targetHints":{"allow":["GET"]}}],"collection":[{"href":"https:\/\/arriendo.com\/co\/wp-json\/wp\/v2\/properties"}],"about":[{"href":"https:\/\/arriendo.com\/co\/wp-json\/wp\/v2\/types\/properties"}],"author":[{"embeddable":true,"href":"https:\/\/arriendo.com\/co\/wp-json\/wp\/v2\/users\/6778"}],"version-history":[{"count":0,"href":"https:\/\/arriendo.com\/co\/wp-json\/wp\/v2\/properties\/353690\/revisions"}],"wp:featuredmedia":[{"embeddable":true,"href":"https:\/\/arriendo.com\/co\/wp-json\/wp\/v2\/media\/353693"}],"wp:attachment":[{"href":"https:\/\/arriendo.com\/co\/wp-json\/wp\/v2\/media?parent=353690"}],"wp:term":[{"taxonomy":"es_location","embeddable":true,"href":"https:\/\/arriendo.com\/co\/wp-json\/wp\/v2\/es_locations?post=353690"},{"taxonomy":"es_category","embeddable":true,"href":"https:\/\/arriendo.com\/co\/wp-json\/wp\/v2\/es_categories?post=353690"},{"taxonomy":"es_type","embeddable":true,"href":"https:\/\/arriendo.com\/co\/wp-json\/wp\/v2\/es_types?post=353690"},{"taxonomy":"es_rent_period","embeddable":true,"href":"https:\/\/arriendo.com\/co\/wp-json\/wp\/v2\/es_rent_periods?post=353690"},{"taxonomy":"es_label","embeddable":true,"href":"https:\/\/arriendo.com\/co\/wp-json\/wp\/v2\/es_labels?post=353690"},{"taxonomy":"es_status","embeddable":true,"href":"https:\/\/arriendo.com\/co\/wp-json\/wp\/v2\/es_statuses?post=353690"},{"taxonomy":"es_parking","embeddable":true,"href":"https:\/\/arriendo.com\/co\/wp-json\/wp\/v2\/es_parkings?post=353690"},{"taxonomy":"es_roof","embeddable":true,"href":"https:\/\/arriendo.com\/co\/wp-json\/wp\/v2\/es_roofs?post=353690"},{"taxonomy":"es_exterior_material","embeddable":true,"href":"https:\/\/arriendo.com\/co\/wp-json\/wp\/v2\/es_exterior_materials?post=353690"},{"taxonomy":"es_basement","embeddable":true,"href":"https:\/\/arriendo.com\/co\/wp-json\/wp\/v2\/es_basements?post=353690"},{"taxonomy":"es_floor_covering","embeddable":true,"href":"https:\/\/arriendo.com\/co\/wp-json\/wp\/v2\/es_floor_coverings?post=353690"},{"taxonomy":"es_feature","embeddable":true,"href":"https:\/\/arriendo.com\/co\/wp-json\/wp\/v2\/es_features?post=353690"},{"taxonomy":"es_amenity","embeddable":true,"href":"https:\/\/arriendo.com\/co\/wp-json\/wp\/v2\/es_amenities?post=353690"},{"taxonomy":"es_neighborhood","embeddable":true,"href":"https:\/\/arriendo.com\/co\/wp-json\/wp\/v2\/es_neighborhoods?post=353690"},{"taxonomy":"es_tag","embeddable":true,"href":"https:\/\/arriendo.com\/co\/wp-json\/wp\/v2\/es_tags?post=353690"}],"curies":[{"name":"wp","href":"https:\/\/api.w.org\/{rel}","templated":true}]}}