{"id":353598,"date":"2026-02-20T15:45:53","date_gmt":"2026-02-20T20:45:53","guid":{"rendered":"https:\/\/arriendo.com\/co\/%es_type%\/%address_city%\/%neighborhood%\/itagui-itagui-apartamento-en-arriendo-en-1e5f18\/"},"modified":"2026-02-20T15:45:54","modified_gmt":"2026-02-20T20:45:54","slug":"AR-353598","status":"publish","type":"properties","link":"https:\/\/arriendo.com\/co\/apartamentos\/itagui\/itagui\/AR-353598\/","title":{"rendered":"Apartamento en Arriendo en Itagu\u00ed"},"content":{"rendered":"<p>Apartamento para estrenar  en arriendo Dos alcobas, dos ba\u00f1os, sala comedor, balc\u00f3n con vista panor\u00e1mica, cocina integral, zona de ropas, red de gas, parqueadero cubierto, cuarto \u00fatil.Porter\u00eda 24 horas, parqueadero de visitantes.Zonas Comunes:Juegos infantilesCoworkingTurcoPiscina climatizadaSal\u00f3n socialSal\u00f3n de juegosGimnasio dotadoSala de cineZona bbqSal\u00f3n de adolescentesMiradorZona de lecturaTerraza de meditaci\u00f3nGimnasio aire libreSocial KitchenSal\u00f3n de yogaSal\u00f3n de hobbiesPlazoletaCercano a:Acuaparque DitairesColiseo DitairesMall Suram\u00e9ricaMall Plaza 77Estadio MetropolitanoPlaza ArrayanesColegio Alem\u00e1n Deutsche ShuleEstaci\u00f3n Metro &#8211; La EstrellaEuroHospital Venancio D\u00edaz.<\/p>\n","protected":false},"excerpt":{"rendered":"Apartamento para estrenar en arriendo Dos alcobas, dos ba\u00f1os, sala...","protected":false},"author":6778,"featured_media":353601,"template":"","es_locations":[79,475],"es_categories":[124],"es_types":[114],"es_rent_periods":[],"es_labels":[],"es_statuses":[],"es_parkings":[],"es_roofs":[],"es_exterior_materials":[],"es_basements":[],"es_floor_coverings":[],"es_features":[131,132,2212,2145,2146,2196,2149,145,2216,2133,2181,2150,2136,2137,2152],"es_amenities":[152,2186,2217,2153,2155,2197,2159,2160,156,158,2161,2143,161,2144,2162],"es_neighborhoods":[],"es_tags":[],"class_list":["post-353598","properties","type-properties","status-publish","has-post-thumbnail","hentry","es_location-antioquia","es_location-itagui","es_category-arriendo","es_type-apartamentos","es_feature-ascensor","es_feature-balcon","es_feature-bano-auxiliar","es_feature-calentador","es_feature-cocina-integral","es_feature-en-conjunto-cerrado","es_feature-garajes","es_feature-instalacion-de-gas","es_feature-parqueadero-visitantes","es_feature-porteria-recepcion","es_feature-porteria-vigilancia","es_feature-supermercados-c-comerciales","es_feature-trans-publico-cercano","es_feature-zona-comercial","es_feature-zona-residencial","es_amenity-ascensor-privado","es_amenity-balcon","es_amenity-bano-auxiliar","es_amenity-calentador","es_amenity-cocina-integral","es_amenity-en-conjunto-cerrado","es_amenity-garajes","es_amenity-instalacion-de-gas","es_amenity-parqueadero-visitantes","es_amenity-porteria-recepcion","es_amenity-supermercados-c-comerciales","es_amenity-trans-publico-cercano","es_amenity-vigilancia-24-7","es_amenity-zona-comercial","es_amenity-zona-residencial","es-post-entity"],"_links":{"self":[{"href":"https:\/\/arriendo.com\/co\/wp-json\/wp\/v2\/properties\/353598","targetHints":{"allow":["GET"]}}],"collection":[{"href":"https:\/\/arriendo.com\/co\/wp-json\/wp\/v2\/properties"}],"about":[{"href":"https:\/\/arriendo.com\/co\/wp-json\/wp\/v2\/types\/properties"}],"author":[{"embeddable":true,"href":"https:\/\/arriendo.com\/co\/wp-json\/wp\/v2\/users\/6778"}],"version-history":[{"count":0,"href":"https:\/\/arriendo.com\/co\/wp-json\/wp\/v2\/properties\/353598\/revisions"}],"wp:featuredmedia":[{"embeddable":true,"href":"https:\/\/arriendo.com\/co\/wp-json\/wp\/v2\/media\/353601"}],"wp:attachment":[{"href":"https:\/\/arriendo.com\/co\/wp-json\/wp\/v2\/media?parent=353598"}],"wp:term":[{"taxonomy":"es_location","embeddable":true,"href":"https:\/\/arriendo.com\/co\/wp-json\/wp\/v2\/es_locations?post=353598"},{"taxonomy":"es_category","embeddable":true,"href":"https:\/\/arriendo.com\/co\/wp-json\/wp\/v2\/es_categories?post=353598"},{"taxonomy":"es_type","embeddable":true,"href":"https:\/\/arriendo.com\/co\/wp-json\/wp\/v2\/es_types?post=353598"},{"taxonomy":"es_rent_period","embeddable":true,"href":"https:\/\/arriendo.com\/co\/wp-json\/wp\/v2\/es_rent_periods?post=353598"},{"taxonomy":"es_label","embeddable":true,"href":"https:\/\/arriendo.com\/co\/wp-json\/wp\/v2\/es_labels?post=353598"},{"taxonomy":"es_status","embeddable":true,"href":"https:\/\/arriendo.com\/co\/wp-json\/wp\/v2\/es_statuses?post=353598"},{"taxonomy":"es_parking","embeddable":true,"href":"https:\/\/arriendo.com\/co\/wp-json\/wp\/v2\/es_parkings?post=353598"},{"taxonomy":"es_roof","embeddable":true,"href":"https:\/\/arriendo.com\/co\/wp-json\/wp\/v2\/es_roofs?post=353598"},{"taxonomy":"es_exterior_material","embeddable":true,"href":"https:\/\/arriendo.com\/co\/wp-json\/wp\/v2\/es_exterior_materials?post=353598"},{"taxonomy":"es_basement","embeddable":true,"href":"https:\/\/arriendo.com\/co\/wp-json\/wp\/v2\/es_basements?post=353598"},{"taxonomy":"es_floor_covering","embeddable":true,"href":"https:\/\/arriendo.com\/co\/wp-json\/wp\/v2\/es_floor_coverings?post=353598"},{"taxonomy":"es_feature","embeddable":true,"href":"https:\/\/arriendo.com\/co\/wp-json\/wp\/v2\/es_features?post=353598"},{"taxonomy":"es_amenity","embeddable":true,"href":"https:\/\/arriendo.com\/co\/wp-json\/wp\/v2\/es_amenities?post=353598"},{"taxonomy":"es_neighborhood","embeddable":true,"href":"https:\/\/arriendo.com\/co\/wp-json\/wp\/v2\/es_neighborhoods?post=353598"},{"taxonomy":"es_tag","embeddable":true,"href":"https:\/\/arriendo.com\/co\/wp-json\/wp\/v2\/es_tags?post=353598"}],"curies":[{"name":"wp","href":"https:\/\/api.w.org\/{rel}","templated":true}]}}