{"id":351390,"date":"2026-02-20T14:58:00","date_gmt":"2026-02-20T19:58:00","guid":{"rendered":"https:\/\/arriendo.com\/co\/%es_type%\/%address_city%\/%neighborhood%\/funza-la-florida-bodega-en-arriendo-8217a6\/"},"modified":"2026-02-20T14:58:00","modified_gmt":"2026-02-20T19:58:00","slug":"AR-351390","status":"publish","type":"properties","link":"https:\/\/arriendo.com\/co\/bodegas\/funza\/la-florida\/AR-351390\/","title":{"rendered":"Bodega en  Arriendo en La Florida, Funza"},"content":{"rendered":"<p>Excelente bodega en parque industrial, ubicada en la autopista Medell\u00edn, kil\u00f3metro 1.8, v\u00eda parcelas. Cuenta con un \u00e1rea construida de 300 metros cuadrados, con doble altura. La bodega tiene un \u00e1rea libre de 2.50 metros, m\u00e1s 50 metros cuadrados de mezzanine. El port\u00f3n tiene una altura de 4.80 metros y un ancho de 5 metros, lo que permite el acceso de tractomulas. La altura interna de la bodega es de 9 metros. Adem\u00e1s, dispone de suministro el\u00e9ctrico trif\u00e1sico de 75 kVA. La propiedad cuenta con un ba\u00f1o en la bodega y otro en el mezzanine. 213-6267<\/p>\n","protected":false},"excerpt":{"rendered":"Excelente bodega en parque industrial, ubicada en la autopista Medell\u00edn,...","protected":false},"author":7303,"featured_media":351393,"template":"","es_locations":[91,547,486],"es_categories":[124],"es_types":[121],"es_rent_periods":[],"es_labels":[],"es_statuses":[],"es_parkings":[],"es_roofs":[],"es_exterior_materials":[],"es_basements":[],"es_floor_coverings":[],"es_features":[2231,2223,2149,2356,2365,2181,2237,2134,2240,2241,2137,2300],"es_amenities":[2244,2245,2159,2361,2366,2194,160,2141,2257,2259,2144,2301],"es_neighborhoods":[],"es_tags":[],"class_list":["post-351390","properties","type-properties","status-publish","has-post-thumbnail","hentry","es_location-cundinamarca","es_location-funza","es_location-la-florida","es_category-arriendo","es_type-bodegas","es_feature-bahias-de-parqueo","es_feature-bano-compartido","es_feature-garajes","es_feature-parque-industrial","es_feature-planta-electrica","es_feature-porteria-vigilancia","es_feature-seguridad","es_feature-servicios-publicos","es_feature-todos-los-servicios","es_feature-vigilancia-24x7","es_feature-zona-comercial","es_feature-zona-industrial","es_amenity-bahias-de-parqueo","es_amenity-bano-compartido","es_amenity-garajes","es_amenity-parque-industrial","es_amenity-planta-electrica","es_amenity-porteria-vigilancia","es_amenity-seguridad-cctv","es_amenity-servicios-publicos","es_amenity-todos-los-servicios","es_amenity-vigilancia-24x7","es_amenity-zona-comercial","es_amenity-zona-industrial","es-post-entity"],"_links":{"self":[{"href":"https:\/\/arriendo.com\/co\/wp-json\/wp\/v2\/properties\/351390","targetHints":{"allow":["GET"]}}],"collection":[{"href":"https:\/\/arriendo.com\/co\/wp-json\/wp\/v2\/properties"}],"about":[{"href":"https:\/\/arriendo.com\/co\/wp-json\/wp\/v2\/types\/properties"}],"author":[{"embeddable":true,"href":"https:\/\/arriendo.com\/co\/wp-json\/wp\/v2\/users\/7303"}],"version-history":[{"count":0,"href":"https:\/\/arriendo.com\/co\/wp-json\/wp\/v2\/properties\/351390\/revisions"}],"wp:featuredmedia":[{"embeddable":true,"href":"https:\/\/arriendo.com\/co\/wp-json\/wp\/v2\/media\/351393"}],"wp:attachment":[{"href":"https:\/\/arriendo.com\/co\/wp-json\/wp\/v2\/media?parent=351390"}],"wp:term":[{"taxonomy":"es_location","embeddable":true,"href":"https:\/\/arriendo.com\/co\/wp-json\/wp\/v2\/es_locations?post=351390"},{"taxonomy":"es_category","embeddable":true,"href":"https:\/\/arriendo.com\/co\/wp-json\/wp\/v2\/es_categories?post=351390"},{"taxonomy":"es_type","embeddable":true,"href":"https:\/\/arriendo.com\/co\/wp-json\/wp\/v2\/es_types?post=351390"},{"taxonomy":"es_rent_period","embeddable":true,"href":"https:\/\/arriendo.com\/co\/wp-json\/wp\/v2\/es_rent_periods?post=351390"},{"taxonomy":"es_label","embeddable":true,"href":"https:\/\/arriendo.com\/co\/wp-json\/wp\/v2\/es_labels?post=351390"},{"taxonomy":"es_status","embeddable":true,"href":"https:\/\/arriendo.com\/co\/wp-json\/wp\/v2\/es_statuses?post=351390"},{"taxonomy":"es_parking","embeddable":true,"href":"https:\/\/arriendo.com\/co\/wp-json\/wp\/v2\/es_parkings?post=351390"},{"taxonomy":"es_roof","embeddable":true,"href":"https:\/\/arriendo.com\/co\/wp-json\/wp\/v2\/es_roofs?post=351390"},{"taxonomy":"es_exterior_material","embeddable":true,"href":"https:\/\/arriendo.com\/co\/wp-json\/wp\/v2\/es_exterior_materials?post=351390"},{"taxonomy":"es_basement","embeddable":true,"href":"https:\/\/arriendo.com\/co\/wp-json\/wp\/v2\/es_basements?post=351390"},{"taxonomy":"es_floor_covering","embeddable":true,"href":"https:\/\/arriendo.com\/co\/wp-json\/wp\/v2\/es_floor_coverings?post=351390"},{"taxonomy":"es_feature","embeddable":true,"href":"https:\/\/arriendo.com\/co\/wp-json\/wp\/v2\/es_features?post=351390"},{"taxonomy":"es_amenity","embeddable":true,"href":"https:\/\/arriendo.com\/co\/wp-json\/wp\/v2\/es_amenities?post=351390"},{"taxonomy":"es_neighborhood","embeddable":true,"href":"https:\/\/arriendo.com\/co\/wp-json\/wp\/v2\/es_neighborhoods?post=351390"},{"taxonomy":"es_tag","embeddable":true,"href":"https:\/\/arriendo.com\/co\/wp-json\/wp\/v2\/es_tags?post=351390"}],"curies":[{"name":"wp","href":"https:\/\/api.w.org\/{rel}","templated":true}]}}