{"id":344025,"date":"2026-02-20T12:14:24","date_gmt":"2026-02-20T17:14:24","guid":{"rendered":"https:\/\/arriendo.com\/co\/%es_type%\/%address_city%\/%neighborhood%\/caldas-la-primavera-apartamento-en-arriendo-en-05b13d\/"},"modified":"2026-02-20T12:14:24","modified_gmt":"2026-02-20T17:14:24","slug":"AR-344025","status":"publish","type":"properties","link":"https:\/\/arriendo.com\/co\/apartamentos\/caldas\/la-primavera\/AR-344025\/","title":{"rendered":"Apartamento en Arriendo en La primavera, Caldas"},"content":{"rendered":"<p>Al entrar al apartamento, ser\u00e1s recibido por un espacio amplio y bien iluminado gracias a su balc\u00f3n y ventanales que brindar\u00e1n una agradable brisa natural. Una de sus ventajas es que permite la presencia de mascotas, lo que lo convierte en la opci\u00f3n ideal para aquellos amantes de los animales. Adem\u00e1s, sus 2 habitaciones y 2 ba\u00f1os te brindar\u00e1n la comodidad y privacidad que buscas en un hogar.<\/p>\n","protected":false},"excerpt":{"rendered":"Al entrar al apartamento, ser\u00e1s recibido por un espacio amplio...","protected":false},"author":8382,"featured_media":344028,"template":"","es_locations":[79,84,892],"es_categories":[124],"es_types":[114],"es_rent_periods":[],"es_labels":[],"es_statuses":[],"es_parkings":[],"es_roofs":[],"es_exterior_materials":[],"es_basements":[],"es_floor_coverings":[],"es_features":[131,132,2212,2164,2145,2211,2166,2146,145,2272,2152,2204],"es_amenities":[152,2186,2217,2187,2153,2210,2189,2155,2160,2273,2162,2209],"es_neighborhoods":[],"es_tags":[],"class_list":["post-344025","properties","type-properties","status-publish","has-post-thumbnail","hentry","es_location-antioquia","es_location-caldas","es_location-la-primavera","es_category-arriendo","es_type-apartamentos","es_feature-ascensor","es_feature-balcon","es_feature-bano-auxiliar","es_feature-bano-independiente","es_feature-calentador","es_feature-canchas-deportivas","es_feature-closet","es_feature-cocina-integral","es_feature-instalacion-de-gas","es_feature-piso-en-baldosa-marmol","es_feature-zona-residencial","es_feature-zonas-verdes","es_amenity-ascensor-privado","es_amenity-balcon","es_amenity-bano-auxiliar","es_amenity-bano-independiente","es_amenity-calentador","es_amenity-canchas-deportivas","es_amenity-closet","es_amenity-cocina-integral","es_amenity-instalacion-de-gas","es_amenity-piso-en-baldosa-marmol","es_amenity-zona-residencial","es_amenity-zonas-verdes","es-post-entity"],"_links":{"self":[{"href":"https:\/\/arriendo.com\/co\/wp-json\/wp\/v2\/properties\/344025","targetHints":{"allow":["GET"]}}],"collection":[{"href":"https:\/\/arriendo.com\/co\/wp-json\/wp\/v2\/properties"}],"about":[{"href":"https:\/\/arriendo.com\/co\/wp-json\/wp\/v2\/types\/properties"}],"author":[{"embeddable":true,"href":"https:\/\/arriendo.com\/co\/wp-json\/wp\/v2\/users\/8382"}],"version-history":[{"count":0,"href":"https:\/\/arriendo.com\/co\/wp-json\/wp\/v2\/properties\/344025\/revisions"}],"wp:featuredmedia":[{"embeddable":true,"href":"https:\/\/arriendo.com\/co\/wp-json\/wp\/v2\/media\/344028"}],"wp:attachment":[{"href":"https:\/\/arriendo.com\/co\/wp-json\/wp\/v2\/media?parent=344025"}],"wp:term":[{"taxonomy":"es_location","embeddable":true,"href":"https:\/\/arriendo.com\/co\/wp-json\/wp\/v2\/es_locations?post=344025"},{"taxonomy":"es_category","embeddable":true,"href":"https:\/\/arriendo.com\/co\/wp-json\/wp\/v2\/es_categories?post=344025"},{"taxonomy":"es_type","embeddable":true,"href":"https:\/\/arriendo.com\/co\/wp-json\/wp\/v2\/es_types?post=344025"},{"taxonomy":"es_rent_period","embeddable":true,"href":"https:\/\/arriendo.com\/co\/wp-json\/wp\/v2\/es_rent_periods?post=344025"},{"taxonomy":"es_label","embeddable":true,"href":"https:\/\/arriendo.com\/co\/wp-json\/wp\/v2\/es_labels?post=344025"},{"taxonomy":"es_status","embeddable":true,"href":"https:\/\/arriendo.com\/co\/wp-json\/wp\/v2\/es_statuses?post=344025"},{"taxonomy":"es_parking","embeddable":true,"href":"https:\/\/arriendo.com\/co\/wp-json\/wp\/v2\/es_parkings?post=344025"},{"taxonomy":"es_roof","embeddable":true,"href":"https:\/\/arriendo.com\/co\/wp-json\/wp\/v2\/es_roofs?post=344025"},{"taxonomy":"es_exterior_material","embeddable":true,"href":"https:\/\/arriendo.com\/co\/wp-json\/wp\/v2\/es_exterior_materials?post=344025"},{"taxonomy":"es_basement","embeddable":true,"href":"https:\/\/arriendo.com\/co\/wp-json\/wp\/v2\/es_basements?post=344025"},{"taxonomy":"es_floor_covering","embeddable":true,"href":"https:\/\/arriendo.com\/co\/wp-json\/wp\/v2\/es_floor_coverings?post=344025"},{"taxonomy":"es_feature","embeddable":true,"href":"https:\/\/arriendo.com\/co\/wp-json\/wp\/v2\/es_features?post=344025"},{"taxonomy":"es_amenity","embeddable":true,"href":"https:\/\/arriendo.com\/co\/wp-json\/wp\/v2\/es_amenities?post=344025"},{"taxonomy":"es_neighborhood","embeddable":true,"href":"https:\/\/arriendo.com\/co\/wp-json\/wp\/v2\/es_neighborhoods?post=344025"},{"taxonomy":"es_tag","embeddable":true,"href":"https:\/\/arriendo.com\/co\/wp-json\/wp\/v2\/es_tags?post=344025"}],"curies":[{"name":"wp","href":"https:\/\/api.w.org\/{rel}","templated":true}]}}