{"id":341027,"date":"2026-02-20T10:57:26","date_gmt":"2026-02-20T15:57:26","guid":{"rendered":"https:\/\/arriendo.com\/co\/%es_type%\/%address_city%\/%neighborhood%\/palmira-palmira-local-en-arriendo-681d25\/"},"modified":"2026-02-20T10:57:26","modified_gmt":"2026-02-20T15:57:26","slug":"AR-341027","status":"publish","type":"properties","link":"https:\/\/arriendo.com\/co\/locales\/palmira\/palmira\/AR-341027\/","title":{"rendered":"Local en  Arriendo en Palmira"},"content":{"rendered":"<p>SE ALQUILA LOCAL EXTERNO EN ZONA FRANCA DEL PACIFICO. Con 61mts divididos en dos pisos, este local se compone de ba\u00f1o propio, cocineta peque\u00f1a y aire acondicionado. Cuenta con un amplio espacio para colocar tu cafeter\u00eda, restaurante, servicio de gane o cualquier tipo de fin comercial. El valor no incluye el consumo de servicios publicos. Es una grandiosa oportunidad ya que la Zona Franca cuenta con mas de 136.000 empleados en las diferentes empresas. Escribeme y proyectemos tu negocio en esta propiedad. 833147906<\/p>\n","protected":false},"excerpt":{"rendered":"SE ALQUILA LOCAL EXTERNO EN ZONA FRANCA DEL PACIFICO. Con...","protected":false},"author":7499,"featured_media":341030,"template":"","es_locations":[805],"es_categories":[124],"es_types":[117],"es_rent_periods":[],"es_labels":[],"es_statuses":[],"es_parkings":[],"es_roofs":[],"es_exterior_materials":[],"es_basements":[],"es_floor_coverings":[],"es_features":[2292,149,150,2212,2233,2131,133,2147,151,2149,145,2370,2216,2272,2133,2181,2135,2136,2137,2300],"es_amenities":[2294,2329,2387,2217,2248,2139,2154,2156,2270,2159,2160,2371,156,2273,158,2142,2143,161,2144,2301],"es_neighborhoods":[],"es_tags":[],"class_list":["post-341027","properties","type-properties","status-publish","has-post-thumbnail","hentry","es_location-palmira","es_category-arriendo","es_type-locales","es_feature-acceso-pavimentado","es_feature-aire-acondicionado","es_feature-alarma","es_feature-bano-auxiliar","es_feature-cerca-de-zona-urbana","es_feature-circuito-cerrado-de-tv","es_feature-citofono","es_feature-cocina-tipo-americano","es_feature-deposito-bodega","es_feature-garajes","es_feature-instalacion-de-gas","es_feature-oficina-de-negocios","es_feature-parqueadero-visitantes","es_feature-piso-en-baldosa-marmol","es_feature-porteria-recepcion","es_feature-porteria-vigilancia","es_feature-sobre-via-principal","es_feature-trans-publico-cercano","es_feature-zona-comercial","es_feature-zona-industrial","es_amenity-acceso-pavimentado","es_amenity-aire-acondicionado","es_amenity-alarma","es_amenity-bano-auxiliar","es_amenity-cerca-de-zona-urbana","es_amenity-circuito-cerrado-de-tv","es_amenity-citofono","es_amenity-cocina-tipo-americano","es_amenity-deposito-bodega","es_amenity-garajes","es_amenity-instalacion-de-gas","es_amenity-oficina-de-negocios","es_amenity-parqueadero-visitantes","es_amenity-piso-en-baldosa-marmol","es_amenity-porteria-recepcion","es_amenity-sobre-via-principal","es_amenity-trans-publico-cercano","es_amenity-vigilancia-24-7","es_amenity-zona-comercial","es_amenity-zona-industrial","es-post-entity"],"_links":{"self":[{"href":"https:\/\/arriendo.com\/co\/wp-json\/wp\/v2\/properties\/341027","targetHints":{"allow":["GET"]}}],"collection":[{"href":"https:\/\/arriendo.com\/co\/wp-json\/wp\/v2\/properties"}],"about":[{"href":"https:\/\/arriendo.com\/co\/wp-json\/wp\/v2\/types\/properties"}],"author":[{"embeddable":true,"href":"https:\/\/arriendo.com\/co\/wp-json\/wp\/v2\/users\/7499"}],"version-history":[{"count":0,"href":"https:\/\/arriendo.com\/co\/wp-json\/wp\/v2\/properties\/341027\/revisions"}],"wp:featuredmedia":[{"embeddable":true,"href":"https:\/\/arriendo.com\/co\/wp-json\/wp\/v2\/media\/341030"}],"wp:attachment":[{"href":"https:\/\/arriendo.com\/co\/wp-json\/wp\/v2\/media?parent=341027"}],"wp:term":[{"taxonomy":"es_location","embeddable":true,"href":"https:\/\/arriendo.com\/co\/wp-json\/wp\/v2\/es_locations?post=341027"},{"taxonomy":"es_category","embeddable":true,"href":"https:\/\/arriendo.com\/co\/wp-json\/wp\/v2\/es_categories?post=341027"},{"taxonomy":"es_type","embeddable":true,"href":"https:\/\/arriendo.com\/co\/wp-json\/wp\/v2\/es_types?post=341027"},{"taxonomy":"es_rent_period","embeddable":true,"href":"https:\/\/arriendo.com\/co\/wp-json\/wp\/v2\/es_rent_periods?post=341027"},{"taxonomy":"es_label","embeddable":true,"href":"https:\/\/arriendo.com\/co\/wp-json\/wp\/v2\/es_labels?post=341027"},{"taxonomy":"es_status","embeddable":true,"href":"https:\/\/arriendo.com\/co\/wp-json\/wp\/v2\/es_statuses?post=341027"},{"taxonomy":"es_parking","embeddable":true,"href":"https:\/\/arriendo.com\/co\/wp-json\/wp\/v2\/es_parkings?post=341027"},{"taxonomy":"es_roof","embeddable":true,"href":"https:\/\/arriendo.com\/co\/wp-json\/wp\/v2\/es_roofs?post=341027"},{"taxonomy":"es_exterior_material","embeddable":true,"href":"https:\/\/arriendo.com\/co\/wp-json\/wp\/v2\/es_exterior_materials?post=341027"},{"taxonomy":"es_basement","embeddable":true,"href":"https:\/\/arriendo.com\/co\/wp-json\/wp\/v2\/es_basements?post=341027"},{"taxonomy":"es_floor_covering","embeddable":true,"href":"https:\/\/arriendo.com\/co\/wp-json\/wp\/v2\/es_floor_coverings?post=341027"},{"taxonomy":"es_feature","embeddable":true,"href":"https:\/\/arriendo.com\/co\/wp-json\/wp\/v2\/es_features?post=341027"},{"taxonomy":"es_amenity","embeddable":true,"href":"https:\/\/arriendo.com\/co\/wp-json\/wp\/v2\/es_amenities?post=341027"},{"taxonomy":"es_neighborhood","embeddable":true,"href":"https:\/\/arriendo.com\/co\/wp-json\/wp\/v2\/es_neighborhoods?post=341027"},{"taxonomy":"es_tag","embeddable":true,"href":"https:\/\/arriendo.com\/co\/wp-json\/wp\/v2\/es_tags?post=341027"}],"curies":[{"name":"wp","href":"https:\/\/api.w.org\/{rel}","templated":true}]}}