{"id":340989,"date":"2026-02-20T10:56:45","date_gmt":"2026-02-20T15:56:45","guid":{"rendered":"https:\/\/arriendo.com\/co\/%es_type%\/%address_city%\/%neighborhood%\/sabaneta-las-lomitas-apartamento-en-arriendo-en-d2f5d9\/"},"modified":"2026-02-20T10:56:45","modified_gmt":"2026-02-20T15:56:45","slug":"AR-340989","status":"publish","type":"properties","link":"https:\/\/arriendo.com\/co\/apartamentos\/sabaneta\/las-lomitas\/AR-340989\/","title":{"rendered":"Apartamento en Arriendo en Las Lomitas, Sabaneta"},"content":{"rendered":"<p>94gp81156 Arriendo hermoso apartamento duplex en Sabaneta \u2013 Las Lomitas, \u00e1rea 64 mtr2, 2 alcobas todas con closet, la principal con ba\u00f1o, ba\u00f1o social, sala comedor, balcon, cocina integral con red de gas, calentador de paso, zona de ropas, parqueadero, cuarto \u00fatil, piso cer\u00e1mica, estrato 4, piso 2.<\/p>\n<p>Urbanizacion con porter\u00eda 24 horas, piscina, gimnasio sauna, turco, sal\u00f3n social, juego de ni\u00f1os, parqueadero de visitantes. Cerca al D1 las lomitas, al \u00c9xito y a ruta del metro<\/p>\n","protected":false},"excerpt":{"rendered":"94gp81156 Arriendo hermoso apartamento duplex en Sabaneta \u2013 Las Lomitas,...","protected":false},"author":6862,"featured_media":340992,"template":"","es_locations":[79,1197,473],"es_categories":[124],"es_types":[114],"es_rent_periods":[],"es_labels":[],"es_statuses":[],"es_parkings":[],"es_roofs":[],"es_exterior_materials":[],"es_basements":[],"es_floor_coverings":[],"es_features":[132,2164,2145,2131,2166,2146,2196,2149,2179,145,2216,2180,2272,2133,2181,2182,2167,2136,2151,2185,2204],"es_amenities":[2186,2187,2153,2139,2189,2155,2197,2159,154,2160,156,157,2273,158,159,2171,2143,161,162,2173,2209],"es_neighborhoods":[],"es_tags":[],"class_list":["post-340989","properties","type-properties","status-publish","has-post-thumbnail","hentry","es_location-antioquia","es_location-las-lomitas","es_location-sabaneta","es_category-arriendo","es_type-apartamentos","es_feature-balcon","es_feature-bano-independiente","es_feature-calentador","es_feature-circuito-cerrado-de-tv","es_feature-closet","es_feature-cocina-integral","es_feature-en-conjunto-cerrado","es_feature-garajes","es_feature-gimnasio","es_feature-instalacion-de-gas","es_feature-parqueadero-visitantes","es_feature-piscina","es_feature-piso-en-baldosa-marmol","es_feature-porteria-recepcion","es_feature-porteria-vigilancia","es_feature-salon-comunal","es_feature-sauna-turco-jacuzzi","es_feature-trans-publico-cercano","es_feature-zona-de-lavanderia","es_feature-zona-infantil","es_feature-zonas-verdes","es_amenity-balcon","es_amenity-bano-independiente","es_amenity-calentador","es_amenity-circuito-cerrado-de-tv","es_amenity-closet","es_amenity-cocina-integral","es_amenity-en-conjunto-cerrado","es_amenity-garajes","es_amenity-gimnasio","es_amenity-instalacion-de-gas","es_amenity-parqueadero-visitantes","es_amenity-piscina","es_amenity-piso-en-baldosa-marmol","es_amenity-porteria-recepcion","es_amenity-salon-comunal","es_amenity-sauna-turco-jacuzzi","es_amenity-trans-publico-cercano","es_amenity-vigilancia-24-7","es_amenity-zona-de-lavanderia","es_amenity-zona-infantil","es_amenity-zonas-verdes","es-post-entity"],"_links":{"self":[{"href":"https:\/\/arriendo.com\/co\/wp-json\/wp\/v2\/properties\/340989","targetHints":{"allow":["GET"]}}],"collection":[{"href":"https:\/\/arriendo.com\/co\/wp-json\/wp\/v2\/properties"}],"about":[{"href":"https:\/\/arriendo.com\/co\/wp-json\/wp\/v2\/types\/properties"}],"author":[{"embeddable":true,"href":"https:\/\/arriendo.com\/co\/wp-json\/wp\/v2\/users\/6862"}],"version-history":[{"count":0,"href":"https:\/\/arriendo.com\/co\/wp-json\/wp\/v2\/properties\/340989\/revisions"}],"wp:featuredmedia":[{"embeddable":true,"href":"https:\/\/arriendo.com\/co\/wp-json\/wp\/v2\/media\/340992"}],"wp:attachment":[{"href":"https:\/\/arriendo.com\/co\/wp-json\/wp\/v2\/media?parent=340989"}],"wp:term":[{"taxonomy":"es_location","embeddable":true,"href":"https:\/\/arriendo.com\/co\/wp-json\/wp\/v2\/es_locations?post=340989"},{"taxonomy":"es_category","embeddable":true,"href":"https:\/\/arriendo.com\/co\/wp-json\/wp\/v2\/es_categories?post=340989"},{"taxonomy":"es_type","embeddable":true,"href":"https:\/\/arriendo.com\/co\/wp-json\/wp\/v2\/es_types?post=340989"},{"taxonomy":"es_rent_period","embeddable":true,"href":"https:\/\/arriendo.com\/co\/wp-json\/wp\/v2\/es_rent_periods?post=340989"},{"taxonomy":"es_label","embeddable":true,"href":"https:\/\/arriendo.com\/co\/wp-json\/wp\/v2\/es_labels?post=340989"},{"taxonomy":"es_status","embeddable":true,"href":"https:\/\/arriendo.com\/co\/wp-json\/wp\/v2\/es_statuses?post=340989"},{"taxonomy":"es_parking","embeddable":true,"href":"https:\/\/arriendo.com\/co\/wp-json\/wp\/v2\/es_parkings?post=340989"},{"taxonomy":"es_roof","embeddable":true,"href":"https:\/\/arriendo.com\/co\/wp-json\/wp\/v2\/es_roofs?post=340989"},{"taxonomy":"es_exterior_material","embeddable":true,"href":"https:\/\/arriendo.com\/co\/wp-json\/wp\/v2\/es_exterior_materials?post=340989"},{"taxonomy":"es_basement","embeddable":true,"href":"https:\/\/arriendo.com\/co\/wp-json\/wp\/v2\/es_basements?post=340989"},{"taxonomy":"es_floor_covering","embeddable":true,"href":"https:\/\/arriendo.com\/co\/wp-json\/wp\/v2\/es_floor_coverings?post=340989"},{"taxonomy":"es_feature","embeddable":true,"href":"https:\/\/arriendo.com\/co\/wp-json\/wp\/v2\/es_features?post=340989"},{"taxonomy":"es_amenity","embeddable":true,"href":"https:\/\/arriendo.com\/co\/wp-json\/wp\/v2\/es_amenities?post=340989"},{"taxonomy":"es_neighborhood","embeddable":true,"href":"https:\/\/arriendo.com\/co\/wp-json\/wp\/v2\/es_neighborhoods?post=340989"},{"taxonomy":"es_tag","embeddable":true,"href":"https:\/\/arriendo.com\/co\/wp-json\/wp\/v2\/es_tags?post=340989"}],"curies":[{"name":"wp","href":"https:\/\/api.w.org\/{rel}","templated":true}]}}