{"id":340758,"date":"2026-02-20T10:44:03","date_gmt":"2026-02-20T15:44:03","guid":{"rendered":"https:\/\/arriendo.com\/co\/%es_type%\/%address_city%\/%neighborhood%\/envigado-loma-del-esmeraldal-apartamento-en-arriendo-en-362300\/"},"modified":"2026-02-20T10:44:03","modified_gmt":"2026-02-20T15:44:03","slug":"AR-340758","status":"publish","type":"properties","link":"https:\/\/arriendo.com\/co\/apartamentos\/envigado\/loma-del-esmeraldal\/AR-340758\/","title":{"rendered":"Apartamento en Arriendo en Loma del Esmeraldal, Envigado"},"content":{"rendered":"<p>95gp62142 Arriendo hermoso apartamento en Envigado \u2013  Loma el Esmeraldal, \u00e1rea 56 mtr2, 2 alcobas todas con closet, la principal con Vestier y ba\u00f1o, ba\u00f1o social, sala comedor, balc\u00f3n con panel japon\u00e9s, cocina integral tipo isla con red de gas, calentador de paso, zona de ropas, piso en madera laminada, parqueadero doble, estrato 5, piso 8.<\/p>\n<p>Urbanizaci\u00f3n con porter\u00eda las 24 horas, piscina, gimnasio, \u00e1rea de mascotas, parque infantil, sendero, parqueadero de visitantes y Cerca al parque la guyacana, al colegio Cumbres.3<\/p>\n","protected":false},"excerpt":{"rendered":"95gp62142 Arriendo hermoso apartamento en Envigado \u2013 Loma el Esmeraldal,...","protected":false},"author":6862,"featured_media":340761,"template":"","es_locations":[79,511,1741],"es_categories":[124],"es_types":[114],"es_rent_periods":[],"es_labels":[],"es_statuses":[],"es_parkings":[],"es_roofs":[],"es_exterior_materials":[],"es_basements":[],"es_floor_coverings":[],"es_features":[131,132,2164,2145,2131,2166,2146,2148,2196,2149,2179,145,2216,2132,2180,2133,2181,2151,2185,2204],"es_amenities":[152,2186,2187,2153,2139,2189,2155,2157,2197,2159,154,2160,156,2140,157,158,161,162,2173,2209],"es_neighborhoods":[],"es_tags":[],"class_list":["post-340758","properties","type-properties","status-publish","has-post-thumbnail","hentry","es_location-antioquia","es_location-envigado","es_location-loma-del-esmeraldal","es_category-arriendo","es_type-apartamentos","es_feature-ascensor","es_feature-balcon","es_feature-bano-independiente","es_feature-calentador","es_feature-circuito-cerrado-de-tv","es_feature-closet","es_feature-cocina-integral","es_feature-colegios-universidades","es_feature-en-conjunto-cerrado","es_feature-garajes","es_feature-gimnasio","es_feature-instalacion-de-gas","es_feature-parqueadero-visitantes","es_feature-parques-cercanos","es_feature-piscina","es_feature-porteria-recepcion","es_feature-porteria-vigilancia","es_feature-zona-de-lavanderia","es_feature-zona-infantil","es_feature-zonas-verdes","es_amenity-ascensor-privado","es_amenity-balcon","es_amenity-bano-independiente","es_amenity-calentador","es_amenity-circuito-cerrado-de-tv","es_amenity-closet","es_amenity-cocina-integral","es_amenity-colegios-universidades","es_amenity-en-conjunto-cerrado","es_amenity-garajes","es_amenity-gimnasio","es_amenity-instalacion-de-gas","es_amenity-parqueadero-visitantes","es_amenity-parques-cercanos","es_amenity-piscina","es_amenity-porteria-recepcion","es_amenity-vigilancia-24-7","es_amenity-zona-de-lavanderia","es_amenity-zona-infantil","es_amenity-zonas-verdes","es-post-entity"],"_links":{"self":[{"href":"https:\/\/arriendo.com\/co\/wp-json\/wp\/v2\/properties\/340758","targetHints":{"allow":["GET"]}}],"collection":[{"href":"https:\/\/arriendo.com\/co\/wp-json\/wp\/v2\/properties"}],"about":[{"href":"https:\/\/arriendo.com\/co\/wp-json\/wp\/v2\/types\/properties"}],"author":[{"embeddable":true,"href":"https:\/\/arriendo.com\/co\/wp-json\/wp\/v2\/users\/6862"}],"version-history":[{"count":0,"href":"https:\/\/arriendo.com\/co\/wp-json\/wp\/v2\/properties\/340758\/revisions"}],"wp:featuredmedia":[{"embeddable":true,"href":"https:\/\/arriendo.com\/co\/wp-json\/wp\/v2\/media\/340761"}],"wp:attachment":[{"href":"https:\/\/arriendo.com\/co\/wp-json\/wp\/v2\/media?parent=340758"}],"wp:term":[{"taxonomy":"es_location","embeddable":true,"href":"https:\/\/arriendo.com\/co\/wp-json\/wp\/v2\/es_locations?post=340758"},{"taxonomy":"es_category","embeddable":true,"href":"https:\/\/arriendo.com\/co\/wp-json\/wp\/v2\/es_categories?post=340758"},{"taxonomy":"es_type","embeddable":true,"href":"https:\/\/arriendo.com\/co\/wp-json\/wp\/v2\/es_types?post=340758"},{"taxonomy":"es_rent_period","embeddable":true,"href":"https:\/\/arriendo.com\/co\/wp-json\/wp\/v2\/es_rent_periods?post=340758"},{"taxonomy":"es_label","embeddable":true,"href":"https:\/\/arriendo.com\/co\/wp-json\/wp\/v2\/es_labels?post=340758"},{"taxonomy":"es_status","embeddable":true,"href":"https:\/\/arriendo.com\/co\/wp-json\/wp\/v2\/es_statuses?post=340758"},{"taxonomy":"es_parking","embeddable":true,"href":"https:\/\/arriendo.com\/co\/wp-json\/wp\/v2\/es_parkings?post=340758"},{"taxonomy":"es_roof","embeddable":true,"href":"https:\/\/arriendo.com\/co\/wp-json\/wp\/v2\/es_roofs?post=340758"},{"taxonomy":"es_exterior_material","embeddable":true,"href":"https:\/\/arriendo.com\/co\/wp-json\/wp\/v2\/es_exterior_materials?post=340758"},{"taxonomy":"es_basement","embeddable":true,"href":"https:\/\/arriendo.com\/co\/wp-json\/wp\/v2\/es_basements?post=340758"},{"taxonomy":"es_floor_covering","embeddable":true,"href":"https:\/\/arriendo.com\/co\/wp-json\/wp\/v2\/es_floor_coverings?post=340758"},{"taxonomy":"es_feature","embeddable":true,"href":"https:\/\/arriendo.com\/co\/wp-json\/wp\/v2\/es_features?post=340758"},{"taxonomy":"es_amenity","embeddable":true,"href":"https:\/\/arriendo.com\/co\/wp-json\/wp\/v2\/es_amenities?post=340758"},{"taxonomy":"es_neighborhood","embeddable":true,"href":"https:\/\/arriendo.com\/co\/wp-json\/wp\/v2\/es_neighborhoods?post=340758"},{"taxonomy":"es_tag","embeddable":true,"href":"https:\/\/arriendo.com\/co\/wp-json\/wp\/v2\/es_tags?post=340758"}],"curies":[{"name":"wp","href":"https:\/\/api.w.org\/{rel}","templated":true}]}}