{"id":338162,"date":"2026-02-20T09:50:12","date_gmt":"2026-02-20T14:50:12","guid":{"rendered":"https:\/\/arriendo.com\/co\/%es_type%\/%address_city%\/%neighborhood%\/chia-br-santa-rita-oficina-en-arriendo-4c44bf\/"},"modified":"2026-02-20T09:50:12","modified_gmt":"2026-02-20T14:50:12","slug":"AR-338162","status":"publish","type":"properties","link":"https:\/\/arriendo.com\/co\/oficinas\/chia\/br-santa-rita\/AR-338162\/","title":{"rendered":"Oficina en  Arriendo en Br santa rita, Ch\u00eda"},"content":{"rendered":"<p>ESPACIOS ABIERTOS te presenta en arriendo oficina, ubicada en Ch\u00eda, municipio de gran desarrollo econ\u00f3mico,  de 932 mts2 con terraza propia de 115 mts2. Oficina abierta libre de columnas para espacios personalizados en obra gris. La ubicaci\u00f3n de la oficina permite un f\u00e1cil acceso a transporte p\u00fablico, alto flujo vehicular y peatonal. Se ubica en una zona empresarial, sobre v\u00eda principal. Cuenta con vigilancia las 24 horas. La propiedad horizontal cuenta con circuito cerrado de T.V., acceso controlado, vidrios de seguridad con control ac\u00fastico y solar, planta el\u00e9ctrica y parqueadero de visitantes, tanque de agua, terraza para onces y almuerzo de empleados. 2 ascensores para empleados, 2 ascensores para p\u00fablico y bater\u00eda de ba\u00f1os por cada piso. Mensualidad $52&#8217;192.000 incluida admon. \u00a1Cont\u00e1ctenos 315 ocho cero tres noventa y nueve treinta!.<\/p>\n","protected":false},"excerpt":{"rendered":"ESPACIOS ABIERTOS te presenta en arriendo oficina, ubicada en Ch\u00eda,...","protected":false},"author":7376,"featured_media":338165,"template":"","es_locations":[2572,203,91],"es_categories":[124],"es_types":[116],"es_rent_periods":[],"es_labels":[],"es_statuses":[],"es_parkings":[],"es_roofs":[],"es_exterior_materials":[],"es_basements":[],"es_floor_coverings":[],"es_features":[150,131,2135,2463,143,144,2137],"es_amenities":[2387,152,2142,2465,2290,2289,2144],"es_neighborhoods":[],"es_tags":[],"class_list":["post-338162","properties","type-properties","status-publish","has-post-thumbnail","hentry","es_location-br-santa-rita","es_location-chia","es_location-cundinamarca","es_category-arriendo","es_type-oficinas","es_feature-alarma","es_feature-ascensor","es_feature-sobre-via-principal","es_feature-tanques-de-agua","es_feature-terraza","es_feature-vista-panoramica","es_feature-zona-comercial","es_amenity-alarma","es_amenity-ascensor-privado","es_amenity-sobre-via-principal","es_amenity-tanques-de-agua","es_amenity-terraza","es_amenity-vista-panoramica","es_amenity-zona-comercial","es-post-entity"],"_links":{"self":[{"href":"https:\/\/arriendo.com\/co\/wp-json\/wp\/v2\/properties\/338162","targetHints":{"allow":["GET"]}}],"collection":[{"href":"https:\/\/arriendo.com\/co\/wp-json\/wp\/v2\/properties"}],"about":[{"href":"https:\/\/arriendo.com\/co\/wp-json\/wp\/v2\/types\/properties"}],"author":[{"embeddable":true,"href":"https:\/\/arriendo.com\/co\/wp-json\/wp\/v2\/users\/7376"}],"version-history":[{"count":0,"href":"https:\/\/arriendo.com\/co\/wp-json\/wp\/v2\/properties\/338162\/revisions"}],"wp:featuredmedia":[{"embeddable":true,"href":"https:\/\/arriendo.com\/co\/wp-json\/wp\/v2\/media\/338165"}],"wp:attachment":[{"href":"https:\/\/arriendo.com\/co\/wp-json\/wp\/v2\/media?parent=338162"}],"wp:term":[{"taxonomy":"es_location","embeddable":true,"href":"https:\/\/arriendo.com\/co\/wp-json\/wp\/v2\/es_locations?post=338162"},{"taxonomy":"es_category","embeddable":true,"href":"https:\/\/arriendo.com\/co\/wp-json\/wp\/v2\/es_categories?post=338162"},{"taxonomy":"es_type","embeddable":true,"href":"https:\/\/arriendo.com\/co\/wp-json\/wp\/v2\/es_types?post=338162"},{"taxonomy":"es_rent_period","embeddable":true,"href":"https:\/\/arriendo.com\/co\/wp-json\/wp\/v2\/es_rent_periods?post=338162"},{"taxonomy":"es_label","embeddable":true,"href":"https:\/\/arriendo.com\/co\/wp-json\/wp\/v2\/es_labels?post=338162"},{"taxonomy":"es_status","embeddable":true,"href":"https:\/\/arriendo.com\/co\/wp-json\/wp\/v2\/es_statuses?post=338162"},{"taxonomy":"es_parking","embeddable":true,"href":"https:\/\/arriendo.com\/co\/wp-json\/wp\/v2\/es_parkings?post=338162"},{"taxonomy":"es_roof","embeddable":true,"href":"https:\/\/arriendo.com\/co\/wp-json\/wp\/v2\/es_roofs?post=338162"},{"taxonomy":"es_exterior_material","embeddable":true,"href":"https:\/\/arriendo.com\/co\/wp-json\/wp\/v2\/es_exterior_materials?post=338162"},{"taxonomy":"es_basement","embeddable":true,"href":"https:\/\/arriendo.com\/co\/wp-json\/wp\/v2\/es_basements?post=338162"},{"taxonomy":"es_floor_covering","embeddable":true,"href":"https:\/\/arriendo.com\/co\/wp-json\/wp\/v2\/es_floor_coverings?post=338162"},{"taxonomy":"es_feature","embeddable":true,"href":"https:\/\/arriendo.com\/co\/wp-json\/wp\/v2\/es_features?post=338162"},{"taxonomy":"es_amenity","embeddable":true,"href":"https:\/\/arriendo.com\/co\/wp-json\/wp\/v2\/es_amenities?post=338162"},{"taxonomy":"es_neighborhood","embeddable":true,"href":"https:\/\/arriendo.com\/co\/wp-json\/wp\/v2\/es_neighborhoods?post=338162"},{"taxonomy":"es_tag","embeddable":true,"href":"https:\/\/arriendo.com\/co\/wp-json\/wp\/v2\/es_tags?post=338162"}],"curies":[{"name":"wp","href":"https:\/\/api.w.org\/{rel}","templated":true}]}}