{"id":337965,"date":"2026-02-20T09:44:23","date_gmt":"2026-02-20T14:44:23","guid":{"rendered":"https:\/\/arriendo.com\/co\/%es_type%\/%address_city%\/%neighborhood%\/itagui-centro-apartamento-en-arriendo-en-70fc8d\/"},"modified":"2026-02-20T09:44:23","modified_gmt":"2026-02-20T14:44:23","slug":"AR-337965","status":"publish","type":"properties","link":"https:\/\/arriendo.com\/co\/apartamentos\/itagui\/centro\/AR-337965\/","title":{"rendered":"Apartamento en Arriendo en Centro, Itagu\u00ed"},"content":{"rendered":"<p>\u00a1Encuentra tu nuevo hogar! Apartamento moderno y luminoso en exclusivo barrio Ubicado en el tranquilo y verde barrio Los Naranjos de Itag\u00fc\u00ed, presentamos este encantador apartamento de 65m2 listo para que lo hagas tuyo.Con 2 amplias y c\u00f3modas alcobas con closet cada una, tendr\u00e1s espacio de sobra para descansar pl\u00e1cidamente. El ba\u00f1o completo. La cocina integral te permitir\u00e1 explorar tus habilidades culinarias. Desde ella puedes disfrutar de la amplia y acogedora sala, ideal para reunirte con tus seres queridos.Contamos adem\u00e1s con terraza para que puedas relajarte al aire libre. Adem\u00e1s, el calentador de agua te permitir\u00e1 largas duchas sin preocupaciones. Ubicado a pasos de colegios y universidades reconocidas. El transporte p\u00fablico est\u00e1 a la vuelta, d\u00e1ndote completa movilidad. \u00a1Ven a descubrir este oasis en la ciudad! Ll\u00e1manos hoy mismo para agendar tu visita. #TuNuevoHogarTeEspera PISO 4 SERVICIOS INCLUIDOS Y TERRAZA COMPARTIDA<\/p>\n","protected":false},"excerpt":{"rendered":"\u00a1Encuentra tu nuevo hogar! Apartamento moderno y luminoso en exclusivo...","protected":false},"author":6880,"featured_media":337968,"template":"","es_locations":[79,505,475],"es_categories":[124],"es_types":[114],"es_rent_periods":[],"es_labels":[],"es_statuses":[],"es_parkings":[],"es_roofs":[],"es_exterior_materials":[],"es_basements":[],"es_floor_coverings":[],"es_features":[2164,2165,2145,2166,2146,2148,2177,145,2132,2150,143,2136],"es_amenities":[2187,2188,2153,2189,2155,2157,2192,2160,2140,2161,2290,2143],"es_neighborhoods":[],"es_tags":[],"class_list":["post-337965","properties","type-properties","status-publish","has-post-thumbnail","hentry","es_location-antioquia","es_location-centro","es_location-itagui","es_category-arriendo","es_type-apartamentos","es_feature-bano-independiente","es_feature-caldera","es_feature-calentador","es_feature-closet","es_feature-cocina-integral","es_feature-colegios-universidades","es_feature-finca-cafetera","es_feature-instalacion-de-gas","es_feature-parques-cercanos","es_feature-supermercados-c-comerciales","es_feature-terraza","es_feature-trans-publico-cercano","es_amenity-bano-independiente","es_amenity-caldera","es_amenity-calentador","es_amenity-closet","es_amenity-cocina-integral","es_amenity-colegios-universidades","es_amenity-finca-cafetera","es_amenity-instalacion-de-gas","es_amenity-parques-cercanos","es_amenity-supermercados-c-comerciales","es_amenity-terraza","es_amenity-trans-publico-cercano","es-post-entity"],"_links":{"self":[{"href":"https:\/\/arriendo.com\/co\/wp-json\/wp\/v2\/properties\/337965","targetHints":{"allow":["GET"]}}],"collection":[{"href":"https:\/\/arriendo.com\/co\/wp-json\/wp\/v2\/properties"}],"about":[{"href":"https:\/\/arriendo.com\/co\/wp-json\/wp\/v2\/types\/properties"}],"author":[{"embeddable":true,"href":"https:\/\/arriendo.com\/co\/wp-json\/wp\/v2\/users\/6880"}],"version-history":[{"count":0,"href":"https:\/\/arriendo.com\/co\/wp-json\/wp\/v2\/properties\/337965\/revisions"}],"wp:featuredmedia":[{"embeddable":true,"href":"https:\/\/arriendo.com\/co\/wp-json\/wp\/v2\/media\/337968"}],"wp:attachment":[{"href":"https:\/\/arriendo.com\/co\/wp-json\/wp\/v2\/media?parent=337965"}],"wp:term":[{"taxonomy":"es_location","embeddable":true,"href":"https:\/\/arriendo.com\/co\/wp-json\/wp\/v2\/es_locations?post=337965"},{"taxonomy":"es_category","embeddable":true,"href":"https:\/\/arriendo.com\/co\/wp-json\/wp\/v2\/es_categories?post=337965"},{"taxonomy":"es_type","embeddable":true,"href":"https:\/\/arriendo.com\/co\/wp-json\/wp\/v2\/es_types?post=337965"},{"taxonomy":"es_rent_period","embeddable":true,"href":"https:\/\/arriendo.com\/co\/wp-json\/wp\/v2\/es_rent_periods?post=337965"},{"taxonomy":"es_label","embeddable":true,"href":"https:\/\/arriendo.com\/co\/wp-json\/wp\/v2\/es_labels?post=337965"},{"taxonomy":"es_status","embeddable":true,"href":"https:\/\/arriendo.com\/co\/wp-json\/wp\/v2\/es_statuses?post=337965"},{"taxonomy":"es_parking","embeddable":true,"href":"https:\/\/arriendo.com\/co\/wp-json\/wp\/v2\/es_parkings?post=337965"},{"taxonomy":"es_roof","embeddable":true,"href":"https:\/\/arriendo.com\/co\/wp-json\/wp\/v2\/es_roofs?post=337965"},{"taxonomy":"es_exterior_material","embeddable":true,"href":"https:\/\/arriendo.com\/co\/wp-json\/wp\/v2\/es_exterior_materials?post=337965"},{"taxonomy":"es_basement","embeddable":true,"href":"https:\/\/arriendo.com\/co\/wp-json\/wp\/v2\/es_basements?post=337965"},{"taxonomy":"es_floor_covering","embeddable":true,"href":"https:\/\/arriendo.com\/co\/wp-json\/wp\/v2\/es_floor_coverings?post=337965"},{"taxonomy":"es_feature","embeddable":true,"href":"https:\/\/arriendo.com\/co\/wp-json\/wp\/v2\/es_features?post=337965"},{"taxonomy":"es_amenity","embeddable":true,"href":"https:\/\/arriendo.com\/co\/wp-json\/wp\/v2\/es_amenities?post=337965"},{"taxonomy":"es_neighborhood","embeddable":true,"href":"https:\/\/arriendo.com\/co\/wp-json\/wp\/v2\/es_neighborhoods?post=337965"},{"taxonomy":"es_tag","embeddable":true,"href":"https:\/\/arriendo.com\/co\/wp-json\/wp\/v2\/es_tags?post=337965"}],"curies":[{"name":"wp","href":"https:\/\/api.w.org\/{rel}","templated":true}]}}