{"id":337798,"date":"2026-02-20T09:40:10","date_gmt":"2026-02-20T14:40:10","guid":{"rendered":"https:\/\/arriendo.com\/co\/%es_type%\/%address_city%\/%neighborhood%\/itagui-centro-apartamento-en-arriendo-en-a60be6\/"},"modified":"2026-02-20T09:40:10","modified_gmt":"2026-02-20T14:40:10","slug":"AR-337798","status":"publish","type":"properties","link":"https:\/\/arriendo.com\/co\/apartamentos\/itagui\/centro\/AR-337798\/","title":{"rendered":"Apartamento en Arriendo en Centro, Itagu\u00ed"},"content":{"rendered":"<p>\u00a1Encuentra tu nuevo hogar en el coraz\u00f3n de Itag\u00fc\u00ed! Ubicado en pleno centro de la ciudad, a pasos de colegios, transporte p\u00fablico y todo tipo de servicios, este acogedor apartamento de 60m2 est\u00e1 listo para brindarte comodidad y estilo de vida. Con 2 amplias habitaciones que invitan al descanso y renovaci\u00f3n de energ\u00edas, un completo y luminoso ba\u00f1o, cocina integral  y un espacioso y moderno sal\u00f3n-comedor, este apartamento tiene todo lo necesario para que disfrutes de los mejores momentos en casa. Adem\u00e1s, su balc\u00f3n es el lugar ideal para las sobremesas al aire libre observando la animada vida del centro de Itag\u00fc\u00ed. Cuenta tambi\u00e9n con 2 c\u00f3modos closets para organizar tu ropa y accesorios de manera pr\u00e1ctica. Ubicado estrat\u00e9gicamente, podr\u00e1s desplazarte a pie a colegios,  restaurantes, bancos y dem\u00e1s servicios. El transporte p\u00fablico est\u00e1 a solo minutos, para llegar sin problemas a cualquier lado. \u00a1No dejes pasar esta oportunidad de adquirir una excelente propiedad en pleno coraz\u00f3n de la ciudad! Comun\u00edcate con nosotros para agendar una visita. APTO 31 PARQUE OBRERO<\/p>\n","protected":false},"excerpt":{"rendered":"\u00a1Encuentra tu nuevo hogar en el coraz\u00f3n de Itag\u00fc\u00ed! Ubicado...","protected":false},"author":6880,"featured_media":337801,"template":"","es_locations":[79,505,475],"es_categories":[124],"es_types":[114],"es_rent_periods":[],"es_labels":[],"es_statuses":[],"es_parkings":[],"es_roofs":[],"es_exterior_materials":[],"es_basements":[],"es_floor_coverings":[],"es_features":[132,2164,2166,2146,2148,2177,145,2132,2150,2136,2151],"es_amenities":[2186,2187,2189,2155,2157,2192,2160,2140,2161,2143,162],"es_neighborhoods":[],"es_tags":[],"class_list":["post-337798","properties","type-properties","status-publish","has-post-thumbnail","hentry","es_location-antioquia","es_location-centro","es_location-itagui","es_category-arriendo","es_type-apartamentos","es_feature-balcon","es_feature-bano-independiente","es_feature-closet","es_feature-cocina-integral","es_feature-colegios-universidades","es_feature-finca-cafetera","es_feature-instalacion-de-gas","es_feature-parques-cercanos","es_feature-supermercados-c-comerciales","es_feature-trans-publico-cercano","es_feature-zona-de-lavanderia","es_amenity-balcon","es_amenity-bano-independiente","es_amenity-closet","es_amenity-cocina-integral","es_amenity-colegios-universidades","es_amenity-finca-cafetera","es_amenity-instalacion-de-gas","es_amenity-parques-cercanos","es_amenity-supermercados-c-comerciales","es_amenity-trans-publico-cercano","es_amenity-zona-de-lavanderia","es-post-entity"],"_links":{"self":[{"href":"https:\/\/arriendo.com\/co\/wp-json\/wp\/v2\/properties\/337798","targetHints":{"allow":["GET"]}}],"collection":[{"href":"https:\/\/arriendo.com\/co\/wp-json\/wp\/v2\/properties"}],"about":[{"href":"https:\/\/arriendo.com\/co\/wp-json\/wp\/v2\/types\/properties"}],"author":[{"embeddable":true,"href":"https:\/\/arriendo.com\/co\/wp-json\/wp\/v2\/users\/6880"}],"version-history":[{"count":0,"href":"https:\/\/arriendo.com\/co\/wp-json\/wp\/v2\/properties\/337798\/revisions"}],"wp:featuredmedia":[{"embeddable":true,"href":"https:\/\/arriendo.com\/co\/wp-json\/wp\/v2\/media\/337801"}],"wp:attachment":[{"href":"https:\/\/arriendo.com\/co\/wp-json\/wp\/v2\/media?parent=337798"}],"wp:term":[{"taxonomy":"es_location","embeddable":true,"href":"https:\/\/arriendo.com\/co\/wp-json\/wp\/v2\/es_locations?post=337798"},{"taxonomy":"es_category","embeddable":true,"href":"https:\/\/arriendo.com\/co\/wp-json\/wp\/v2\/es_categories?post=337798"},{"taxonomy":"es_type","embeddable":true,"href":"https:\/\/arriendo.com\/co\/wp-json\/wp\/v2\/es_types?post=337798"},{"taxonomy":"es_rent_period","embeddable":true,"href":"https:\/\/arriendo.com\/co\/wp-json\/wp\/v2\/es_rent_periods?post=337798"},{"taxonomy":"es_label","embeddable":true,"href":"https:\/\/arriendo.com\/co\/wp-json\/wp\/v2\/es_labels?post=337798"},{"taxonomy":"es_status","embeddable":true,"href":"https:\/\/arriendo.com\/co\/wp-json\/wp\/v2\/es_statuses?post=337798"},{"taxonomy":"es_parking","embeddable":true,"href":"https:\/\/arriendo.com\/co\/wp-json\/wp\/v2\/es_parkings?post=337798"},{"taxonomy":"es_roof","embeddable":true,"href":"https:\/\/arriendo.com\/co\/wp-json\/wp\/v2\/es_roofs?post=337798"},{"taxonomy":"es_exterior_material","embeddable":true,"href":"https:\/\/arriendo.com\/co\/wp-json\/wp\/v2\/es_exterior_materials?post=337798"},{"taxonomy":"es_basement","embeddable":true,"href":"https:\/\/arriendo.com\/co\/wp-json\/wp\/v2\/es_basements?post=337798"},{"taxonomy":"es_floor_covering","embeddable":true,"href":"https:\/\/arriendo.com\/co\/wp-json\/wp\/v2\/es_floor_coverings?post=337798"},{"taxonomy":"es_feature","embeddable":true,"href":"https:\/\/arriendo.com\/co\/wp-json\/wp\/v2\/es_features?post=337798"},{"taxonomy":"es_amenity","embeddable":true,"href":"https:\/\/arriendo.com\/co\/wp-json\/wp\/v2\/es_amenities?post=337798"},{"taxonomy":"es_neighborhood","embeddable":true,"href":"https:\/\/arriendo.com\/co\/wp-json\/wp\/v2\/es_neighborhoods?post=337798"},{"taxonomy":"es_tag","embeddable":true,"href":"https:\/\/arriendo.com\/co\/wp-json\/wp\/v2\/es_tags?post=337798"}],"curies":[{"name":"wp","href":"https:\/\/api.w.org\/{rel}","templated":true}]}}