{"id":336024,"date":"2026-02-20T09:06:27","date_gmt":"2026-02-20T14:06:27","guid":{"rendered":"https:\/\/arriendo.com\/co\/%es_type%\/%address_city%\/%neighborhood%\/pereira-san-jose-sur-casa-en-arriendo-31f179\/"},"modified":"2026-02-20T09:06:27","modified_gmt":"2026-02-20T14:06:27","slug":"AR-336024","status":"publish","type":"properties","link":"https:\/\/arriendo.com\/co\/casas\/pereira\/san-jose-sur\/AR-336024\/","title":{"rendered":"Casa en  Arriendo en San jose sur, Pereira"},"content":{"rendered":"<p>Excepcional casa comercial en arriendo, estrat\u00e9gicamente ubicada en el vibrante coraz\u00f3n de Pereira. Esta propiedad de 120 m\u00b2 ofrece una configuraci\u00f3n ideal para potenciar su negocio. El primer nivel dispone de una espaciosa sala, un ba\u00f1o completo, dos oficinas privadas y una pr\u00e1ctica bodega, optimizando la funcionalidad para diversas operaciones. El segundo nivel complementa esta oferta con una atractiva terraza, un ba\u00f1o adicional y dos oficinas m\u00e1s, proporcionando flexibilidad y comodidad. Se arriendan exclusivamente el segundo y tercer piso, ofreciendo un espacio vers\u00e1til y listo para ser adaptado a sus necesidades. Para m\u00e1s detalles y coordinar una visita, contacte a Castell\u00f3n Inmobiliaria. Ref. ***.<\/p>\n","protected":false},"excerpt":{"rendered":"Excepcional casa comercial en arriendo, estrat\u00e9gicamente ubicada en el vibrante...","protected":false},"author":6321,"featured_media":336027,"template":"","es_locations":[231,102,2705],"es_categories":[124],"es_types":[115],"es_rent_periods":[],"es_labels":[],"es_statuses":[],"es_parkings":[],"es_roofs":[],"es_exterior_materials":[],"es_basements":[],"es_floor_coverings":[],"es_features":[2212,2148,2132,2135,2150,143,2136,2137],"es_amenities":[2217,2157,2140,2142,2161,2290,2143,2144],"es_neighborhoods":[],"es_tags":[],"class_list":["post-336024","properties","type-properties","status-publish","has-post-thumbnail","hentry","es_location-pereira","es_location-risaralda","es_location-san-jose-sur","es_category-arriendo","es_type-casas","es_feature-bano-auxiliar","es_feature-colegios-universidades","es_feature-parques-cercanos","es_feature-sobre-via-principal","es_feature-supermercados-c-comerciales","es_feature-terraza","es_feature-trans-publico-cercano","es_feature-zona-comercial","es_amenity-bano-auxiliar","es_amenity-colegios-universidades","es_amenity-parques-cercanos","es_amenity-sobre-via-principal","es_amenity-supermercados-c-comerciales","es_amenity-terraza","es_amenity-trans-publico-cercano","es_amenity-zona-comercial","es-post-entity"],"_links":{"self":[{"href":"https:\/\/arriendo.com\/co\/wp-json\/wp\/v2\/properties\/336024","targetHints":{"allow":["GET"]}}],"collection":[{"href":"https:\/\/arriendo.com\/co\/wp-json\/wp\/v2\/properties"}],"about":[{"href":"https:\/\/arriendo.com\/co\/wp-json\/wp\/v2\/types\/properties"}],"author":[{"embeddable":true,"href":"https:\/\/arriendo.com\/co\/wp-json\/wp\/v2\/users\/6321"}],"version-history":[{"count":0,"href":"https:\/\/arriendo.com\/co\/wp-json\/wp\/v2\/properties\/336024\/revisions"}],"wp:featuredmedia":[{"embeddable":true,"href":"https:\/\/arriendo.com\/co\/wp-json\/wp\/v2\/media\/336027"}],"wp:attachment":[{"href":"https:\/\/arriendo.com\/co\/wp-json\/wp\/v2\/media?parent=336024"}],"wp:term":[{"taxonomy":"es_location","embeddable":true,"href":"https:\/\/arriendo.com\/co\/wp-json\/wp\/v2\/es_locations?post=336024"},{"taxonomy":"es_category","embeddable":true,"href":"https:\/\/arriendo.com\/co\/wp-json\/wp\/v2\/es_categories?post=336024"},{"taxonomy":"es_type","embeddable":true,"href":"https:\/\/arriendo.com\/co\/wp-json\/wp\/v2\/es_types?post=336024"},{"taxonomy":"es_rent_period","embeddable":true,"href":"https:\/\/arriendo.com\/co\/wp-json\/wp\/v2\/es_rent_periods?post=336024"},{"taxonomy":"es_label","embeddable":true,"href":"https:\/\/arriendo.com\/co\/wp-json\/wp\/v2\/es_labels?post=336024"},{"taxonomy":"es_status","embeddable":true,"href":"https:\/\/arriendo.com\/co\/wp-json\/wp\/v2\/es_statuses?post=336024"},{"taxonomy":"es_parking","embeddable":true,"href":"https:\/\/arriendo.com\/co\/wp-json\/wp\/v2\/es_parkings?post=336024"},{"taxonomy":"es_roof","embeddable":true,"href":"https:\/\/arriendo.com\/co\/wp-json\/wp\/v2\/es_roofs?post=336024"},{"taxonomy":"es_exterior_material","embeddable":true,"href":"https:\/\/arriendo.com\/co\/wp-json\/wp\/v2\/es_exterior_materials?post=336024"},{"taxonomy":"es_basement","embeddable":true,"href":"https:\/\/arriendo.com\/co\/wp-json\/wp\/v2\/es_basements?post=336024"},{"taxonomy":"es_floor_covering","embeddable":true,"href":"https:\/\/arriendo.com\/co\/wp-json\/wp\/v2\/es_floor_coverings?post=336024"},{"taxonomy":"es_feature","embeddable":true,"href":"https:\/\/arriendo.com\/co\/wp-json\/wp\/v2\/es_features?post=336024"},{"taxonomy":"es_amenity","embeddable":true,"href":"https:\/\/arriendo.com\/co\/wp-json\/wp\/v2\/es_amenities?post=336024"},{"taxonomy":"es_neighborhood","embeddable":true,"href":"https:\/\/arriendo.com\/co\/wp-json\/wp\/v2\/es_neighborhoods?post=336024"},{"taxonomy":"es_tag","embeddable":true,"href":"https:\/\/arriendo.com\/co\/wp-json\/wp\/v2\/es_tags?post=336024"}],"curies":[{"name":"wp","href":"https:\/\/api.w.org\/{rel}","templated":true}]}}