{"id":325869,"date":"2026-02-19T17:58:56","date_gmt":"2026-02-19T22:58:56","guid":{"rendered":"https:\/\/arriendo.com\/co\/%es_type%\/%address_city%\/%neighborhood%\/pereira-cerritos-local-en-arriendo-0c1aac\/"},"modified":"2026-02-19T17:58:56","modified_gmt":"2026-02-19T22:58:56","slug":"AR-325869","status":"publish","type":"properties","link":"https:\/\/arriendo.com\/co\/locales\/pereira\/cerritos\/AR-325869\/","title":{"rendered":"Local en  Arriendo en Cerritos, Pereira"},"content":{"rendered":"<p>VENTA LOCAL TERMINADO ZONA RESTAURANTES CERRITOS MALL PEREIRA<\/p>\n<p>Este amplio y acogedor local para la venta se encuentra ubicado en Pereira, una de las ciudades m\u00e1s importantes de Colombia y capital del departamento de Risaralda. Con una ubicaci\u00f3n estrat\u00e9gica en el coraz\u00f3n de la ciudad, este inmueble ofrece comodidad, seguridad y una variedad de servicios a su alcance.<\/p>\n<p>Con un \u00e1rea total de 48 M2, este local cuenta con una construcci\u00f3n de la misma medida, as\u00ed como una c\u00f3moda \u00e1rea privada de 48 M2. Dise\u00f1ado para ofrecer un ambiente c\u00e1lido y confortable, este espacio se distribuye en una alcoba, perfecta para adaptarse a diferentes usos seg\u00fan tus necesidades. Una de las caracter\u00edsticas m\u00e1s destacadas de este local son las dobles ventanas, que brindan una excelente iluminaci\u00f3n natural y permiten mantener una temperatura agradable en su interior. Adem\u00e1s, cuenta con instalaciones de electricidad en perfecto estado, listas para que puedas realizar tus actividades comerciales sin preocupaciones.<\/p>\n<p>Pero lo verdaderamente impresionante de este inmueble es su vista panor\u00e1mica, que ofrece una perspectiva \u00fanica de la ciudad y sus hermosos alrededores. Disfruta de un paisaje incre\u00edble mientras trabajas en tu negocio o simplemente rel\u00e1jate y admira la belleza de Pereira. Pero la ubicaci\u00f3n de este local es lo que lo hace a\u00fan m\u00e1s atractivo. Con acceso pavimentado, podr\u00e1s llegar f\u00e1cilmente a este espacio desde cualquier punto de la ciudad. Adem\u00e1s, su cercan\u00eda a importa<\/p>\n","protected":false},"excerpt":{"rendered":"VENTA LOCAL TERMINADO ZONA RESTAURANTES CERRITOS MALL PEREIRA Este amplio...","protected":false},"author":6353,"featured_media":325872,"template":"","es_locations":[232,231,102],"es_categories":[124],"es_types":[117],"es_rent_periods":[],"es_labels":[],"es_statuses":[],"es_parkings":[],"es_roofs":[],"es_exterior_materials":[],"es_basements":[],"es_floor_coverings":[],"es_features":[2292,2232,2233,2179,2181,2150,2136,144,2137,2152],"es_amenities":[2294,2246,2248,154,2161,2143,161,2289,2144,2162],"es_neighborhoods":[],"es_tags":[],"class_list":["post-325869","properties","type-properties","status-publish","has-post-thumbnail","hentry","es_location-cerritos","es_location-pereira","es_location-risaralda","es_category-arriendo","es_type-locales","es_feature-acceso-pavimentado","es_feature-bosque-nativo","es_feature-cerca-de-zona-urbana","es_feature-gimnasio","es_feature-porteria-vigilancia","es_feature-supermercados-c-comerciales","es_feature-trans-publico-cercano","es_feature-vista-panoramica","es_feature-zona-comercial","es_feature-zona-residencial","es_amenity-acceso-pavimentado","es_amenity-bosque-nativo","es_amenity-cerca-de-zona-urbana","es_amenity-gimnasio","es_amenity-supermercados-c-comerciales","es_amenity-trans-publico-cercano","es_amenity-vigilancia-24-7","es_amenity-vista-panoramica","es_amenity-zona-comercial","es_amenity-zona-residencial","es-post-entity"],"_links":{"self":[{"href":"https:\/\/arriendo.com\/co\/wp-json\/wp\/v2\/properties\/325869","targetHints":{"allow":["GET"]}}],"collection":[{"href":"https:\/\/arriendo.com\/co\/wp-json\/wp\/v2\/properties"}],"about":[{"href":"https:\/\/arriendo.com\/co\/wp-json\/wp\/v2\/types\/properties"}],"author":[{"embeddable":true,"href":"https:\/\/arriendo.com\/co\/wp-json\/wp\/v2\/users\/6353"}],"version-history":[{"count":0,"href":"https:\/\/arriendo.com\/co\/wp-json\/wp\/v2\/properties\/325869\/revisions"}],"wp:featuredmedia":[{"embeddable":true,"href":"https:\/\/arriendo.com\/co\/wp-json\/wp\/v2\/media\/325872"}],"wp:attachment":[{"href":"https:\/\/arriendo.com\/co\/wp-json\/wp\/v2\/media?parent=325869"}],"wp:term":[{"taxonomy":"es_location","embeddable":true,"href":"https:\/\/arriendo.com\/co\/wp-json\/wp\/v2\/es_locations?post=325869"},{"taxonomy":"es_category","embeddable":true,"href":"https:\/\/arriendo.com\/co\/wp-json\/wp\/v2\/es_categories?post=325869"},{"taxonomy":"es_type","embeddable":true,"href":"https:\/\/arriendo.com\/co\/wp-json\/wp\/v2\/es_types?post=325869"},{"taxonomy":"es_rent_period","embeddable":true,"href":"https:\/\/arriendo.com\/co\/wp-json\/wp\/v2\/es_rent_periods?post=325869"},{"taxonomy":"es_label","embeddable":true,"href":"https:\/\/arriendo.com\/co\/wp-json\/wp\/v2\/es_labels?post=325869"},{"taxonomy":"es_status","embeddable":true,"href":"https:\/\/arriendo.com\/co\/wp-json\/wp\/v2\/es_statuses?post=325869"},{"taxonomy":"es_parking","embeddable":true,"href":"https:\/\/arriendo.com\/co\/wp-json\/wp\/v2\/es_parkings?post=325869"},{"taxonomy":"es_roof","embeddable":true,"href":"https:\/\/arriendo.com\/co\/wp-json\/wp\/v2\/es_roofs?post=325869"},{"taxonomy":"es_exterior_material","embeddable":true,"href":"https:\/\/arriendo.com\/co\/wp-json\/wp\/v2\/es_exterior_materials?post=325869"},{"taxonomy":"es_basement","embeddable":true,"href":"https:\/\/arriendo.com\/co\/wp-json\/wp\/v2\/es_basements?post=325869"},{"taxonomy":"es_floor_covering","embeddable":true,"href":"https:\/\/arriendo.com\/co\/wp-json\/wp\/v2\/es_floor_coverings?post=325869"},{"taxonomy":"es_feature","embeddable":true,"href":"https:\/\/arriendo.com\/co\/wp-json\/wp\/v2\/es_features?post=325869"},{"taxonomy":"es_amenity","embeddable":true,"href":"https:\/\/arriendo.com\/co\/wp-json\/wp\/v2\/es_amenities?post=325869"},{"taxonomy":"es_neighborhood","embeddable":true,"href":"https:\/\/arriendo.com\/co\/wp-json\/wp\/v2\/es_neighborhoods?post=325869"},{"taxonomy":"es_tag","embeddable":true,"href":"https:\/\/arriendo.com\/co\/wp-json\/wp\/v2\/es_tags?post=325869"}],"curies":[{"name":"wp","href":"https:\/\/api.w.org\/{rel}","templated":true}]}}