{"id":325394,"date":"2026-02-19T17:51:35","date_gmt":"2026-02-19T22:51:35","guid":{"rendered":"https:\/\/arriendo.com\/co\/%es_type%\/%address_city%\/%neighborhood%\/pereira-cerritos-local-en-arriendo-7b78f3\/"},"modified":"2026-02-19T17:51:35","modified_gmt":"2026-02-19T22:51:35","slug":"AR-325394","status":"publish","type":"properties","link":"https:\/\/arriendo.com\/co\/locales\/pereira\/cerritos\/AR-325394\/","title":{"rendered":"Local en  Arriendo en Cerritos, Pereira"},"content":{"rendered":"<p>.<\/p>\n<p>VENTA LOCAL TERMINADO PRIMER PISO EN CERRITOS MALL PEREIRA <\/p>\n<p>Si est\u00e1s buscando una excelente oportunidad para invertir en el sector comercial de Pereira, entonces este local para vender es ideal para ti. Ubicado en una de las zonas de mayor crecimiento y desarrollo de Risaralda, este inmueble se encuentra en una estrat\u00e9gica ubicaci\u00f3n que te garantiza una alta rentabilidad en tu inversi\u00f3n.<\/p>\n<p>Su \u00e1rea total de 40 M2, distribuida en 40 M2 de terreno y construcci\u00f3n, te ofrece un espacio amplio y vers\u00e1til para adaptarlo a las necesidades de tu negocio. Adem\u00e1s, cuenta con una c\u00f3moda alcoba que puede ser utilizada como \u00e1rea administrativa, para almacenaje u otros fines, seg\u00fan tus requerimientos.<\/p>\n<p>En cuanto a sus caracter\u00edsticas internas, este local se destaca por brindarte un ambiente c\u00f3modo y seguro para trabajar. Sus dobles ventanas te proporcionan una excelente iluminaci\u00f3n natural y aislamiento de ruido, lo que te permitir\u00e1 tener un espacio agradable y tranquilo para trabajar. La instalaci\u00f3n el\u00e9ctrica es moderna y cumple con todos los est\u00e1ndares de seguridad, y su suelo de cer\u00e1mica\/m\u00e1rmol le da un toque elegante y f\u00e1cil de mantener.<\/p>\n<p>Pero lo mejor de este local est\u00e1 en su vista panor\u00e1mica, ya que tendr\u00e1s una hermosa vista hacia el bosque nativo y el lago que se encuentra cerca del lugar. Nada mejor que trabajar rodeado de naturaleza y con un ambiente sereno y relajante. Adem\u00e1s, su ubicaci\u00f3n ofrece un f\u00e1cil acceso pavimentado y est\u00e1 cerca de la zona<\/p>\n","protected":false},"excerpt":{"rendered":". VENTA LOCAL TERMINADO PRIMER PISO EN CERRITOS MALL PEREIRA...","protected":false},"author":6353,"featured_media":325397,"template":"","es_locations":[232,231,102],"es_categories":[124],"es_types":[117],"es_rent_periods":[],"es_labels":[],"es_statuses":[],"es_parkings":[],"es_roofs":[],"es_exterior_materials":[],"es_basements":[],"es_floor_coverings":[],"es_features":[2292,2232,2233,2179,2272,2181,2150,2136,144,2137,2152],"es_amenities":[2294,2246,2248,154,2273,2161,2143,161,2289,2144,2162],"es_neighborhoods":[],"es_tags":[],"class_list":["post-325394","properties","type-properties","status-publish","has-post-thumbnail","hentry","es_location-cerritos","es_location-pereira","es_location-risaralda","es_category-arriendo","es_type-locales","es_feature-acceso-pavimentado","es_feature-bosque-nativo","es_feature-cerca-de-zona-urbana","es_feature-gimnasio","es_feature-piso-en-baldosa-marmol","es_feature-porteria-vigilancia","es_feature-supermercados-c-comerciales","es_feature-trans-publico-cercano","es_feature-vista-panoramica","es_feature-zona-comercial","es_feature-zona-residencial","es_amenity-acceso-pavimentado","es_amenity-bosque-nativo","es_amenity-cerca-de-zona-urbana","es_amenity-gimnasio","es_amenity-piso-en-baldosa-marmol","es_amenity-supermercados-c-comerciales","es_amenity-trans-publico-cercano","es_amenity-vigilancia-24-7","es_amenity-vista-panoramica","es_amenity-zona-comercial","es_amenity-zona-residencial","es-post-entity"],"_links":{"self":[{"href":"https:\/\/arriendo.com\/co\/wp-json\/wp\/v2\/properties\/325394","targetHints":{"allow":["GET"]}}],"collection":[{"href":"https:\/\/arriendo.com\/co\/wp-json\/wp\/v2\/properties"}],"about":[{"href":"https:\/\/arriendo.com\/co\/wp-json\/wp\/v2\/types\/properties"}],"author":[{"embeddable":true,"href":"https:\/\/arriendo.com\/co\/wp-json\/wp\/v2\/users\/6353"}],"version-history":[{"count":0,"href":"https:\/\/arriendo.com\/co\/wp-json\/wp\/v2\/properties\/325394\/revisions"}],"wp:featuredmedia":[{"embeddable":true,"href":"https:\/\/arriendo.com\/co\/wp-json\/wp\/v2\/media\/325397"}],"wp:attachment":[{"href":"https:\/\/arriendo.com\/co\/wp-json\/wp\/v2\/media?parent=325394"}],"wp:term":[{"taxonomy":"es_location","embeddable":true,"href":"https:\/\/arriendo.com\/co\/wp-json\/wp\/v2\/es_locations?post=325394"},{"taxonomy":"es_category","embeddable":true,"href":"https:\/\/arriendo.com\/co\/wp-json\/wp\/v2\/es_categories?post=325394"},{"taxonomy":"es_type","embeddable":true,"href":"https:\/\/arriendo.com\/co\/wp-json\/wp\/v2\/es_types?post=325394"},{"taxonomy":"es_rent_period","embeddable":true,"href":"https:\/\/arriendo.com\/co\/wp-json\/wp\/v2\/es_rent_periods?post=325394"},{"taxonomy":"es_label","embeddable":true,"href":"https:\/\/arriendo.com\/co\/wp-json\/wp\/v2\/es_labels?post=325394"},{"taxonomy":"es_status","embeddable":true,"href":"https:\/\/arriendo.com\/co\/wp-json\/wp\/v2\/es_statuses?post=325394"},{"taxonomy":"es_parking","embeddable":true,"href":"https:\/\/arriendo.com\/co\/wp-json\/wp\/v2\/es_parkings?post=325394"},{"taxonomy":"es_roof","embeddable":true,"href":"https:\/\/arriendo.com\/co\/wp-json\/wp\/v2\/es_roofs?post=325394"},{"taxonomy":"es_exterior_material","embeddable":true,"href":"https:\/\/arriendo.com\/co\/wp-json\/wp\/v2\/es_exterior_materials?post=325394"},{"taxonomy":"es_basement","embeddable":true,"href":"https:\/\/arriendo.com\/co\/wp-json\/wp\/v2\/es_basements?post=325394"},{"taxonomy":"es_floor_covering","embeddable":true,"href":"https:\/\/arriendo.com\/co\/wp-json\/wp\/v2\/es_floor_coverings?post=325394"},{"taxonomy":"es_feature","embeddable":true,"href":"https:\/\/arriendo.com\/co\/wp-json\/wp\/v2\/es_features?post=325394"},{"taxonomy":"es_amenity","embeddable":true,"href":"https:\/\/arriendo.com\/co\/wp-json\/wp\/v2\/es_amenities?post=325394"},{"taxonomy":"es_neighborhood","embeddable":true,"href":"https:\/\/arriendo.com\/co\/wp-json\/wp\/v2\/es_neighborhoods?post=325394"},{"taxonomy":"es_tag","embeddable":true,"href":"https:\/\/arriendo.com\/co\/wp-json\/wp\/v2\/es_tags?post=325394"}],"curies":[{"name":"wp","href":"https:\/\/api.w.org\/{rel}","templated":true}]}}