{"id":321738,"date":"2026-02-19T16:49:33","date_gmt":"2026-02-19T21:49:33","guid":{"rendered":"https:\/\/arriendo.com\/co\/%es_type%\/%address_city%\/%neighborhood%\/la-estrella-la-bermejala-casa-en-arriendo-en-d178b0\/"},"modified":"2026-02-19T16:49:33","modified_gmt":"2026-02-19T21:49:33","slug":"AR-321738","status":"publish","type":"properties","link":"https:\/\/arriendo.com\/co\/casas\/la-estrella\/la-bermejala\/AR-321738\/","title":{"rendered":"Casa en Arriendo en La bermejala, La estrella"},"content":{"rendered":"<p>Casa en Arriendo Vereda La Bermejala La Estrella<br \/>\nArriendo casa en zona campestre de 80 m2. Cuenta con 1 parqueadero techado, 1 cuarto \u00fatil, 2 alcobas, 2 ba\u00f1os, patio, sala, comedor, estudio o tercera alcoba, cocina integral (gas de pipeta), zona de ropas. Muy iluminada. No paga agua (es veredal). Zona verde propia donde se puede sembrar, aproximadamente 12 m2. Es independiente, esta enmallada. Cera de parques, colegios y supermercados. Excelente ruta de transporte, el transporte pasa por la porter\u00eda.<br \/>\nCont\u00e1ctanos en los tel\u00e9fonos *** &#8211; *** &#8211; ***correo laura@londonoyjaramillo.com o en nuestra p\u00e1gina web www.londonoyjaramillo.com<\/p>\n","protected":false},"excerpt":{"rendered":"Casa en Arriendo Vereda La Bermejala La Estrella Arriendo casa...","protected":false},"author":8037,"featured_media":321741,"template":"","es_locations":[79,3389,487],"es_categories":[124],"es_types":[115],"es_rent_periods":[],"es_labels":[],"es_statuses":[],"es_parkings":[],"es_roofs":[],"es_exterior_materials":[],"es_basements":[],"es_floor_coverings":[],"es_features":[2292,2305,2168,2212,2164,2165,2145,2166,2175,2146,2148,2213,2176,136,2202,2178,2149,2203,2317,2132,2220,2239,2150,2136,2306,2151,2152,2204],"es_amenities":[2294,2309,2195,2217,2187,2188,2153,2189,2190,2155,2157,2218,2191,2158,2207,2193,2159,2208,2318,2140,2221,2256,2161,2143,2308,162,2162,2209],"es_neighborhoods":[],"es_tags":[],"class_list":["post-321738","properties","type-properties","status-publish","has-post-thumbnail","hentry","es_location-antioquia","es_location-la-bermejala","es_location-la-estrella","es_category-arriendo","es_type-casas","es_feature-acceso-pavimentado","es_feature-area-rural","es_feature-area-urbana","es_feature-bano-auxiliar","es_feature-bano-independiente","es_feature-caldera","es_feature-calentador","es_feature-closet","es_feature-cochera","es_feature-cocina-integral","es_feature-colegios-universidades","es_feature-comedor","es_feature-en-zona-residencial","es_feature-estudio","es_feature-garaje-parqueaderos","es_feature-garaje-cubierto","es_feature-garajes","es_feature-jardines-exteriores","es_feature-mezzanine","es_feature-parques-cercanos","es_feature-patio","es_feature-sobre-via-secundaria","es_feature-supermercados-c-comerciales","es_feature-trans-publico-cercano","es_feature-zona-campestre","es_feature-zona-de-lavanderia","es_feature-zona-residencial","es_feature-zonas-verdes","es_amenity-acceso-pavimentado","es_amenity-area-rural","es_amenity-area-urbana","es_amenity-bano-auxiliar","es_amenity-bano-independiente","es_amenity-caldera","es_amenity-calentador","es_amenity-closet","es_amenity-cochera","es_amenity-cocina-integral","es_amenity-colegios-universidades","es_amenity-comedor","es_amenity-en-zona-residencial","es_amenity-estudio","es_amenity-garaje-parqueaderos","es_amenity-garaje-cubierto","es_amenity-garajes","es_amenity-jardines-exteriores","es_amenity-mezzanine","es_amenity-parques-cercanos","es_amenity-patio","es_amenity-sobre-via-secundaria","es_amenity-supermercados-c-comerciales","es_amenity-trans-publico-cercano","es_amenity-zona-campestre","es_amenity-zona-de-lavanderia","es_amenity-zona-residencial","es_amenity-zonas-verdes","es-post-entity"],"_links":{"self":[{"href":"https:\/\/arriendo.com\/co\/wp-json\/wp\/v2\/properties\/321738","targetHints":{"allow":["GET"]}}],"collection":[{"href":"https:\/\/arriendo.com\/co\/wp-json\/wp\/v2\/properties"}],"about":[{"href":"https:\/\/arriendo.com\/co\/wp-json\/wp\/v2\/types\/properties"}],"author":[{"embeddable":true,"href":"https:\/\/arriendo.com\/co\/wp-json\/wp\/v2\/users\/8037"}],"version-history":[{"count":0,"href":"https:\/\/arriendo.com\/co\/wp-json\/wp\/v2\/properties\/321738\/revisions"}],"wp:featuredmedia":[{"embeddable":true,"href":"https:\/\/arriendo.com\/co\/wp-json\/wp\/v2\/media\/321741"}],"wp:attachment":[{"href":"https:\/\/arriendo.com\/co\/wp-json\/wp\/v2\/media?parent=321738"}],"wp:term":[{"taxonomy":"es_location","embeddable":true,"href":"https:\/\/arriendo.com\/co\/wp-json\/wp\/v2\/es_locations?post=321738"},{"taxonomy":"es_category","embeddable":true,"href":"https:\/\/arriendo.com\/co\/wp-json\/wp\/v2\/es_categories?post=321738"},{"taxonomy":"es_type","embeddable":true,"href":"https:\/\/arriendo.com\/co\/wp-json\/wp\/v2\/es_types?post=321738"},{"taxonomy":"es_rent_period","embeddable":true,"href":"https:\/\/arriendo.com\/co\/wp-json\/wp\/v2\/es_rent_periods?post=321738"},{"taxonomy":"es_label","embeddable":true,"href":"https:\/\/arriendo.com\/co\/wp-json\/wp\/v2\/es_labels?post=321738"},{"taxonomy":"es_status","embeddable":true,"href":"https:\/\/arriendo.com\/co\/wp-json\/wp\/v2\/es_statuses?post=321738"},{"taxonomy":"es_parking","embeddable":true,"href":"https:\/\/arriendo.com\/co\/wp-json\/wp\/v2\/es_parkings?post=321738"},{"taxonomy":"es_roof","embeddable":true,"href":"https:\/\/arriendo.com\/co\/wp-json\/wp\/v2\/es_roofs?post=321738"},{"taxonomy":"es_exterior_material","embeddable":true,"href":"https:\/\/arriendo.com\/co\/wp-json\/wp\/v2\/es_exterior_materials?post=321738"},{"taxonomy":"es_basement","embeddable":true,"href":"https:\/\/arriendo.com\/co\/wp-json\/wp\/v2\/es_basements?post=321738"},{"taxonomy":"es_floor_covering","embeddable":true,"href":"https:\/\/arriendo.com\/co\/wp-json\/wp\/v2\/es_floor_coverings?post=321738"},{"taxonomy":"es_feature","embeddable":true,"href":"https:\/\/arriendo.com\/co\/wp-json\/wp\/v2\/es_features?post=321738"},{"taxonomy":"es_amenity","embeddable":true,"href":"https:\/\/arriendo.com\/co\/wp-json\/wp\/v2\/es_amenities?post=321738"},{"taxonomy":"es_neighborhood","embeddable":true,"href":"https:\/\/arriendo.com\/co\/wp-json\/wp\/v2\/es_neighborhoods?post=321738"},{"taxonomy":"es_tag","embeddable":true,"href":"https:\/\/arriendo.com\/co\/wp-json\/wp\/v2\/es_tags?post=321738"}],"curies":[{"name":"wp","href":"https:\/\/api.w.org\/{rel}","templated":true}]}}