{"id":319740,"date":"2026-02-19T11:18:28","date_gmt":"2026-02-19T16:18:28","guid":{"rendered":"https:\/\/arriendo.com\/co\/%es_type%\/%address_city%\/%neighborhood%\/rionegro-cimarronas-apartamento-en-arriendo-en-441d53\/"},"modified":"2026-02-19T11:18:28","modified_gmt":"2026-02-19T16:18:28","slug":"AR-319740","status":"publish","type":"properties","link":"https:\/\/arriendo.com\/co\/apartamentos\/rionegro\/cimarronas\/AR-319740\/","title":{"rendered":"Apartamento en Arriendo en Cimarronas, Rionegro"},"content":{"rendered":"<p>Apartamento para estrenar en el piso 6 de una unidad cerrada ubicada en el barrio Cimarronas, Rionegro, sobre la v\u00eda Marinilla \u2013 Rionegro, Cercano al Club La Macarena, cuenta con parqueadero com\u00fan, vigilancia 24 horas, excelentes zonas comunes Piscina, Juegos infantiles, sal\u00f3n social. Ideal para quienes buscan comodidad, seguridad y una excelente ubicaci\u00f3n.<\/p>\n","protected":false},"excerpt":{"rendered":"Apartamento para estrenar en el piso 6 de una unidad...","protected":false},"author":7735,"featured_media":319742,"template":"","es_locations":[79,3311,502],"es_categories":[124],"es_types":[114],"es_rent_periods":[],"es_labels":[],"es_statuses":[],"es_parkings":[],"es_roofs":[],"es_exterior_materials":[],"es_basements":[],"es_floor_coverings":[],"es_features":[2305,131,2174,132,2164,2165,2145,2293,2166,2146,2148,2177,145,2132,2180,2133,2181,2182,2227,2135,2150,2136,2306,2151],"es_amenities":[2309,152,2169,2186,2187,2188,2153,2295,2189,2155,2157,2192,2160,2140,157,158,2194,159,2255,2142,2161,2143,2308,162],"es_neighborhoods":[],"es_tags":[],"class_list":["post-319740","properties","type-properties","status-publish","has-post-thumbnail","hentry","es_location-antioquia","es_location-cimarronas","es_location-rionegro","es_category-arriendo","es_type-apartamentos","es_feature-area-rural","es_feature-ascensor","es_feature-auditorio","es_feature-balcon","es_feature-bano-independiente","es_feature-caldera","es_feature-calentador","es_feature-cerca-centro-comercial","es_feature-closet","es_feature-cocina-integral","es_feature-colegios-universidades","es_feature-finca-cafetera","es_feature-instalacion-de-gas","es_feature-parques-cercanos","es_feature-piscina","es_feature-porteria-recepcion","es_feature-porteria-vigilancia","es_feature-salon-comunal","es_feature-shut-de-basura","es_feature-sobre-via-principal","es_feature-supermercados-c-comerciales","es_feature-trans-publico-cercano","es_feature-zona-campestre","es_feature-zona-de-lavanderia","es_amenity-area-rural","es_amenity-ascensor-privado","es_amenity-auditorio","es_amenity-balcon","es_amenity-bano-independiente","es_amenity-caldera","es_amenity-calentador","es_amenity-cerca-centro-comercial","es_amenity-closet","es_amenity-cocina-integral","es_amenity-colegios-universidades","es_amenity-finca-cafetera","es_amenity-instalacion-de-gas","es_amenity-parques-cercanos","es_amenity-piscina","es_amenity-porteria-recepcion","es_amenity-porteria-vigilancia","es_amenity-salon-comunal","es_amenity-shut-de-basura","es_amenity-sobre-via-principal","es_amenity-supermercados-c-comerciales","es_amenity-trans-publico-cercano","es_amenity-zona-campestre","es_amenity-zona-de-lavanderia","es-post-entity"],"_links":{"self":[{"href":"https:\/\/arriendo.com\/co\/wp-json\/wp\/v2\/properties\/319740","targetHints":{"allow":["GET"]}}],"collection":[{"href":"https:\/\/arriendo.com\/co\/wp-json\/wp\/v2\/properties"}],"about":[{"href":"https:\/\/arriendo.com\/co\/wp-json\/wp\/v2\/types\/properties"}],"author":[{"embeddable":true,"href":"https:\/\/arriendo.com\/co\/wp-json\/wp\/v2\/users\/7735"}],"version-history":[{"count":0,"href":"https:\/\/arriendo.com\/co\/wp-json\/wp\/v2\/properties\/319740\/revisions"}],"wp:featuredmedia":[{"embeddable":true,"href":"https:\/\/arriendo.com\/co\/wp-json\/wp\/v2\/media\/319742"}],"wp:attachment":[{"href":"https:\/\/arriendo.com\/co\/wp-json\/wp\/v2\/media?parent=319740"}],"wp:term":[{"taxonomy":"es_location","embeddable":true,"href":"https:\/\/arriendo.com\/co\/wp-json\/wp\/v2\/es_locations?post=319740"},{"taxonomy":"es_category","embeddable":true,"href":"https:\/\/arriendo.com\/co\/wp-json\/wp\/v2\/es_categories?post=319740"},{"taxonomy":"es_type","embeddable":true,"href":"https:\/\/arriendo.com\/co\/wp-json\/wp\/v2\/es_types?post=319740"},{"taxonomy":"es_rent_period","embeddable":true,"href":"https:\/\/arriendo.com\/co\/wp-json\/wp\/v2\/es_rent_periods?post=319740"},{"taxonomy":"es_label","embeddable":true,"href":"https:\/\/arriendo.com\/co\/wp-json\/wp\/v2\/es_labels?post=319740"},{"taxonomy":"es_status","embeddable":true,"href":"https:\/\/arriendo.com\/co\/wp-json\/wp\/v2\/es_statuses?post=319740"},{"taxonomy":"es_parking","embeddable":true,"href":"https:\/\/arriendo.com\/co\/wp-json\/wp\/v2\/es_parkings?post=319740"},{"taxonomy":"es_roof","embeddable":true,"href":"https:\/\/arriendo.com\/co\/wp-json\/wp\/v2\/es_roofs?post=319740"},{"taxonomy":"es_exterior_material","embeddable":true,"href":"https:\/\/arriendo.com\/co\/wp-json\/wp\/v2\/es_exterior_materials?post=319740"},{"taxonomy":"es_basement","embeddable":true,"href":"https:\/\/arriendo.com\/co\/wp-json\/wp\/v2\/es_basements?post=319740"},{"taxonomy":"es_floor_covering","embeddable":true,"href":"https:\/\/arriendo.com\/co\/wp-json\/wp\/v2\/es_floor_coverings?post=319740"},{"taxonomy":"es_feature","embeddable":true,"href":"https:\/\/arriendo.com\/co\/wp-json\/wp\/v2\/es_features?post=319740"},{"taxonomy":"es_amenity","embeddable":true,"href":"https:\/\/arriendo.com\/co\/wp-json\/wp\/v2\/es_amenities?post=319740"},{"taxonomy":"es_neighborhood","embeddable":true,"href":"https:\/\/arriendo.com\/co\/wp-json\/wp\/v2\/es_neighborhoods?post=319740"},{"taxonomy":"es_tag","embeddable":true,"href":"https:\/\/arriendo.com\/co\/wp-json\/wp\/v2\/es_tags?post=319740"}],"curies":[{"name":"wp","href":"https:\/\/api.w.org\/{rel}","templated":true}]}}