{"id":318221,"date":"2026-02-19T10:39:37","date_gmt":"2026-02-19T15:39:37","guid":{"rendered":"https:\/\/arriendo.com\/co\/%es_type%\/%address_city%\/%neighborhood%\/villavicencio-san-isidro-local-en-arriendo-en-985ac9\/"},"modified":"2026-02-19T10:39:37","modified_gmt":"2026-02-19T15:39:37","slug":"AR-318221","status":"publish","type":"properties","link":"https:\/\/arriendo.com\/co\/locales\/villavicencio\/san-isidro\/AR-318221\/","title":{"rendered":"Local en Arriendo en San isidro, Villavicencio"},"content":{"rendered":"<p>ARRENDAMOS local   EN CENTRO COMERCIAL LOS CENTAUROS , sector  comercial  y cord\u00f3n de alto flujo peatonal, con un enorme  potencial de clientes, est\u00e1 ubicado en el primer piso, cuenta con  pisos en baldosa, bater\u00eda de ba\u00f1os en el centro comercial, el local es esquinero  con excelente visibilidad,  cerca a  la calle 37 , a la carrera 37, a la plazoleta los Centauros.  ***<\/p>\n","protected":false},"excerpt":{"rendered":"ARRENDAMOS local EN CENTRO COMERCIAL LOS CENTAUROS , sector comercial...","protected":false},"author":1729,"featured_media":318224,"template":"","es_locations":[97,1810,338],"es_categories":[124],"es_types":[117],"es_rent_periods":[],"es_labels":[],"es_statuses":[],"es_parkings":[],"es_roofs":[],"es_exterior_materials":[],"es_basements":[],"es_floor_coverings":[],"es_features":[2454,2135,2137],"es_amenities":[2456,2142,2144],"es_neighborhoods":[],"es_tags":[],"class_list":["post-318221","properties","type-properties","status-publish","has-post-thumbnail","hentry","es_location-meta","es_location-san-isidro","es_location-villavicencio","es_category-arriendo","es_type-locales","es_feature-en-centro-comercial","es_feature-sobre-via-principal","es_feature-zona-comercial","es_amenity-en-centro-comercial","es_amenity-sobre-via-principal","es_amenity-zona-comercial","es-post-entity"],"_links":{"self":[{"href":"https:\/\/arriendo.com\/co\/wp-json\/wp\/v2\/properties\/318221","targetHints":{"allow":["GET"]}}],"collection":[{"href":"https:\/\/arriendo.com\/co\/wp-json\/wp\/v2\/properties"}],"about":[{"href":"https:\/\/arriendo.com\/co\/wp-json\/wp\/v2\/types\/properties"}],"author":[{"embeddable":true,"href":"https:\/\/arriendo.com\/co\/wp-json\/wp\/v2\/users\/1729"}],"version-history":[{"count":0,"href":"https:\/\/arriendo.com\/co\/wp-json\/wp\/v2\/properties\/318221\/revisions"}],"wp:featuredmedia":[{"embeddable":true,"href":"https:\/\/arriendo.com\/co\/wp-json\/wp\/v2\/media\/318224"}],"wp:attachment":[{"href":"https:\/\/arriendo.com\/co\/wp-json\/wp\/v2\/media?parent=318221"}],"wp:term":[{"taxonomy":"es_location","embeddable":true,"href":"https:\/\/arriendo.com\/co\/wp-json\/wp\/v2\/es_locations?post=318221"},{"taxonomy":"es_category","embeddable":true,"href":"https:\/\/arriendo.com\/co\/wp-json\/wp\/v2\/es_categories?post=318221"},{"taxonomy":"es_type","embeddable":true,"href":"https:\/\/arriendo.com\/co\/wp-json\/wp\/v2\/es_types?post=318221"},{"taxonomy":"es_rent_period","embeddable":true,"href":"https:\/\/arriendo.com\/co\/wp-json\/wp\/v2\/es_rent_periods?post=318221"},{"taxonomy":"es_label","embeddable":true,"href":"https:\/\/arriendo.com\/co\/wp-json\/wp\/v2\/es_labels?post=318221"},{"taxonomy":"es_status","embeddable":true,"href":"https:\/\/arriendo.com\/co\/wp-json\/wp\/v2\/es_statuses?post=318221"},{"taxonomy":"es_parking","embeddable":true,"href":"https:\/\/arriendo.com\/co\/wp-json\/wp\/v2\/es_parkings?post=318221"},{"taxonomy":"es_roof","embeddable":true,"href":"https:\/\/arriendo.com\/co\/wp-json\/wp\/v2\/es_roofs?post=318221"},{"taxonomy":"es_exterior_material","embeddable":true,"href":"https:\/\/arriendo.com\/co\/wp-json\/wp\/v2\/es_exterior_materials?post=318221"},{"taxonomy":"es_basement","embeddable":true,"href":"https:\/\/arriendo.com\/co\/wp-json\/wp\/v2\/es_basements?post=318221"},{"taxonomy":"es_floor_covering","embeddable":true,"href":"https:\/\/arriendo.com\/co\/wp-json\/wp\/v2\/es_floor_coverings?post=318221"},{"taxonomy":"es_feature","embeddable":true,"href":"https:\/\/arriendo.com\/co\/wp-json\/wp\/v2\/es_features?post=318221"},{"taxonomy":"es_amenity","embeddable":true,"href":"https:\/\/arriendo.com\/co\/wp-json\/wp\/v2\/es_amenities?post=318221"},{"taxonomy":"es_neighborhood","embeddable":true,"href":"https:\/\/arriendo.com\/co\/wp-json\/wp\/v2\/es_neighborhoods?post=318221"},{"taxonomy":"es_tag","embeddable":true,"href":"https:\/\/arriendo.com\/co\/wp-json\/wp\/v2\/es_tags?post=318221"}],"curies":[{"name":"wp","href":"https:\/\/api.w.org\/{rel}","templated":true}]}}