{"id":314197,"date":"2026-02-18T18:36:14","date_gmt":"2026-02-18T23:36:14","guid":{"rendered":"https:\/\/arriendo.com\/co\/%es_type%\/%address_city%\/%neighborhood%\/sopo-centro-local-en-arriendo-en-e0cb4d\/"},"modified":"2026-02-18T18:36:14","modified_gmt":"2026-02-18T23:36:14","slug":"AR-314197","status":"publish","type":"properties","link":"https:\/\/arriendo.com\/co\/locales\/sopo\/centro\/AR-314197\/","title":{"rendered":"Local en Arriendo en Centro, Sop\u00f3"},"content":{"rendered":"<p>Se arrienda espectacular local muy bien ubicado comercial de dos pisos con 848 m\u00b2, ideal para empresas que buscan amplios espacios y una excelente visibilidad. Ubicado estrat\u00e9gicamente en Sop\u00f3, este local se destaca por su imponente fachada con m\u00faltiples ventanales, que garantizan un inigualable acceso de luz natural durante todo el d\u00eda, creando un ambiente de trabajo luminoso y productivo. En su interior, encontrar\u00e1s espacios generosos y vers\u00e1tiles distribuidos en dos niveles, perfectos para adaptar a las necesidades espec\u00edficas de tu empresa, desde \u00e1reas de exhibici\u00f3n hasta oficinas o zonas de producci\u00f3n. El segundo piso cuenta con un hermoso techo de madera, que a\u00f1ade un toque de calidez y distinci\u00f3n al ambiente. Ideal para gastro bar, pet shop, veterinaria, discoteca. Se acondicionran parqueaderos para visitantes, y podemos hacer cambios que se adecuen a tu razon social. El local que estas buscando te esperamos!!<\/p>\n","protected":false},"excerpt":{"rendered":"Se arrienda espectacular local muy bien ubicado comercial de dos...","protected":false},"author":7712,"featured_media":314200,"template":"","es_locations":[505,91,449],"es_categories":[124],"es_types":[117],"es_rent_periods":[],"es_labels":[],"es_statuses":[],"es_parkings":[],"es_roofs":[],"es_exterior_materials":[],"es_basements":[],"es_floor_coverings":[],"es_features":[2302,2442,2201,2132,2220,2440,2272,2135,2228,2137,2300],"es_amenities":[2303,2443,2206,2140,2221,2441,2273,2142,2258,2144,2301],"es_neighborhoods":[],"es_tags":[],"class_list":["post-314197","properties","type-properties","status-publish","has-post-thumbnail","hentry","es_location-centro","es_location-cundinamarca","es_location-sopo","es_category-arriendo","es_type-locales","es_feature-cocineta","es_feature-en-casa","es_feature-en-zona-comercial","es_feature-parques-cercanos","es_feature-patio","es_feature-patio-interno","es_feature-piso-en-baldosa-marmol","es_feature-sobre-via-principal","es_feature-ventilacion-natural","es_feature-zona-comercial","es_feature-zona-industrial","es_amenity-cocineta","es_amenity-en-casa","es_amenity-en-zona-comercial","es_amenity-parques-cercanos","es_amenity-patio","es_amenity-patio-interno","es_amenity-piso-en-baldosa-marmol","es_amenity-sobre-via-principal","es_amenity-ventilacion-natural","es_amenity-zona-comercial","es_amenity-zona-industrial","es-post-entity"],"_links":{"self":[{"href":"https:\/\/arriendo.com\/co\/wp-json\/wp\/v2\/properties\/314197","targetHints":{"allow":["GET"]}}],"collection":[{"href":"https:\/\/arriendo.com\/co\/wp-json\/wp\/v2\/properties"}],"about":[{"href":"https:\/\/arriendo.com\/co\/wp-json\/wp\/v2\/types\/properties"}],"author":[{"embeddable":true,"href":"https:\/\/arriendo.com\/co\/wp-json\/wp\/v2\/users\/7712"}],"version-history":[{"count":0,"href":"https:\/\/arriendo.com\/co\/wp-json\/wp\/v2\/properties\/314197\/revisions"}],"wp:featuredmedia":[{"embeddable":true,"href":"https:\/\/arriendo.com\/co\/wp-json\/wp\/v2\/media\/314200"}],"wp:attachment":[{"href":"https:\/\/arriendo.com\/co\/wp-json\/wp\/v2\/media?parent=314197"}],"wp:term":[{"taxonomy":"es_location","embeddable":true,"href":"https:\/\/arriendo.com\/co\/wp-json\/wp\/v2\/es_locations?post=314197"},{"taxonomy":"es_category","embeddable":true,"href":"https:\/\/arriendo.com\/co\/wp-json\/wp\/v2\/es_categories?post=314197"},{"taxonomy":"es_type","embeddable":true,"href":"https:\/\/arriendo.com\/co\/wp-json\/wp\/v2\/es_types?post=314197"},{"taxonomy":"es_rent_period","embeddable":true,"href":"https:\/\/arriendo.com\/co\/wp-json\/wp\/v2\/es_rent_periods?post=314197"},{"taxonomy":"es_label","embeddable":true,"href":"https:\/\/arriendo.com\/co\/wp-json\/wp\/v2\/es_labels?post=314197"},{"taxonomy":"es_status","embeddable":true,"href":"https:\/\/arriendo.com\/co\/wp-json\/wp\/v2\/es_statuses?post=314197"},{"taxonomy":"es_parking","embeddable":true,"href":"https:\/\/arriendo.com\/co\/wp-json\/wp\/v2\/es_parkings?post=314197"},{"taxonomy":"es_roof","embeddable":true,"href":"https:\/\/arriendo.com\/co\/wp-json\/wp\/v2\/es_roofs?post=314197"},{"taxonomy":"es_exterior_material","embeddable":true,"href":"https:\/\/arriendo.com\/co\/wp-json\/wp\/v2\/es_exterior_materials?post=314197"},{"taxonomy":"es_basement","embeddable":true,"href":"https:\/\/arriendo.com\/co\/wp-json\/wp\/v2\/es_basements?post=314197"},{"taxonomy":"es_floor_covering","embeddable":true,"href":"https:\/\/arriendo.com\/co\/wp-json\/wp\/v2\/es_floor_coverings?post=314197"},{"taxonomy":"es_feature","embeddable":true,"href":"https:\/\/arriendo.com\/co\/wp-json\/wp\/v2\/es_features?post=314197"},{"taxonomy":"es_amenity","embeddable":true,"href":"https:\/\/arriendo.com\/co\/wp-json\/wp\/v2\/es_amenities?post=314197"},{"taxonomy":"es_neighborhood","embeddable":true,"href":"https:\/\/arriendo.com\/co\/wp-json\/wp\/v2\/es_neighborhoods?post=314197"},{"taxonomy":"es_tag","embeddable":true,"href":"https:\/\/arriendo.com\/co\/wp-json\/wp\/v2\/es_tags?post=314197"}],"curies":[{"name":"wp","href":"https:\/\/api.w.org\/{rel}","templated":true}]}}