{"id":299373,"date":"2026-02-16T16:07:48","date_gmt":"2026-02-16T21:07:48","guid":{"rendered":"https:\/\/arriendo.com\/co\/%es_type%\/%address_city%\/%neighborhood%\/bello-cabanas-local-en-arriendo-en-44b284\/"},"modified":"2026-02-16T16:07:48","modified_gmt":"2026-02-16T21:07:48","slug":"AR-299373","status":"publish","type":"properties","link":"https:\/\/arriendo.com\/co\/locales\/bello\/cabanas\/AR-299373\/","title":{"rendered":"Local en Arriendo en Caba\u00f1as, Bello"},"content":{"rendered":"<p>Local en Arriendo o Venta Caba\u00f1as Bello\u00c1rea de 20 m\u00b2, con Mezanine, red de gas, cocina sencilla con campana extractora de olores y lavaplatos, piso en cer\u00e1mica, en excelente ubicaci\u00f3n, dentro del centro comercial Metro Mall, justo sobre la autopista. El mall cuenta con todos los servicios: farmacias, cajeros electr\u00f3nicos, peluquer\u00edas, porter\u00eda 24\/7 vigilancia privada, ba\u00f1os p\u00fablicos, parqueaderos p\u00fablicos y otros servicios.Hace parte de la Urbanizaci\u00f3n Ciudad Central, con 250 apartamentos que son los clientes potenciales del Mall, adem\u00e1s de los usuarios de la Estaci\u00f3n Madera entre otros.Ademas cuenta con excelente servicio de transporte p\u00fablico<\/p>\n","protected":false},"excerpt":{"rendered":"Local en Arriendo o Venta Caba\u00f1as Bello\u00c1rea de 20 m\u00b2,...","protected":false},"author":6945,"featured_media":299376,"template":"","es_locations":[79,538,1627],"es_categories":[124],"es_types":[117],"es_rent_periods":[],"es_labels":[],"es_statuses":[],"es_parkings":[],"es_roofs":[],"es_exterior_materials":[],"es_basements":[],"es_floor_coverings":[],"es_features":[2292,2293,2302,2148,2296,145,2317,2216,2150,2136,2297],"es_amenities":[2294,2295,2303,2157,2298,2160,2318,156,2161,2143,2299],"es_neighborhoods":[],"es_tags":[],"class_list":["post-299373","properties","type-properties","status-publish","has-post-thumbnail","hentry","es_location-antioquia","es_location-bello","es_location-cabanas","es_category-arriendo","es_type-locales","es_feature-acceso-pavimentado","es_feature-cerca-centro-comercial","es_feature-cocineta","es_feature-colegios-universidades","es_feature-en-edificio","es_feature-instalacion-de-gas","es_feature-mezzanine","es_feature-parqueadero-visitantes","es_feature-supermercados-c-comerciales","es_feature-trans-publico-cercano","es_feature-ubicada-en-edificio","es_amenity-acceso-pavimentado","es_amenity-cerca-centro-comercial","es_amenity-cocineta","es_amenity-colegios-universidades","es_amenity-en-edificio","es_amenity-instalacion-de-gas","es_amenity-mezzanine","es_amenity-parqueadero-visitantes","es_amenity-supermercados-c-comerciales","es_amenity-trans-publico-cercano","es_amenity-ubicada-en-edificio","es-post-entity"],"_links":{"self":[{"href":"https:\/\/arriendo.com\/co\/wp-json\/wp\/v2\/properties\/299373","targetHints":{"allow":["GET"]}}],"collection":[{"href":"https:\/\/arriendo.com\/co\/wp-json\/wp\/v2\/properties"}],"about":[{"href":"https:\/\/arriendo.com\/co\/wp-json\/wp\/v2\/types\/properties"}],"author":[{"embeddable":true,"href":"https:\/\/arriendo.com\/co\/wp-json\/wp\/v2\/users\/6945"}],"version-history":[{"count":0,"href":"https:\/\/arriendo.com\/co\/wp-json\/wp\/v2\/properties\/299373\/revisions"}],"wp:featuredmedia":[{"embeddable":true,"href":"https:\/\/arriendo.com\/co\/wp-json\/wp\/v2\/media\/299376"}],"wp:attachment":[{"href":"https:\/\/arriendo.com\/co\/wp-json\/wp\/v2\/media?parent=299373"}],"wp:term":[{"taxonomy":"es_location","embeddable":true,"href":"https:\/\/arriendo.com\/co\/wp-json\/wp\/v2\/es_locations?post=299373"},{"taxonomy":"es_category","embeddable":true,"href":"https:\/\/arriendo.com\/co\/wp-json\/wp\/v2\/es_categories?post=299373"},{"taxonomy":"es_type","embeddable":true,"href":"https:\/\/arriendo.com\/co\/wp-json\/wp\/v2\/es_types?post=299373"},{"taxonomy":"es_rent_period","embeddable":true,"href":"https:\/\/arriendo.com\/co\/wp-json\/wp\/v2\/es_rent_periods?post=299373"},{"taxonomy":"es_label","embeddable":true,"href":"https:\/\/arriendo.com\/co\/wp-json\/wp\/v2\/es_labels?post=299373"},{"taxonomy":"es_status","embeddable":true,"href":"https:\/\/arriendo.com\/co\/wp-json\/wp\/v2\/es_statuses?post=299373"},{"taxonomy":"es_parking","embeddable":true,"href":"https:\/\/arriendo.com\/co\/wp-json\/wp\/v2\/es_parkings?post=299373"},{"taxonomy":"es_roof","embeddable":true,"href":"https:\/\/arriendo.com\/co\/wp-json\/wp\/v2\/es_roofs?post=299373"},{"taxonomy":"es_exterior_material","embeddable":true,"href":"https:\/\/arriendo.com\/co\/wp-json\/wp\/v2\/es_exterior_materials?post=299373"},{"taxonomy":"es_basement","embeddable":true,"href":"https:\/\/arriendo.com\/co\/wp-json\/wp\/v2\/es_basements?post=299373"},{"taxonomy":"es_floor_covering","embeddable":true,"href":"https:\/\/arriendo.com\/co\/wp-json\/wp\/v2\/es_floor_coverings?post=299373"},{"taxonomy":"es_feature","embeddable":true,"href":"https:\/\/arriendo.com\/co\/wp-json\/wp\/v2\/es_features?post=299373"},{"taxonomy":"es_amenity","embeddable":true,"href":"https:\/\/arriendo.com\/co\/wp-json\/wp\/v2\/es_amenities?post=299373"},{"taxonomy":"es_neighborhood","embeddable":true,"href":"https:\/\/arriendo.com\/co\/wp-json\/wp\/v2\/es_neighborhoods?post=299373"},{"taxonomy":"es_tag","embeddable":true,"href":"https:\/\/arriendo.com\/co\/wp-json\/wp\/v2\/es_tags?post=299373"}],"curies":[{"name":"wp","href":"https:\/\/api.w.org\/{rel}","templated":true}]}}