{"id":296621,"date":"2026-02-16T14:03:51","date_gmt":"2026-02-16T19:03:51","guid":{"rendered":"https:\/\/arriendo.com\/co\/%es_type%\/%address_city%\/%neighborhood%\/ibague-ibague-apartamento-en-arriendo-en-732c6d\/"},"modified":"2026-02-16T14:03:51","modified_gmt":"2026-02-16T19:03:51","slug":"AR-296621","status":"publish","type":"properties","link":"https:\/\/arriendo.com\/co\/apartamentos\/ibague\/ibague\/AR-296621\/","title":{"rendered":"Apartamento en Arriendo en Ibagu\u00e9"},"content":{"rendered":"<p>Apartamento con servicios b\u00e1sicos incluidos, est\u00e1 en Ibagu\u00e9, es un inmueble con dos habitaciones, est\u00e1 ubicado en un sub s\u00f3tano con ingreso por escaleras, pero tiene vista exterior. Cuenta con un ba\u00f1o, tiene estufa a gas y zona de lavander\u00eda. <\/p>\n<p>Ubicado en la calle 20, con carrera 7 en la capital de la m\u00fasica, Tiene 30m\u00b2, El precio del arriendo es de $650\u2019000 pesos para una persona y $700\u2019000 para dos personas, incluye agua, luz y gas. El requisito es pasar el estudio de la aseguradora y tiene restricci\u00f3n de mascotas. Cuenta con la opci\u00f3n de tener un parqueadero de moto por $50\u2019000 adicionales<\/p>\n","protected":false},"excerpt":{"rendered":"Apartamento con servicios b\u00e1sicos incluidos, est\u00e1 en Ibagu\u00e9, es un...","protected":false},"author":6798,"featured_media":296624,"template":"","es_locations":[337,106],"es_categories":[124],"es_types":[114],"es_rent_periods":[],"es_labels":[],"es_statuses":[],"es_parkings":[],"es_roofs":[],"es_exterior_materials":[],"es_basements":[],"es_floor_coverings":[],"es_features":[2145,2131,2148,2149,145,2132,2220,2272,2150,2136,2306,2137,2151,2152],"es_amenities":[2153,2139,2157,2159,2160,2140,2221,2273,2161,2143,2308,2144,162,2162],"es_neighborhoods":[],"es_tags":[],"class_list":["post-296621","properties","type-properties","status-publish","has-post-thumbnail","hentry","es_location-ibague","es_location-tolima","es_category-arriendo","es_type-apartamentos","es_feature-calentador","es_feature-circuito-cerrado-de-tv","es_feature-colegios-universidades","es_feature-garajes","es_feature-instalacion-de-gas","es_feature-parques-cercanos","es_feature-patio","es_feature-piso-en-baldosa-marmol","es_feature-supermercados-c-comerciales","es_feature-trans-publico-cercano","es_feature-zona-campestre","es_feature-zona-comercial","es_feature-zona-de-lavanderia","es_feature-zona-residencial","es_amenity-calentador","es_amenity-circuito-cerrado-de-tv","es_amenity-colegios-universidades","es_amenity-garajes","es_amenity-instalacion-de-gas","es_amenity-parques-cercanos","es_amenity-patio","es_amenity-piso-en-baldosa-marmol","es_amenity-supermercados-c-comerciales","es_amenity-trans-publico-cercano","es_amenity-zona-campestre","es_amenity-zona-comercial","es_amenity-zona-de-lavanderia","es_amenity-zona-residencial","es-post-entity"],"_links":{"self":[{"href":"https:\/\/arriendo.com\/co\/wp-json\/wp\/v2\/properties\/296621","targetHints":{"allow":["GET"]}}],"collection":[{"href":"https:\/\/arriendo.com\/co\/wp-json\/wp\/v2\/properties"}],"about":[{"href":"https:\/\/arriendo.com\/co\/wp-json\/wp\/v2\/types\/properties"}],"author":[{"embeddable":true,"href":"https:\/\/arriendo.com\/co\/wp-json\/wp\/v2\/users\/6798"}],"version-history":[{"count":0,"href":"https:\/\/arriendo.com\/co\/wp-json\/wp\/v2\/properties\/296621\/revisions"}],"wp:featuredmedia":[{"embeddable":true,"href":"https:\/\/arriendo.com\/co\/wp-json\/wp\/v2\/media\/296624"}],"wp:attachment":[{"href":"https:\/\/arriendo.com\/co\/wp-json\/wp\/v2\/media?parent=296621"}],"wp:term":[{"taxonomy":"es_location","embeddable":true,"href":"https:\/\/arriendo.com\/co\/wp-json\/wp\/v2\/es_locations?post=296621"},{"taxonomy":"es_category","embeddable":true,"href":"https:\/\/arriendo.com\/co\/wp-json\/wp\/v2\/es_categories?post=296621"},{"taxonomy":"es_type","embeddable":true,"href":"https:\/\/arriendo.com\/co\/wp-json\/wp\/v2\/es_types?post=296621"},{"taxonomy":"es_rent_period","embeddable":true,"href":"https:\/\/arriendo.com\/co\/wp-json\/wp\/v2\/es_rent_periods?post=296621"},{"taxonomy":"es_label","embeddable":true,"href":"https:\/\/arriendo.com\/co\/wp-json\/wp\/v2\/es_labels?post=296621"},{"taxonomy":"es_status","embeddable":true,"href":"https:\/\/arriendo.com\/co\/wp-json\/wp\/v2\/es_statuses?post=296621"},{"taxonomy":"es_parking","embeddable":true,"href":"https:\/\/arriendo.com\/co\/wp-json\/wp\/v2\/es_parkings?post=296621"},{"taxonomy":"es_roof","embeddable":true,"href":"https:\/\/arriendo.com\/co\/wp-json\/wp\/v2\/es_roofs?post=296621"},{"taxonomy":"es_exterior_material","embeddable":true,"href":"https:\/\/arriendo.com\/co\/wp-json\/wp\/v2\/es_exterior_materials?post=296621"},{"taxonomy":"es_basement","embeddable":true,"href":"https:\/\/arriendo.com\/co\/wp-json\/wp\/v2\/es_basements?post=296621"},{"taxonomy":"es_floor_covering","embeddable":true,"href":"https:\/\/arriendo.com\/co\/wp-json\/wp\/v2\/es_floor_coverings?post=296621"},{"taxonomy":"es_feature","embeddable":true,"href":"https:\/\/arriendo.com\/co\/wp-json\/wp\/v2\/es_features?post=296621"},{"taxonomy":"es_amenity","embeddable":true,"href":"https:\/\/arriendo.com\/co\/wp-json\/wp\/v2\/es_amenities?post=296621"},{"taxonomy":"es_neighborhood","embeddable":true,"href":"https:\/\/arriendo.com\/co\/wp-json\/wp\/v2\/es_neighborhoods?post=296621"},{"taxonomy":"es_tag","embeddable":true,"href":"https:\/\/arriendo.com\/co\/wp-json\/wp\/v2\/es_tags?post=296621"}],"curies":[{"name":"wp","href":"https:\/\/api.w.org\/{rel}","templated":true}]}}