{"id":291307,"date":"2026-02-16T09:24:02","date_gmt":"2026-02-16T14:24:02","guid":{"rendered":"https:\/\/arriendo.com\/co\/%es_type%\/%address_city%\/%neighborhood%\/mosquera-cn-palo-alto-local-en-arriendo-en-297748\/"},"modified":"2026-02-16T09:24:02","modified_gmt":"2026-02-16T14:24:02","slug":"AR-291307","status":"publish","type":"properties","link":"https:\/\/arriendo.com\/co\/locales\/mosquera\/cn-palo-alto\/AR-291307\/","title":{"rendered":"Local en arriendo en Cn palo alto, Mosquera"},"content":{"rendered":"<p>1388 Gran oportunidad, local en arriendo en mosquera cundinamarca. consta de noventa y seis metros, dos ba\u00f1os y zona de cafeter\u00eda, ideal para oficinas, sal\u00f3n de belleza, entre otro. Cuenta con una excelente ubicacion ya que se encuentra cerca al ecoplaza, en zona comercial, no pierdas esta gran oportunidad, contactanos! 724-1388<\/p>\n","protected":false},"excerpt":{"rendered":"1388 Gran oportunidad, local en arriendo en mosquera cundinamarca. consta...","protected":false},"author":7627,"featured_media":290172,"template":"","es_locations":[3184,91,508],"es_categories":[124],"es_types":[117],"es_rent_periods":[],"es_labels":[],"es_statuses":[],"es_parkings":[],"es_roofs":[],"es_exterior_materials":[],"es_basements":[],"es_floor_coverings":[],"es_features":[2229,2223,2275,2200,2293,2233,2234,2201,145,2272,2236,2283,2239,2150,2240,2136,144,2152],"es_amenities":[2261,2245,2277,2205,2295,2248,2249,2206,2160,2273,2253,2288,2256,2161,2257,2143,2289,2162],"es_neighborhoods":[],"es_tags":[],"class_list":["post-291307","properties","type-properties","status-publish","has-post-thumbnail","hentry","es_location-cn-palo-alto","es_location-cundinamarca","es_location-mosquera","es_category-arriendo","es_type-locales","es_feature-arboles-frutales","es_feature-bano-compartido","es_feature-bombas-de-gasolina","es_feature-cerca-a-sector-comercial","es_feature-cerca-centro-comercial","es_feature-cerca-de-zona-urbana","es_feature-comodas-vias-de-acceso","es_feature-en-zona-comercial","es_feature-instalacion-de-gas","es_feature-piso-en-baldosa-marmol","es_feature-restaurantes","es_feature-servicio-de-internet","es_feature-sobre-via-secundaria","es_feature-supermercados-c-comerciales","es_feature-todos-los-servicios","es_feature-trans-publico-cercano","es_feature-vista-panoramica","es_feature-zona-residencial","es_amenity-arboles-frutales","es_amenity-bano-compartido","es_amenity-bombas-de-gasolina","es_amenity-cerca-a-sector-comercial","es_amenity-cerca-centro-comercial","es_amenity-cerca-de-zona-urbana","es_amenity-comodas-vias-de-acceso","es_amenity-en-zona-comercial","es_amenity-instalacion-de-gas","es_amenity-piso-en-baldosa-marmol","es_amenity-restaurantes","es_amenity-servicio-de-internet","es_amenity-sobre-via-secundaria","es_amenity-supermercados-c-comerciales","es_amenity-todos-los-servicios","es_amenity-trans-publico-cercano","es_amenity-vista-panoramica","es_amenity-zona-residencial","es-post-entity"],"_links":{"self":[{"href":"https:\/\/arriendo.com\/co\/wp-json\/wp\/v2\/properties\/291307","targetHints":{"allow":["GET"]}}],"collection":[{"href":"https:\/\/arriendo.com\/co\/wp-json\/wp\/v2\/properties"}],"about":[{"href":"https:\/\/arriendo.com\/co\/wp-json\/wp\/v2\/types\/properties"}],"author":[{"embeddable":true,"href":"https:\/\/arriendo.com\/co\/wp-json\/wp\/v2\/users\/7627"}],"version-history":[{"count":0,"href":"https:\/\/arriendo.com\/co\/wp-json\/wp\/v2\/properties\/291307\/revisions"}],"wp:featuredmedia":[{"embeddable":true,"href":"https:\/\/arriendo.com\/co\/wp-json\/wp\/v2\/media\/290172"}],"wp:attachment":[{"href":"https:\/\/arriendo.com\/co\/wp-json\/wp\/v2\/media?parent=291307"}],"wp:term":[{"taxonomy":"es_location","embeddable":true,"href":"https:\/\/arriendo.com\/co\/wp-json\/wp\/v2\/es_locations?post=291307"},{"taxonomy":"es_category","embeddable":true,"href":"https:\/\/arriendo.com\/co\/wp-json\/wp\/v2\/es_categories?post=291307"},{"taxonomy":"es_type","embeddable":true,"href":"https:\/\/arriendo.com\/co\/wp-json\/wp\/v2\/es_types?post=291307"},{"taxonomy":"es_rent_period","embeddable":true,"href":"https:\/\/arriendo.com\/co\/wp-json\/wp\/v2\/es_rent_periods?post=291307"},{"taxonomy":"es_label","embeddable":true,"href":"https:\/\/arriendo.com\/co\/wp-json\/wp\/v2\/es_labels?post=291307"},{"taxonomy":"es_status","embeddable":true,"href":"https:\/\/arriendo.com\/co\/wp-json\/wp\/v2\/es_statuses?post=291307"},{"taxonomy":"es_parking","embeddable":true,"href":"https:\/\/arriendo.com\/co\/wp-json\/wp\/v2\/es_parkings?post=291307"},{"taxonomy":"es_roof","embeddable":true,"href":"https:\/\/arriendo.com\/co\/wp-json\/wp\/v2\/es_roofs?post=291307"},{"taxonomy":"es_exterior_material","embeddable":true,"href":"https:\/\/arriendo.com\/co\/wp-json\/wp\/v2\/es_exterior_materials?post=291307"},{"taxonomy":"es_basement","embeddable":true,"href":"https:\/\/arriendo.com\/co\/wp-json\/wp\/v2\/es_basements?post=291307"},{"taxonomy":"es_floor_covering","embeddable":true,"href":"https:\/\/arriendo.com\/co\/wp-json\/wp\/v2\/es_floor_coverings?post=291307"},{"taxonomy":"es_feature","embeddable":true,"href":"https:\/\/arriendo.com\/co\/wp-json\/wp\/v2\/es_features?post=291307"},{"taxonomy":"es_amenity","embeddable":true,"href":"https:\/\/arriendo.com\/co\/wp-json\/wp\/v2\/es_amenities?post=291307"},{"taxonomy":"es_neighborhood","embeddable":true,"href":"https:\/\/arriendo.com\/co\/wp-json\/wp\/v2\/es_neighborhoods?post=291307"},{"taxonomy":"es_tag","embeddable":true,"href":"https:\/\/arriendo.com\/co\/wp-json\/wp\/v2\/es_tags?post=291307"}],"curies":[{"name":"wp","href":"https:\/\/api.w.org\/{rel}","templated":true}]}}