{"id":282620,"date":"2026-02-12T10:08:11","date_gmt":"2026-02-12T15:08:11","guid":{"rendered":"https:\/\/arriendo.com\/co\/%es_type%\/%address_city%\/%neighborhood%\/rionegro-san-antonio-de-pereira-apartamento-en-arriendo-en-bbaa9d\/"},"modified":"2026-02-12T10:08:11","modified_gmt":"2026-02-12T15:08:11","slug":"AR-282620","status":"publish","type":"properties","link":"https:\/\/arriendo.com\/co\/apartamentos\/rionegro\/san-antonio-de-pereira\/AR-282620\/","title":{"rendered":"Apartamento en Arriendo en San Antonio de Pereira, Rionegro"},"content":{"rendered":"<p>Se arrienda lujoso y amplio apartamento para estrenar con una excelente ubicaci\u00f3n, cerca al Parque principal de San antonio de Pereira en el municipio de Rionegro, tambi\u00e9n podr\u00e1s disfrutar de supermercados, tiendas, zonas comerciales, restaurantes reconocidos y muchos m\u00e1s beneficios que solo este sector tiene para t\u00ed.El inmueble cuenta con sala-comedor, cocina integral con estufa de gas de 4 puestos, horno, dos balcones con una espectacular vista panor\u00e1mica, zona de ropas, 3 alcobas de las cuales 2 cuentan con cl\u00f3set y la principal con vestier acompa\u00f1ado de su ba\u00f1o privado m\u00e1s el ba\u00f1o social, piso en cer\u00e1mica, parqueadero privado cubierto, cuarto \u00fatil, puerta blindada para que tengas toda la seguridad necesaria.An\u00edmate, !!agencia t\u00fa cita ya!!<\/p>\n","protected":false},"excerpt":{"rendered":"Se arrienda lujoso y amplio apartamento para estrenar con una...","protected":false},"author":6867,"featured_media":282623,"template":"","es_locations":[79,502,504],"es_categories":[124],"es_types":[114],"es_rent_periods":[],"es_labels":[],"es_statuses":[],"es_parkings":[],"es_roofs":[],"es_exterior_materials":[],"es_basements":[],"es_floor_coverings":[],"es_features":[2292,131,2174,132,2212,2164,2165,2145,2211,2131,2166,2146,2148,2296,2177,2202,2178,2179,145,2203,2304,2216,2132,2133,2182,2183,2167,2150,2136,2297,144,2184,2151,2185,2204],"es_amenities":[2294,152,2169,2186,2217,2187,2188,2153,2210,2139,2189,2155,2157,2298,2192,2207,2193,154,2160,2208,2307,156,2140,158,159,2170,2171,2161,2143,2299,2289,2172,162,2173,2209],"es_neighborhoods":[],"es_tags":[],"class_list":["post-282620","properties","type-properties","status-publish","has-post-thumbnail","hentry","es_location-antioquia","es_location-rionegro","es_location-san-antonio-de-pereira","es_category-arriendo","es_type-apartamentos","es_feature-acceso-pavimentado","es_feature-ascensor","es_feature-auditorio","es_feature-balcon","es_feature-bano-auxiliar","es_feature-bano-independiente","es_feature-caldera","es_feature-calentador","es_feature-canchas-deportivas","es_feature-circuito-cerrado-de-tv","es_feature-closet","es_feature-cocina-integral","es_feature-colegios-universidades","es_feature-en-edificio","es_feature-finca-cafetera","es_feature-garaje-parqueaderos","es_feature-garaje-cubierto","es_feature-gimnasio","es_feature-instalacion-de-gas","es_feature-jardines-exteriores","es_feature-panoramica-360o","es_feature-parqueadero-visitantes","es_feature-parques-cercanos","es_feature-porteria-recepcion","es_feature-salon-comunal","es_feature-salon-de-juegos","es_feature-sauna-turco-jacuzzi","es_feature-supermercados-c-comerciales","es_feature-trans-publico-cercano","es_feature-ubicada-en-edificio","es_feature-vista-panoramica","es_feature-zona-de-bbq","es_feature-zona-de-lavanderia","es_feature-zona-infantil","es_feature-zonas-verdes","es_amenity-acceso-pavimentado","es_amenity-ascensor-privado","es_amenity-auditorio","es_amenity-balcon","es_amenity-bano-auxiliar","es_amenity-bano-independiente","es_amenity-caldera","es_amenity-calentador","es_amenity-canchas-deportivas","es_amenity-circuito-cerrado-de-tv","es_amenity-closet","es_amenity-cocina-integral","es_amenity-colegios-universidades","es_amenity-en-edificio","es_amenity-finca-cafetera","es_amenity-garaje-parqueaderos","es_amenity-garaje-cubierto","es_amenity-gimnasio","es_amenity-instalacion-de-gas","es_amenity-jardines-exteriores","es_amenity-panoramica-360o","es_amenity-parqueadero-visitantes","es_amenity-parques-cercanos","es_amenity-porteria-recepcion","es_amenity-salon-comunal","es_amenity-salon-de-juegos","es_amenity-sauna-turco-jacuzzi","es_amenity-supermercados-c-comerciales","es_amenity-trans-publico-cercano","es_amenity-ubicada-en-edificio","es_amenity-vista-panoramica","es_amenity-zona-de-bbq","es_amenity-zona-de-lavanderia","es_amenity-zona-infantil","es_amenity-zonas-verdes","es-post-entity"],"_links":{"self":[{"href":"https:\/\/arriendo.com\/co\/wp-json\/wp\/v2\/properties\/282620","targetHints":{"allow":["GET"]}}],"collection":[{"href":"https:\/\/arriendo.com\/co\/wp-json\/wp\/v2\/properties"}],"about":[{"href":"https:\/\/arriendo.com\/co\/wp-json\/wp\/v2\/types\/properties"}],"author":[{"embeddable":true,"href":"https:\/\/arriendo.com\/co\/wp-json\/wp\/v2\/users\/6867"}],"version-history":[{"count":0,"href":"https:\/\/arriendo.com\/co\/wp-json\/wp\/v2\/properties\/282620\/revisions"}],"wp:featuredmedia":[{"embeddable":true,"href":"https:\/\/arriendo.com\/co\/wp-json\/wp\/v2\/media\/282623"}],"wp:attachment":[{"href":"https:\/\/arriendo.com\/co\/wp-json\/wp\/v2\/media?parent=282620"}],"wp:term":[{"taxonomy":"es_location","embeddable":true,"href":"https:\/\/arriendo.com\/co\/wp-json\/wp\/v2\/es_locations?post=282620"},{"taxonomy":"es_category","embeddable":true,"href":"https:\/\/arriendo.com\/co\/wp-json\/wp\/v2\/es_categories?post=282620"},{"taxonomy":"es_type","embeddable":true,"href":"https:\/\/arriendo.com\/co\/wp-json\/wp\/v2\/es_types?post=282620"},{"taxonomy":"es_rent_period","embeddable":true,"href":"https:\/\/arriendo.com\/co\/wp-json\/wp\/v2\/es_rent_periods?post=282620"},{"taxonomy":"es_label","embeddable":true,"href":"https:\/\/arriendo.com\/co\/wp-json\/wp\/v2\/es_labels?post=282620"},{"taxonomy":"es_status","embeddable":true,"href":"https:\/\/arriendo.com\/co\/wp-json\/wp\/v2\/es_statuses?post=282620"},{"taxonomy":"es_parking","embeddable":true,"href":"https:\/\/arriendo.com\/co\/wp-json\/wp\/v2\/es_parkings?post=282620"},{"taxonomy":"es_roof","embeddable":true,"href":"https:\/\/arriendo.com\/co\/wp-json\/wp\/v2\/es_roofs?post=282620"},{"taxonomy":"es_exterior_material","embeddable":true,"href":"https:\/\/arriendo.com\/co\/wp-json\/wp\/v2\/es_exterior_materials?post=282620"},{"taxonomy":"es_basement","embeddable":true,"href":"https:\/\/arriendo.com\/co\/wp-json\/wp\/v2\/es_basements?post=282620"},{"taxonomy":"es_floor_covering","embeddable":true,"href":"https:\/\/arriendo.com\/co\/wp-json\/wp\/v2\/es_floor_coverings?post=282620"},{"taxonomy":"es_feature","embeddable":true,"href":"https:\/\/arriendo.com\/co\/wp-json\/wp\/v2\/es_features?post=282620"},{"taxonomy":"es_amenity","embeddable":true,"href":"https:\/\/arriendo.com\/co\/wp-json\/wp\/v2\/es_amenities?post=282620"},{"taxonomy":"es_neighborhood","embeddable":true,"href":"https:\/\/arriendo.com\/co\/wp-json\/wp\/v2\/es_neighborhoods?post=282620"},{"taxonomy":"es_tag","embeddable":true,"href":"https:\/\/arriendo.com\/co\/wp-json\/wp\/v2\/es_tags?post=282620"}],"curies":[{"name":"wp","href":"https:\/\/api.w.org\/{rel}","templated":true}]}}