{"id":278671,"date":"2026-02-12T00:48:10","date_gmt":"2026-02-12T05:48:10","guid":{"rendered":"https:\/\/arriendo.com\/co\/%es_type%\/%address_city%\/%neighborhood%\/sabaneta-loma-de-san-jose-apartamento-en-arriendo-en-a10734\/"},"modified":"2026-02-12T00:48:10","modified_gmt":"2026-02-12T05:48:10","slug":"AR-278671","status":"publish","type":"properties","link":"https:\/\/arriendo.com\/co\/apartamentos\/sabaneta\/loma-de-san-jose\/AR-278671\/","title":{"rendered":"Apartamento en Arriendo en Loma de San Jose, Sabaneta"},"content":{"rendered":"<p>Arriendo apartamento en Sabaneta, Loma de San Jos\u00e9. Cuenta con dos habitaciones muy amplias, cocina integral, dos ba\u00f1os, balc\u00f3n, parqueadero com\u00fan cubierto de f\u00e1cil acceso. El apartamento est\u00e1 ubicado justo donde llega la l\u00ednea de buses integrados del metro. Est\u00e1 ubicado en una zona tranquila, con agradable vista y cerca a zonas veredales para caminar o hacer deporte.<\/p>\n","protected":false},"excerpt":{"rendered":"Arriendo apartamento en Sabaneta, Loma de San Jos\u00e9. Cuenta con...","protected":false},"author":4102,"featured_media":278674,"template":"","es_locations":[79,2291,473],"es_categories":[124],"es_types":[114],"es_rent_periods":[],"es_labels":[],"es_statuses":[],"es_parkings":[],"es_roofs":[],"es_exterior_materials":[],"es_basements":[],"es_floor_coverings":[],"es_features":[2292,131,132,2212,2164,2263,2145,2233,2166,2146,2196,2216,2272,2133,2136,144,2151],"es_amenities":[2294,152,2186,2217,2187,2269,2153,2248,2189,2155,2197,156,2273,158,2143,2289,162],"es_neighborhoods":[],"es_tags":[],"class_list":["post-278671","properties","type-properties","status-publish","has-post-thumbnail","hentry","es_location-antioquia","es_location-loma-de-san-jose","es_location-sabaneta","es_category-arriendo","es_type-apartamentos","es_feature-acceso-pavimentado","es_feature-ascensor","es_feature-balcon","es_feature-bano-auxiliar","es_feature-bano-independiente","es_feature-barra-estilo-americano","es_feature-calentador","es_feature-cerca-de-zona-urbana","es_feature-closet","es_feature-cocina-integral","es_feature-en-conjunto-cerrado","es_feature-parqueadero-visitantes","es_feature-piso-en-baldosa-marmol","es_feature-porteria-recepcion","es_feature-trans-publico-cercano","es_feature-vista-panoramica","es_feature-zona-de-lavanderia","es_amenity-acceso-pavimentado","es_amenity-ascensor-privado","es_amenity-balcon","es_amenity-bano-auxiliar","es_amenity-bano-independiente","es_amenity-barra-estilo-americano","es_amenity-calentador","es_amenity-cerca-de-zona-urbana","es_amenity-closet","es_amenity-cocina-integral","es_amenity-en-conjunto-cerrado","es_amenity-parqueadero-visitantes","es_amenity-piso-en-baldosa-marmol","es_amenity-porteria-recepcion","es_amenity-trans-publico-cercano","es_amenity-vista-panoramica","es_amenity-zona-de-lavanderia","es-post-entity"],"_links":{"self":[{"href":"https:\/\/arriendo.com\/co\/wp-json\/wp\/v2\/properties\/278671","targetHints":{"allow":["GET"]}}],"collection":[{"href":"https:\/\/arriendo.com\/co\/wp-json\/wp\/v2\/properties"}],"about":[{"href":"https:\/\/arriendo.com\/co\/wp-json\/wp\/v2\/types\/properties"}],"author":[{"embeddable":true,"href":"https:\/\/arriendo.com\/co\/wp-json\/wp\/v2\/users\/4102"}],"version-history":[{"count":0,"href":"https:\/\/arriendo.com\/co\/wp-json\/wp\/v2\/properties\/278671\/revisions"}],"wp:featuredmedia":[{"embeddable":true,"href":"https:\/\/arriendo.com\/co\/wp-json\/wp\/v2\/media\/278674"}],"wp:attachment":[{"href":"https:\/\/arriendo.com\/co\/wp-json\/wp\/v2\/media?parent=278671"}],"wp:term":[{"taxonomy":"es_location","embeddable":true,"href":"https:\/\/arriendo.com\/co\/wp-json\/wp\/v2\/es_locations?post=278671"},{"taxonomy":"es_category","embeddable":true,"href":"https:\/\/arriendo.com\/co\/wp-json\/wp\/v2\/es_categories?post=278671"},{"taxonomy":"es_type","embeddable":true,"href":"https:\/\/arriendo.com\/co\/wp-json\/wp\/v2\/es_types?post=278671"},{"taxonomy":"es_rent_period","embeddable":true,"href":"https:\/\/arriendo.com\/co\/wp-json\/wp\/v2\/es_rent_periods?post=278671"},{"taxonomy":"es_label","embeddable":true,"href":"https:\/\/arriendo.com\/co\/wp-json\/wp\/v2\/es_labels?post=278671"},{"taxonomy":"es_status","embeddable":true,"href":"https:\/\/arriendo.com\/co\/wp-json\/wp\/v2\/es_statuses?post=278671"},{"taxonomy":"es_parking","embeddable":true,"href":"https:\/\/arriendo.com\/co\/wp-json\/wp\/v2\/es_parkings?post=278671"},{"taxonomy":"es_roof","embeddable":true,"href":"https:\/\/arriendo.com\/co\/wp-json\/wp\/v2\/es_roofs?post=278671"},{"taxonomy":"es_exterior_material","embeddable":true,"href":"https:\/\/arriendo.com\/co\/wp-json\/wp\/v2\/es_exterior_materials?post=278671"},{"taxonomy":"es_basement","embeddable":true,"href":"https:\/\/arriendo.com\/co\/wp-json\/wp\/v2\/es_basements?post=278671"},{"taxonomy":"es_floor_covering","embeddable":true,"href":"https:\/\/arriendo.com\/co\/wp-json\/wp\/v2\/es_floor_coverings?post=278671"},{"taxonomy":"es_feature","embeddable":true,"href":"https:\/\/arriendo.com\/co\/wp-json\/wp\/v2\/es_features?post=278671"},{"taxonomy":"es_amenity","embeddable":true,"href":"https:\/\/arriendo.com\/co\/wp-json\/wp\/v2\/es_amenities?post=278671"},{"taxonomy":"es_neighborhood","embeddable":true,"href":"https:\/\/arriendo.com\/co\/wp-json\/wp\/v2\/es_neighborhoods?post=278671"},{"taxonomy":"es_tag","embeddable":true,"href":"https:\/\/arriendo.com\/co\/wp-json\/wp\/v2\/es_tags?post=278671"}],"curies":[{"name":"wp","href":"https:\/\/api.w.org\/{rel}","templated":true}]}}