{"id":275766,"date":"2026-02-11T18:50:11","date_gmt":"2026-02-11T23:50:11","guid":{"rendered":"https:\/\/arriendo.com\/co\/%es_type%\/%address_city%\/%neighborhood%\/chia-bojaca-local-en-arriendo-36a560\/"},"modified":"2026-02-11T18:50:11","modified_gmt":"2026-02-11T23:50:11","slug":"AR-275766","status":"publish","type":"properties","link":"https:\/\/arriendo.com\/co\/locales\/chia\/bojaca\/AR-275766\/","title":{"rendered":"Local en  Arriendo en Bojaca, Ch\u00eda"},"content":{"rendered":"<p>Arrendamos local comercial en chia cundinamarca en el sector de Mercedes de calahorra bojaca, se encuentra ubicado en la zona comercial del sector con m\u00e1s flujo de personas ya que est\u00e1 muy cerca del sector recidencial de parque las flores 1,2,3 entre muchos m\u00e1s conjuntos, cerca a la autopista cajica Bogot\u00e1, colegios. En el canon est\u00e1 incluida la administraci\u00f3n, no pierdas esta gran oportunidad de adquirir este amplio local y agenda una cita lo m\u00e1s pronto con nuestros agentes inmobiliarios, el precio del canon ya incluye la administraci\u00f3n.<\/p>\n","protected":false},"excerpt":{"rendered":"Arrendamos local comercial en chia cundinamarca en el sector de...","protected":false},"author":4102,"featured_media":275769,"template":"","es_locations":[1247,203,91],"es_categories":[124],"es_types":[117],"es_rent_periods":[],"es_labels":[],"es_statuses":[],"es_parkings":[],"es_roofs":[],"es_exterior_materials":[],"es_basements":[],"es_floor_coverings":[],"es_features":[2292,2212,2233,2132,2272,2150,2136,2137,2152],"es_amenities":[2294,2217,2248,2140,2273,2161,2143,2144,2162],"es_neighborhoods":[],"es_tags":[],"class_list":["post-275766","properties","type-properties","status-publish","has-post-thumbnail","hentry","es_location-bojaca","es_location-chia","es_location-cundinamarca","es_category-arriendo","es_type-locales","es_feature-acceso-pavimentado","es_feature-bano-auxiliar","es_feature-cerca-de-zona-urbana","es_feature-parques-cercanos","es_feature-piso-en-baldosa-marmol","es_feature-supermercados-c-comerciales","es_feature-trans-publico-cercano","es_feature-zona-comercial","es_feature-zona-residencial","es_amenity-acceso-pavimentado","es_amenity-bano-auxiliar","es_amenity-cerca-de-zona-urbana","es_amenity-parques-cercanos","es_amenity-piso-en-baldosa-marmol","es_amenity-supermercados-c-comerciales","es_amenity-trans-publico-cercano","es_amenity-zona-comercial","es_amenity-zona-residencial","es-post-entity"],"_links":{"self":[{"href":"https:\/\/arriendo.com\/co\/wp-json\/wp\/v2\/properties\/275766","targetHints":{"allow":["GET"]}}],"collection":[{"href":"https:\/\/arriendo.com\/co\/wp-json\/wp\/v2\/properties"}],"about":[{"href":"https:\/\/arriendo.com\/co\/wp-json\/wp\/v2\/types\/properties"}],"author":[{"embeddable":true,"href":"https:\/\/arriendo.com\/co\/wp-json\/wp\/v2\/users\/4102"}],"version-history":[{"count":0,"href":"https:\/\/arriendo.com\/co\/wp-json\/wp\/v2\/properties\/275766\/revisions"}],"wp:featuredmedia":[{"embeddable":true,"href":"https:\/\/arriendo.com\/co\/wp-json\/wp\/v2\/media\/275769"}],"wp:attachment":[{"href":"https:\/\/arriendo.com\/co\/wp-json\/wp\/v2\/media?parent=275766"}],"wp:term":[{"taxonomy":"es_location","embeddable":true,"href":"https:\/\/arriendo.com\/co\/wp-json\/wp\/v2\/es_locations?post=275766"},{"taxonomy":"es_category","embeddable":true,"href":"https:\/\/arriendo.com\/co\/wp-json\/wp\/v2\/es_categories?post=275766"},{"taxonomy":"es_type","embeddable":true,"href":"https:\/\/arriendo.com\/co\/wp-json\/wp\/v2\/es_types?post=275766"},{"taxonomy":"es_rent_period","embeddable":true,"href":"https:\/\/arriendo.com\/co\/wp-json\/wp\/v2\/es_rent_periods?post=275766"},{"taxonomy":"es_label","embeddable":true,"href":"https:\/\/arriendo.com\/co\/wp-json\/wp\/v2\/es_labels?post=275766"},{"taxonomy":"es_status","embeddable":true,"href":"https:\/\/arriendo.com\/co\/wp-json\/wp\/v2\/es_statuses?post=275766"},{"taxonomy":"es_parking","embeddable":true,"href":"https:\/\/arriendo.com\/co\/wp-json\/wp\/v2\/es_parkings?post=275766"},{"taxonomy":"es_roof","embeddable":true,"href":"https:\/\/arriendo.com\/co\/wp-json\/wp\/v2\/es_roofs?post=275766"},{"taxonomy":"es_exterior_material","embeddable":true,"href":"https:\/\/arriendo.com\/co\/wp-json\/wp\/v2\/es_exterior_materials?post=275766"},{"taxonomy":"es_basement","embeddable":true,"href":"https:\/\/arriendo.com\/co\/wp-json\/wp\/v2\/es_basements?post=275766"},{"taxonomy":"es_floor_covering","embeddable":true,"href":"https:\/\/arriendo.com\/co\/wp-json\/wp\/v2\/es_floor_coverings?post=275766"},{"taxonomy":"es_feature","embeddable":true,"href":"https:\/\/arriendo.com\/co\/wp-json\/wp\/v2\/es_features?post=275766"},{"taxonomy":"es_amenity","embeddable":true,"href":"https:\/\/arriendo.com\/co\/wp-json\/wp\/v2\/es_amenities?post=275766"},{"taxonomy":"es_neighborhood","embeddable":true,"href":"https:\/\/arriendo.com\/co\/wp-json\/wp\/v2\/es_neighborhoods?post=275766"},{"taxonomy":"es_tag","embeddable":true,"href":"https:\/\/arriendo.com\/co\/wp-json\/wp\/v2\/es_tags?post=275766"}],"curies":[{"name":"wp","href":"https:\/\/api.w.org\/{rel}","templated":true}]}}