{"id":27231,"date":"2024-12-20T11:54:15","date_gmt":"2024-12-20T16:54:15","guid":{"rendered":"https:\/\/arriendo.com\/co\/%es_type%\/cali\/\/vqw1Wu5H0\/"},"modified":"2025-03-19T11:53:43","modified_gmt":"2025-03-19T16:53:43","slug":"ar-27231","status":"publish","type":"properties","link":"https:\/\/arriendo.com\/co\/apartamentos\/cali\/limonar\/ar-27231\/","title":{"rendered":"APARTAESTUDIO AMOBLADO ALQUILER MIR\u00d3 LIVING LIMONAR SUR CALI"},"content":{"rendered":"<p>Apartaestudio de \u00c1rea Construida: 32 m2 \u00c1rea Privada: Tipo A de 28.8 m2 en piso noveno en Alquiler amoblado incluye administraci\u00f3n y venta en Barrio El Limonar con cocina integral, horno microondas, extractor, estufa el\u00e9ctrica 2 puestos. Luces Led. Sala comedor, alcoba con aire acondicionado, cortinas. El edificio no tiene gas. Todo es energ\u00eda. La vigilancia es omega est\u00e1 en empalme inici\u00f3 este mes Esta en proceso la instalaci\u00f3n de m\u00e1s c\u00e1maras. Los parqueaderos son comunes pero suficientes para los hu\u00e9spedes. No se permiten ni\u00f1os. La porter\u00eda y seguridad es armada Una inversi\u00f3n \u00fanica pensada en ti, ubicaci\u00f3n estrat\u00e9gica de la ciudad cercana a instituciones educativas, ubicado en el barrio el Refugio Cali.Una obra originalL de 17 pisos. 155 Apartamentos. Parqueadero visitantes. \u00daltimo piso terraza con panor\u00e1mica sal\u00f3n social Espacios ideales para cada momento: Sky Lounge Gimnasio Terrazas con vista panor\u00e1mica. Lobby doble altura. Zonas de coworking. Zona Laundry. Turco Piscina. Jacuzzi. Zona pet. Un proyecto lleno de beneficios para ti:Disfrutar los mejores atardeceres, la mejor vista de la ciudad, f\u00e1ciles v\u00edas de acceso, un dise\u00f1o novedoso de alta calidad.\u00a1 \u00a1Tu nuevo hogar est\u00e1 en Mir\u00f3!<\/p>\n","protected":false},"excerpt":{"rendered":"Apartaestudio de \u00c1rea Construida: 32 m2 \u00c1rea Privada: Tipo A...","protected":false},"author":2014,"featured_media":27232,"template":"","es_locations":[179,418],"es_categories":[124],"es_types":[114],"es_rent_periods":[],"es_labels":[],"es_statuses":[],"es_parkings":[],"es_roofs":[],"es_exterior_materials":[],"es_basements":[],"es_floor_coverings":[],"es_features":[],"es_amenities":[],"es_neighborhoods":[],"es_tags":[],"class_list":["post-27231","properties","type-properties","status-publish","has-post-thumbnail","hentry","es_location-cali","es_location-colombia","es_category-arriendo","es_type-apartamentos","es-post-entity"],"_links":{"self":[{"href":"https:\/\/arriendo.com\/co\/wp-json\/wp\/v2\/properties\/27231","targetHints":{"allow":["GET"]}}],"collection":[{"href":"https:\/\/arriendo.com\/co\/wp-json\/wp\/v2\/properties"}],"about":[{"href":"https:\/\/arriendo.com\/co\/wp-json\/wp\/v2\/types\/properties"}],"author":[{"embeddable":true,"href":"https:\/\/arriendo.com\/co\/wp-json\/wp\/v2\/users\/2014"}],"version-history":[{"count":0,"href":"https:\/\/arriendo.com\/co\/wp-json\/wp\/v2\/properties\/27231\/revisions"}],"wp:featuredmedia":[{"embeddable":true,"href":"https:\/\/arriendo.com\/co\/wp-json\/wp\/v2\/media\/27232"}],"wp:attachment":[{"href":"https:\/\/arriendo.com\/co\/wp-json\/wp\/v2\/media?parent=27231"}],"wp:term":[{"taxonomy":"es_location","embeddable":true,"href":"https:\/\/arriendo.com\/co\/wp-json\/wp\/v2\/es_locations?post=27231"},{"taxonomy":"es_category","embeddable":true,"href":"https:\/\/arriendo.com\/co\/wp-json\/wp\/v2\/es_categories?post=27231"},{"taxonomy":"es_type","embeddable":true,"href":"https:\/\/arriendo.com\/co\/wp-json\/wp\/v2\/es_types?post=27231"},{"taxonomy":"es_rent_period","embeddable":true,"href":"https:\/\/arriendo.com\/co\/wp-json\/wp\/v2\/es_rent_periods?post=27231"},{"taxonomy":"es_label","embeddable":true,"href":"https:\/\/arriendo.com\/co\/wp-json\/wp\/v2\/es_labels?post=27231"},{"taxonomy":"es_status","embeddable":true,"href":"https:\/\/arriendo.com\/co\/wp-json\/wp\/v2\/es_statuses?post=27231"},{"taxonomy":"es_parking","embeddable":true,"href":"https:\/\/arriendo.com\/co\/wp-json\/wp\/v2\/es_parkings?post=27231"},{"taxonomy":"es_roof","embeddable":true,"href":"https:\/\/arriendo.com\/co\/wp-json\/wp\/v2\/es_roofs?post=27231"},{"taxonomy":"es_exterior_material","embeddable":true,"href":"https:\/\/arriendo.com\/co\/wp-json\/wp\/v2\/es_exterior_materials?post=27231"},{"taxonomy":"es_basement","embeddable":true,"href":"https:\/\/arriendo.com\/co\/wp-json\/wp\/v2\/es_basements?post=27231"},{"taxonomy":"es_floor_covering","embeddable":true,"href":"https:\/\/arriendo.com\/co\/wp-json\/wp\/v2\/es_floor_coverings?post=27231"},{"taxonomy":"es_feature","embeddable":true,"href":"https:\/\/arriendo.com\/co\/wp-json\/wp\/v2\/es_features?post=27231"},{"taxonomy":"es_amenity","embeddable":true,"href":"https:\/\/arriendo.com\/co\/wp-json\/wp\/v2\/es_amenities?post=27231"},{"taxonomy":"es_neighborhood","embeddable":true,"href":"https:\/\/arriendo.com\/co\/wp-json\/wp\/v2\/es_neighborhoods?post=27231"},{"taxonomy":"es_tag","embeddable":true,"href":"https:\/\/arriendo.com\/co\/wp-json\/wp\/v2\/es_tags?post=27231"}],"curies":[{"name":"wp","href":"https:\/\/api.w.org\/{rel}","templated":true}]}}