{"id":272205,"date":"2026-02-11T10:57:08","date_gmt":"2026-02-11T15:57:08","guid":{"rendered":"https:\/\/arriendo.com\/co\/%es_type%\/%address_city%\/%neighborhood%\/guatavita-chaleche-finca-en-arriendo-en-49b8df\/"},"modified":"2026-02-11T10:57:08","modified_gmt":"2026-02-11T15:57:08","slug":"AR-272205","status":"publish","type":"properties","link":"https:\/\/arriendo.com\/co\/fincas\/guatavita\/chaleche\/AR-272205\/","title":{"rendered":"Finca en Arriendo en Chaleche, Guatavita"},"content":{"rendered":"<p>Arriendo espectacular Finca de recreo en Sesquil\u00e9, \u00e1rea 10.800 de tierra y construidos 385 M2. V\u00eda Guatavita. Terreno semi plano. En la noche, totalmente iluminada incluido el bosque con 32 fotoceldas. Quebrada intervenida para dise\u00f1o de cascada para lograr 14 ca\u00eddas. Recorrido de agua por escaleras en piedra que llega a una fuente lago hecha en piedra, adornada de pir\u00e1mides con foto celda cada una. Tiene densidad de 4 pulgadas de agua con turbina. Casa principal completisima, terraza panor\u00e1mica. Vista desde todas las \u00e1reas. Ventanales piso a techo. Hay 2 caba\u00f1as adicionales. Caminos de acceso en piedra, garajes para 14 carros. Pisos en madera granadillo. Kiosko. Techos t\u00e9rmicos.  763-295<\/p>\n","protected":false},"excerpt":{"rendered":"Arriendo espectacular Finca de recreo en Sesquil\u00e9, \u00e1rea 10.800 de...","protected":false},"author":4102,"featured_media":272208,"template":"","es_locations":[3034,91,951],"es_categories":[124],"es_types":[118],"es_rent_periods":[],"es_labels":[],"es_statuses":[],"es_parkings":[],"es_roofs":[],"es_exterior_materials":[],"es_basements":[],"es_floor_coverings":[],"es_features":[2292,2230,2229,2305,2231,2130,2275,2627,2200,2233,2166,2146,2234,151,2442,2628,2629,2202,2178,145,2468,2357,2216,2132,2418,2502,2236,2544,2134,2136,2228,144,2306,2595,2151,2152],"es_amenities":[2294,2243,2261,2309,2244,2138,2277,2630,2205,2248,2189,2155,2249,2270,2443,2631,2632,2207,2193,2160,2469,2362,156,2140,2419,2504,2253,2547,2141,2143,2258,2289,2308,2596,162,2162],"es_neighborhoods":[],"es_tags":[],"class_list":["post-272205","properties","type-properties","status-publish","has-post-thumbnail","hentry","es_location-chaleche","es_location-cundinamarca","es_location-guatavita","es_category-arriendo","es_type-fincas","es_feature-acceso-pavimentado","es_feature-alcantarillado","es_feature-arboles-frutales","es_feature-area-rural","es_feature-bahias-de-parqueo","es_feature-banos-comunales","es_feature-bombas-de-gasolina","es_feature-casa-de-trabajadores","es_feature-cerca-a-sector-comercial","es_feature-cerca-de-zona-urbana","es_feature-closet","es_feature-cocina-integral","es_feature-comodas-vias-de-acceso","es_feature-deposito-bodega","es_feature-en-casa","es_feature-finca-agricola","es_feature-finca-ganadera","es_feature-garaje-parqueaderos","es_feature-garaje-cubierto","es_feature-instalacion-de-gas","es_feature-kiosko","es_feature-parqueadero-interno","es_feature-parqueadero-visitantes","es_feature-parques-cercanos","es_feature-piso-en-madera","es_feature-puerta-de-seguridad","es_feature-restaurantes","es_feature-rio-quebrada-cercanoa","es_feature-servicios-publicos","es_feature-trans-publico-cercano","es_feature-ventilacion-natural","es_feature-vista-panoramica","es_feature-zona-campestre","es_feature-zona-de-camping","es_feature-zona-de-lavanderia","es_feature-zona-residencial","es_amenity-acceso-pavimentado","es_amenity-alcantarillado","es_amenity-arboles-frutales","es_amenity-area-rural","es_amenity-bahias-de-parqueo","es_amenity-banos-comunales","es_amenity-bombas-de-gasolina","es_amenity-casa-de-trabajadores","es_amenity-cerca-a-sector-comercial","es_amenity-cerca-de-zona-urbana","es_amenity-closet","es_amenity-cocina-integral","es_amenity-comodas-vias-de-acceso","es_amenity-deposito-bodega","es_amenity-en-casa","es_amenity-finca-agricola","es_amenity-finca-ganadera","es_amenity-garaje-parqueaderos","es_amenity-garaje-cubierto","es_amenity-instalacion-de-gas","es_amenity-kiosko","es_amenity-parqueadero-interno","es_amenity-parqueadero-visitantes","es_amenity-parques-cercanos","es_amenity-piso-en-madera","es_amenity-puerta-de-seguridad","es_amenity-restaurantes","es_amenity-rio-quebrada-cercanoa","es_amenity-servicios-publicos","es_amenity-trans-publico-cercano","es_amenity-ventilacion-natural","es_amenity-vista-panoramica","es_amenity-zona-campestre","es_amenity-zona-de-camping","es_amenity-zona-de-lavanderia","es_amenity-zona-residencial","es-post-entity"],"_links":{"self":[{"href":"https:\/\/arriendo.com\/co\/wp-json\/wp\/v2\/properties\/272205","targetHints":{"allow":["GET"]}}],"collection":[{"href":"https:\/\/arriendo.com\/co\/wp-json\/wp\/v2\/properties"}],"about":[{"href":"https:\/\/arriendo.com\/co\/wp-json\/wp\/v2\/types\/properties"}],"author":[{"embeddable":true,"href":"https:\/\/arriendo.com\/co\/wp-json\/wp\/v2\/users\/4102"}],"version-history":[{"count":0,"href":"https:\/\/arriendo.com\/co\/wp-json\/wp\/v2\/properties\/272205\/revisions"}],"wp:featuredmedia":[{"embeddable":true,"href":"https:\/\/arriendo.com\/co\/wp-json\/wp\/v2\/media\/272208"}],"wp:attachment":[{"href":"https:\/\/arriendo.com\/co\/wp-json\/wp\/v2\/media?parent=272205"}],"wp:term":[{"taxonomy":"es_location","embeddable":true,"href":"https:\/\/arriendo.com\/co\/wp-json\/wp\/v2\/es_locations?post=272205"},{"taxonomy":"es_category","embeddable":true,"href":"https:\/\/arriendo.com\/co\/wp-json\/wp\/v2\/es_categories?post=272205"},{"taxonomy":"es_type","embeddable":true,"href":"https:\/\/arriendo.com\/co\/wp-json\/wp\/v2\/es_types?post=272205"},{"taxonomy":"es_rent_period","embeddable":true,"href":"https:\/\/arriendo.com\/co\/wp-json\/wp\/v2\/es_rent_periods?post=272205"},{"taxonomy":"es_label","embeddable":true,"href":"https:\/\/arriendo.com\/co\/wp-json\/wp\/v2\/es_labels?post=272205"},{"taxonomy":"es_status","embeddable":true,"href":"https:\/\/arriendo.com\/co\/wp-json\/wp\/v2\/es_statuses?post=272205"},{"taxonomy":"es_parking","embeddable":true,"href":"https:\/\/arriendo.com\/co\/wp-json\/wp\/v2\/es_parkings?post=272205"},{"taxonomy":"es_roof","embeddable":true,"href":"https:\/\/arriendo.com\/co\/wp-json\/wp\/v2\/es_roofs?post=272205"},{"taxonomy":"es_exterior_material","embeddable":true,"href":"https:\/\/arriendo.com\/co\/wp-json\/wp\/v2\/es_exterior_materials?post=272205"},{"taxonomy":"es_basement","embeddable":true,"href":"https:\/\/arriendo.com\/co\/wp-json\/wp\/v2\/es_basements?post=272205"},{"taxonomy":"es_floor_covering","embeddable":true,"href":"https:\/\/arriendo.com\/co\/wp-json\/wp\/v2\/es_floor_coverings?post=272205"},{"taxonomy":"es_feature","embeddable":true,"href":"https:\/\/arriendo.com\/co\/wp-json\/wp\/v2\/es_features?post=272205"},{"taxonomy":"es_amenity","embeddable":true,"href":"https:\/\/arriendo.com\/co\/wp-json\/wp\/v2\/es_amenities?post=272205"},{"taxonomy":"es_neighborhood","embeddable":true,"href":"https:\/\/arriendo.com\/co\/wp-json\/wp\/v2\/es_neighborhoods?post=272205"},{"taxonomy":"es_tag","embeddable":true,"href":"https:\/\/arriendo.com\/co\/wp-json\/wp\/v2\/es_tags?post=272205"}],"curies":[{"name":"wp","href":"https:\/\/api.w.org\/{rel}","templated":true}]}}