{"id":269768,"date":"2026-02-10T21:39:08","date_gmt":"2026-02-11T02:39:08","guid":{"rendered":"https:\/\/arriendo.com\/co\/%es_type%\/%address_city%\/%neighborhood%\/bogota-san-victorino-local-en-arriendo-en-c1d982\/"},"modified":"2026-02-10T21:39:08","modified_gmt":"2026-02-11T02:39:08","slug":"AR-269768","status":"publish","type":"properties","link":"https:\/\/arriendo.com\/co\/locales\/bogota\/san-victorino\/AR-269768\/","title":{"rendered":"Local en Arriendo en San victorino, Bogot\u00e1"},"content":{"rendered":"<p>TORRE ESTACI\u00d3N CENTRO COMERCIAL \/ PRESENTACION<\/p>\n<p>El Centro Comercial de conveniencia en el Coraz\u00f3n de Bogot\u00e1 y cerca de la Estaci\u00f3n de la SabanaImpulsa tu negocio en un lugar central.Si tu marca gira alrededor del bienestar, Torre Estaci\u00f3n Centro Comercial es un lugar privilegiado para impulsar el desarrollo de tu negocio.Complementa la nutrida oferta de comercio y servicios en 5.260 m\u00b2, 124 bodegas, 164 locales, 20 oficinas, s\u00f3tano vehicular, parqueadero para visitantes, 1 zona de cargue y descargue.Pero si buscas realizar una inversi\u00f3n para rentabilizarla a futuro, tambi\u00e9n es tu oportunidad perfecta en una de las zonas m\u00e1s atractivas de Bogot\u00e1 para los comerciantes que buscan posicionar su marca.<\/p>\n","protected":false},"excerpt":{"rendered":"TORRE ESTACI\u00d3N CENTRO COMERCIAL \/ PRESENTACION El Centro Comercial de...","protected":false},"author":7970,"featured_media":269771,"template":"","es_locations":[110,77,1748],"es_categories":[124],"es_types":[117],"es_rent_periods":[],"es_labels":[],"es_statuses":[],"es_parkings":[],"es_roofs":[],"es_exterior_materials":[],"es_basements":[],"es_floor_coverings":[],"es_features":[149,150,2454,2201,2149,2216,2272,2365,2181,2610,2241,2242,2137],"es_amenities":[2329,2387,2456,2206,2159,156,2273,2366,2611,161,2259,2260,2144],"es_neighborhoods":[],"es_tags":[],"class_list":["post-269768","properties","type-properties","status-publish","has-post-thumbnail","hentry","es_location-bogota","es_location-bogota-d-c","es_location-san-victorino","es_category-arriendo","es_type-locales","es_feature-aire-acondicionado","es_feature-alarma","es_feature-en-centro-comercial","es_feature-en-zona-comercial","es_feature-garajes","es_feature-parqueadero-visitantes","es_feature-piso-en-baldosa-marmol","es_feature-planta-electrica","es_feature-porteria-vigilancia","es_feature-sensor-de-movimiento","es_feature-vigilancia-24x7","es_feature-vigilancia-privada-247","es_feature-zona-comercial","es_amenity-aire-acondicionado","es_amenity-alarma","es_amenity-en-centro-comercial","es_amenity-en-zona-comercial","es_amenity-garajes","es_amenity-parqueadero-visitantes","es_amenity-piso-en-baldosa-marmol","es_amenity-planta-electrica","es_amenity-sensor-de-movimiento","es_amenity-vigilancia-24-7","es_amenity-vigilancia-24x7","es_amenity-vigilancia-privada-247","es_amenity-zona-comercial","es-post-entity"],"_links":{"self":[{"href":"https:\/\/arriendo.com\/co\/wp-json\/wp\/v2\/properties\/269768","targetHints":{"allow":["GET"]}}],"collection":[{"href":"https:\/\/arriendo.com\/co\/wp-json\/wp\/v2\/properties"}],"about":[{"href":"https:\/\/arriendo.com\/co\/wp-json\/wp\/v2\/types\/properties"}],"author":[{"embeddable":true,"href":"https:\/\/arriendo.com\/co\/wp-json\/wp\/v2\/users\/7970"}],"version-history":[{"count":0,"href":"https:\/\/arriendo.com\/co\/wp-json\/wp\/v2\/properties\/269768\/revisions"}],"wp:featuredmedia":[{"embeddable":true,"href":"https:\/\/arriendo.com\/co\/wp-json\/wp\/v2\/media\/269771"}],"wp:attachment":[{"href":"https:\/\/arriendo.com\/co\/wp-json\/wp\/v2\/media?parent=269768"}],"wp:term":[{"taxonomy":"es_location","embeddable":true,"href":"https:\/\/arriendo.com\/co\/wp-json\/wp\/v2\/es_locations?post=269768"},{"taxonomy":"es_category","embeddable":true,"href":"https:\/\/arriendo.com\/co\/wp-json\/wp\/v2\/es_categories?post=269768"},{"taxonomy":"es_type","embeddable":true,"href":"https:\/\/arriendo.com\/co\/wp-json\/wp\/v2\/es_types?post=269768"},{"taxonomy":"es_rent_period","embeddable":true,"href":"https:\/\/arriendo.com\/co\/wp-json\/wp\/v2\/es_rent_periods?post=269768"},{"taxonomy":"es_label","embeddable":true,"href":"https:\/\/arriendo.com\/co\/wp-json\/wp\/v2\/es_labels?post=269768"},{"taxonomy":"es_status","embeddable":true,"href":"https:\/\/arriendo.com\/co\/wp-json\/wp\/v2\/es_statuses?post=269768"},{"taxonomy":"es_parking","embeddable":true,"href":"https:\/\/arriendo.com\/co\/wp-json\/wp\/v2\/es_parkings?post=269768"},{"taxonomy":"es_roof","embeddable":true,"href":"https:\/\/arriendo.com\/co\/wp-json\/wp\/v2\/es_roofs?post=269768"},{"taxonomy":"es_exterior_material","embeddable":true,"href":"https:\/\/arriendo.com\/co\/wp-json\/wp\/v2\/es_exterior_materials?post=269768"},{"taxonomy":"es_basement","embeddable":true,"href":"https:\/\/arriendo.com\/co\/wp-json\/wp\/v2\/es_basements?post=269768"},{"taxonomy":"es_floor_covering","embeddable":true,"href":"https:\/\/arriendo.com\/co\/wp-json\/wp\/v2\/es_floor_coverings?post=269768"},{"taxonomy":"es_feature","embeddable":true,"href":"https:\/\/arriendo.com\/co\/wp-json\/wp\/v2\/es_features?post=269768"},{"taxonomy":"es_amenity","embeddable":true,"href":"https:\/\/arriendo.com\/co\/wp-json\/wp\/v2\/es_amenities?post=269768"},{"taxonomy":"es_neighborhood","embeddable":true,"href":"https:\/\/arriendo.com\/co\/wp-json\/wp\/v2\/es_neighborhoods?post=269768"},{"taxonomy":"es_tag","embeddable":true,"href":"https:\/\/arriendo.com\/co\/wp-json\/wp\/v2\/es_tags?post=269768"}],"curies":[{"name":"wp","href":"https:\/\/api.w.org\/{rel}","templated":true}]}}