{"id":269435,"date":"2026-02-10T20:47:07","date_gmt":"2026-02-11T01:47:07","guid":{"rendered":"https:\/\/arriendo.com\/co\/%es_type%\/%address_city%\/%neighborhood%\/chia-santa-lucia-apartamento-en-arriendo-en-b8a442\/"},"modified":"2026-02-10T20:47:07","modified_gmt":"2026-02-11T01:47:07","slug":"AR-269435","status":"publish","type":"properties","link":"https:\/\/arriendo.com\/co\/apartamentos\/chia\/santa-lucia\/AR-269435\/","title":{"rendered":"Apartamento en Arriendo en Santa lucia, Ch\u00eda"},"content":{"rendered":"<p>INV INMOBILIARIA arrienda excelente apartamento de una habitaci\u00f3n, espacio de estudio, ba\u00f1o, tres balcones con vista interior, 4to piso sin ascensor. Cuenta con opci\u00f3n de arriendo amoblado por un valor de $1&#8217;700.000 incluida admon. Excelente zona central y facil salida a vias principales.<\/p>\n","protected":false},"excerpt":{"rendered":"INV INMOBILIARIA arrienda excelente apartamento de una habitaci\u00f3n, espacio de...","protected":false},"author":2105,"featured_media":269438,"template":"","es_locations":[203,91,1039],"es_categories":[124],"es_types":[114],"es_rent_periods":[],"es_labels":[],"es_statuses":[],"es_parkings":[],"es_roofs":[],"es_exterior_materials":[],"es_basements":[],"es_floor_coverings":[],"es_features":[132,2263,2145,2131,133,2146,2147,2148,2196,136,2149,2282,145,2203,2368,2216,2132,2272,2365,2133,2181,2182,2150,2136,144,2376,2137,2151,2185,2152,2204],"es_amenities":[2186,2269,2153,2139,2154,2155,2156,2157,2197,2158,2159,2287,2160,2208,2369,156,2140,2273,2366,158,159,2161,2143,161,2289,2377,2144,162,2173,2162,2209],"es_neighborhoods":[],"es_tags":[],"class_list":["post-269435","properties","type-properties","status-publish","has-post-thumbnail","hentry","es_location-chia","es_location-cundinamarca","es_location-santa-lucia","es_category-arriendo","es_type-apartamentos","es_feature-balcon","es_feature-barra-estilo-americano","es_feature-calentador","es_feature-circuito-cerrado-de-tv","es_feature-citofono","es_feature-cocina-integral","es_feature-cocina-tipo-americano","es_feature-colegios-universidades","es_feature-en-conjunto-cerrado","es_feature-estudio","es_feature-garajes","es_feature-hall-de-alcobas","es_feature-instalacion-de-gas","es_feature-jardines-exteriores","es_feature-loft","es_feature-parqueadero-visitantes","es_feature-parques-cercanos","es_feature-piso-en-baldosa-marmol","es_feature-planta-electrica","es_feature-porteria-recepcion","es_feature-porteria-vigilancia","es_feature-salon-comunal","es_feature-supermercados-c-comerciales","es_feature-trans-publico-cercano","es_feature-vista-panoramica","es_feature-vivienda-multifamiliar","es_feature-zona-comercial","es_feature-zona-de-lavanderia","es_feature-zona-infantil","es_feature-zona-residencial","es_feature-zonas-verdes","es_amenity-balcon","es_amenity-barra-estilo-americano","es_amenity-calentador","es_amenity-circuito-cerrado-de-tv","es_amenity-citofono","es_amenity-cocina-integral","es_amenity-cocina-tipo-americano","es_amenity-colegios-universidades","es_amenity-en-conjunto-cerrado","es_amenity-estudio","es_amenity-garajes","es_amenity-hall-de-alcobas","es_amenity-instalacion-de-gas","es_amenity-jardines-exteriores","es_amenity-loft","es_amenity-parqueadero-visitantes","es_amenity-parques-cercanos","es_amenity-piso-en-baldosa-marmol","es_amenity-planta-electrica","es_amenity-porteria-recepcion","es_amenity-salon-comunal","es_amenity-supermercados-c-comerciales","es_amenity-trans-publico-cercano","es_amenity-vigilancia-24-7","es_amenity-vista-panoramica","es_amenity-vivienda-multifamiliar","es_amenity-zona-comercial","es_amenity-zona-de-lavanderia","es_amenity-zona-infantil","es_amenity-zona-residencial","es_amenity-zonas-verdes","es-post-entity"],"_links":{"self":[{"href":"https:\/\/arriendo.com\/co\/wp-json\/wp\/v2\/properties\/269435","targetHints":{"allow":["GET"]}}],"collection":[{"href":"https:\/\/arriendo.com\/co\/wp-json\/wp\/v2\/properties"}],"about":[{"href":"https:\/\/arriendo.com\/co\/wp-json\/wp\/v2\/types\/properties"}],"author":[{"embeddable":true,"href":"https:\/\/arriendo.com\/co\/wp-json\/wp\/v2\/users\/2105"}],"version-history":[{"count":0,"href":"https:\/\/arriendo.com\/co\/wp-json\/wp\/v2\/properties\/269435\/revisions"}],"wp:featuredmedia":[{"embeddable":true,"href":"https:\/\/arriendo.com\/co\/wp-json\/wp\/v2\/media\/269438"}],"wp:attachment":[{"href":"https:\/\/arriendo.com\/co\/wp-json\/wp\/v2\/media?parent=269435"}],"wp:term":[{"taxonomy":"es_location","embeddable":true,"href":"https:\/\/arriendo.com\/co\/wp-json\/wp\/v2\/es_locations?post=269435"},{"taxonomy":"es_category","embeddable":true,"href":"https:\/\/arriendo.com\/co\/wp-json\/wp\/v2\/es_categories?post=269435"},{"taxonomy":"es_type","embeddable":true,"href":"https:\/\/arriendo.com\/co\/wp-json\/wp\/v2\/es_types?post=269435"},{"taxonomy":"es_rent_period","embeddable":true,"href":"https:\/\/arriendo.com\/co\/wp-json\/wp\/v2\/es_rent_periods?post=269435"},{"taxonomy":"es_label","embeddable":true,"href":"https:\/\/arriendo.com\/co\/wp-json\/wp\/v2\/es_labels?post=269435"},{"taxonomy":"es_status","embeddable":true,"href":"https:\/\/arriendo.com\/co\/wp-json\/wp\/v2\/es_statuses?post=269435"},{"taxonomy":"es_parking","embeddable":true,"href":"https:\/\/arriendo.com\/co\/wp-json\/wp\/v2\/es_parkings?post=269435"},{"taxonomy":"es_roof","embeddable":true,"href":"https:\/\/arriendo.com\/co\/wp-json\/wp\/v2\/es_roofs?post=269435"},{"taxonomy":"es_exterior_material","embeddable":true,"href":"https:\/\/arriendo.com\/co\/wp-json\/wp\/v2\/es_exterior_materials?post=269435"},{"taxonomy":"es_basement","embeddable":true,"href":"https:\/\/arriendo.com\/co\/wp-json\/wp\/v2\/es_basements?post=269435"},{"taxonomy":"es_floor_covering","embeddable":true,"href":"https:\/\/arriendo.com\/co\/wp-json\/wp\/v2\/es_floor_coverings?post=269435"},{"taxonomy":"es_feature","embeddable":true,"href":"https:\/\/arriendo.com\/co\/wp-json\/wp\/v2\/es_features?post=269435"},{"taxonomy":"es_amenity","embeddable":true,"href":"https:\/\/arriendo.com\/co\/wp-json\/wp\/v2\/es_amenities?post=269435"},{"taxonomy":"es_neighborhood","embeddable":true,"href":"https:\/\/arriendo.com\/co\/wp-json\/wp\/v2\/es_neighborhoods?post=269435"},{"taxonomy":"es_tag","embeddable":true,"href":"https:\/\/arriendo.com\/co\/wp-json\/wp\/v2\/es_tags?post=269435"}],"curies":[{"name":"wp","href":"https:\/\/api.w.org\/{rel}","templated":true}]}}