{"id":269291,"date":"2026-02-10T20:28:07","date_gmt":"2026-02-11T01:28:07","guid":{"rendered":"https:\/\/arriendo.com\/co\/%es_type%\/%address_city%\/%neighborhood%\/bogota-teusaquillo-apartamento-en-arriendo-en-75adb4\/"},"modified":"2026-02-10T20:28:07","modified_gmt":"2026-02-11T01:28:07","slug":"AR-269291","status":"publish","type":"properties","link":"https:\/\/arriendo.com\/co\/apartamentos\/bogota\/teusaquillo\/AR-269291\/","title":{"rendered":"Apartamento en Arriendo en Teusaquillo, Bogot\u00e1"},"content":{"rendered":"<p>Acogedor apartamento en arriendo en Teusaquillo, cuarto piso exterior, linda vista hacia el oriente, recibe el sol de la ma\u00f1ana, tres alcobas, dos de ellas con ba\u00f1o privado, ba\u00f1o social, cocina abierta con isla, zona de lavanderia amplia, independiente con buena ventilaci\u00f3n, zona social espaciosa con chimenea. Pisos en madera,  un parqueadero cubierto en servidumbre. El edificio no cuenta con ascensor.<\/p>\n","protected":false},"excerpt":{"rendered":"Acogedor apartamento en arriendo en Teusaquillo, cuarto piso exterior, linda...","protected":false},"author":7807,"featured_media":269294,"template":"","es_locations":[110,77,187],"es_categories":[124],"es_types":[114],"es_rent_periods":[],"es_labels":[],"es_statuses":[],"es_parkings":[],"es_roofs":[],"es_exterior_materials":[],"es_basements":[],"es_floor_coverings":[],"es_features":[2212,2263,2145,134,2131,133,2146,2148,136,2149,145,2368,2132,2133,2136,144,2376,2151,2152,2204],"es_amenities":[2217,2269,2153,2313,2139,2154,2155,2157,2158,2159,2160,2369,2140,158,2143,2289,2377,162,2162,2209],"es_neighborhoods":[],"es_tags":[],"class_list":["post-269291","properties","type-properties","status-publish","has-post-thumbnail","hentry","es_location-bogota","es_location-bogota-d-c","es_location-teusaquillo","es_category-arriendo","es_type-apartamentos","es_feature-bano-auxiliar","es_feature-barra-estilo-americano","es_feature-calentador","es_feature-chimenea","es_feature-circuito-cerrado-de-tv","es_feature-citofono","es_feature-cocina-integral","es_feature-colegios-universidades","es_feature-estudio","es_feature-garajes","es_feature-instalacion-de-gas","es_feature-loft","es_feature-parques-cercanos","es_feature-porteria-recepcion","es_feature-trans-publico-cercano","es_feature-vista-panoramica","es_feature-vivienda-multifamiliar","es_feature-zona-de-lavanderia","es_feature-zona-residencial","es_feature-zonas-verdes","es_amenity-bano-auxiliar","es_amenity-barra-estilo-americano","es_amenity-calentador","es_amenity-chimenea","es_amenity-circuito-cerrado-de-tv","es_amenity-citofono","es_amenity-cocina-integral","es_amenity-colegios-universidades","es_amenity-estudio","es_amenity-garajes","es_amenity-instalacion-de-gas","es_amenity-loft","es_amenity-parques-cercanos","es_amenity-porteria-recepcion","es_amenity-trans-publico-cercano","es_amenity-vista-panoramica","es_amenity-vivienda-multifamiliar","es_amenity-zona-de-lavanderia","es_amenity-zona-residencial","es_amenity-zonas-verdes","es-post-entity"],"_links":{"self":[{"href":"https:\/\/arriendo.com\/co\/wp-json\/wp\/v2\/properties\/269291","targetHints":{"allow":["GET"]}}],"collection":[{"href":"https:\/\/arriendo.com\/co\/wp-json\/wp\/v2\/properties"}],"about":[{"href":"https:\/\/arriendo.com\/co\/wp-json\/wp\/v2\/types\/properties"}],"author":[{"embeddable":true,"href":"https:\/\/arriendo.com\/co\/wp-json\/wp\/v2\/users\/7807"}],"version-history":[{"count":0,"href":"https:\/\/arriendo.com\/co\/wp-json\/wp\/v2\/properties\/269291\/revisions"}],"wp:featuredmedia":[{"embeddable":true,"href":"https:\/\/arriendo.com\/co\/wp-json\/wp\/v2\/media\/269294"}],"wp:attachment":[{"href":"https:\/\/arriendo.com\/co\/wp-json\/wp\/v2\/media?parent=269291"}],"wp:term":[{"taxonomy":"es_location","embeddable":true,"href":"https:\/\/arriendo.com\/co\/wp-json\/wp\/v2\/es_locations?post=269291"},{"taxonomy":"es_category","embeddable":true,"href":"https:\/\/arriendo.com\/co\/wp-json\/wp\/v2\/es_categories?post=269291"},{"taxonomy":"es_type","embeddable":true,"href":"https:\/\/arriendo.com\/co\/wp-json\/wp\/v2\/es_types?post=269291"},{"taxonomy":"es_rent_period","embeddable":true,"href":"https:\/\/arriendo.com\/co\/wp-json\/wp\/v2\/es_rent_periods?post=269291"},{"taxonomy":"es_label","embeddable":true,"href":"https:\/\/arriendo.com\/co\/wp-json\/wp\/v2\/es_labels?post=269291"},{"taxonomy":"es_status","embeddable":true,"href":"https:\/\/arriendo.com\/co\/wp-json\/wp\/v2\/es_statuses?post=269291"},{"taxonomy":"es_parking","embeddable":true,"href":"https:\/\/arriendo.com\/co\/wp-json\/wp\/v2\/es_parkings?post=269291"},{"taxonomy":"es_roof","embeddable":true,"href":"https:\/\/arriendo.com\/co\/wp-json\/wp\/v2\/es_roofs?post=269291"},{"taxonomy":"es_exterior_material","embeddable":true,"href":"https:\/\/arriendo.com\/co\/wp-json\/wp\/v2\/es_exterior_materials?post=269291"},{"taxonomy":"es_basement","embeddable":true,"href":"https:\/\/arriendo.com\/co\/wp-json\/wp\/v2\/es_basements?post=269291"},{"taxonomy":"es_floor_covering","embeddable":true,"href":"https:\/\/arriendo.com\/co\/wp-json\/wp\/v2\/es_floor_coverings?post=269291"},{"taxonomy":"es_feature","embeddable":true,"href":"https:\/\/arriendo.com\/co\/wp-json\/wp\/v2\/es_features?post=269291"},{"taxonomy":"es_amenity","embeddable":true,"href":"https:\/\/arriendo.com\/co\/wp-json\/wp\/v2\/es_amenities?post=269291"},{"taxonomy":"es_neighborhood","embeddable":true,"href":"https:\/\/arriendo.com\/co\/wp-json\/wp\/v2\/es_neighborhoods?post=269291"},{"taxonomy":"es_tag","embeddable":true,"href":"https:\/\/arriendo.com\/co\/wp-json\/wp\/v2\/es_tags?post=269291"}],"curies":[{"name":"wp","href":"https:\/\/api.w.org\/{rel}","templated":true}]}}