{"id":268635,"date":"2026-02-10T19:00:10","date_gmt":"2026-02-11T00:00:10","guid":{"rendered":"https:\/\/arriendo.com\/co\/%es_type%\/%address_city%\/%neighborhood%\/bogota-la-castellana-apartamento-en-arriendo-en-a6a56e\/"},"modified":"2026-02-10T19:00:10","modified_gmt":"2026-02-11T00:00:10","slug":"AR-268635","status":"publish","type":"properties","link":"https:\/\/arriendo.com\/co\/apartamentos\/bogota\/la-castellana\/AR-268635\/","title":{"rendered":"Apartamento en Arriendo en La castellana, Bogot\u00e1"},"content":{"rendered":"<p>Apartamento para estrenar en La Catellana, el edificio cuenta con vigilancia permanente, sal\u00f3n de evento con cocina, gimnasio y terraza bbq. El apartamento esta ubicado en el piso 8, por lo cual cuenta con gran iluminaci\u00f3n natural, cuenta con cocina equipada, espacio para lavadora (el edificio cuenta con zona de lavaner\u00eda comual tambi\u00e9n) y un mueble de closet.<\/p>\n","protected":false},"excerpt":{"rendered":"Apartamento para estrenar en La Catellana, el edificio cuenta con...","protected":false},"author":7647,"featured_media":268638,"template":"","es_locations":[110,77,315],"es_categories":[124],"es_types":[114],"es_rent_periods":[],"es_labels":[],"es_statuses":[],"es_parkings":[],"es_roofs":[],"es_exterior_materials":[],"es_basements":[],"es_floor_coverings":[],"es_features":[131,2131,133,2146,2148,2149,2179,2368,2216,2132,2365,2133,2181,2182,2150,143,2136,2137,2152],"es_amenities":[152,2139,2154,2155,2157,2159,154,2369,156,2140,2366,158,159,2161,2290,2143,161,2144,2162],"es_neighborhoods":[],"es_tags":[],"class_list":["post-268635","properties","type-properties","status-publish","has-post-thumbnail","hentry","es_location-bogota","es_location-bogota-d-c","es_location-la-castellana","es_category-arriendo","es_type-apartamentos","es_feature-ascensor","es_feature-circuito-cerrado-de-tv","es_feature-citofono","es_feature-cocina-integral","es_feature-colegios-universidades","es_feature-garajes","es_feature-gimnasio","es_feature-loft","es_feature-parqueadero-visitantes","es_feature-parques-cercanos","es_feature-planta-electrica","es_feature-porteria-recepcion","es_feature-porteria-vigilancia","es_feature-salon-comunal","es_feature-supermercados-c-comerciales","es_feature-terraza","es_feature-trans-publico-cercano","es_feature-zona-comercial","es_feature-zona-residencial","es_amenity-ascensor-privado","es_amenity-circuito-cerrado-de-tv","es_amenity-citofono","es_amenity-cocina-integral","es_amenity-colegios-universidades","es_amenity-garajes","es_amenity-gimnasio","es_amenity-loft","es_amenity-parqueadero-visitantes","es_amenity-parques-cercanos","es_amenity-planta-electrica","es_amenity-porteria-recepcion","es_amenity-salon-comunal","es_amenity-supermercados-c-comerciales","es_amenity-terraza","es_amenity-trans-publico-cercano","es_amenity-vigilancia-24-7","es_amenity-zona-comercial","es_amenity-zona-residencial","es-post-entity"],"_links":{"self":[{"href":"https:\/\/arriendo.com\/co\/wp-json\/wp\/v2\/properties\/268635","targetHints":{"allow":["GET"]}}],"collection":[{"href":"https:\/\/arriendo.com\/co\/wp-json\/wp\/v2\/properties"}],"about":[{"href":"https:\/\/arriendo.com\/co\/wp-json\/wp\/v2\/types\/properties"}],"author":[{"embeddable":true,"href":"https:\/\/arriendo.com\/co\/wp-json\/wp\/v2\/users\/7647"}],"version-history":[{"count":0,"href":"https:\/\/arriendo.com\/co\/wp-json\/wp\/v2\/properties\/268635\/revisions"}],"wp:featuredmedia":[{"embeddable":true,"href":"https:\/\/arriendo.com\/co\/wp-json\/wp\/v2\/media\/268638"}],"wp:attachment":[{"href":"https:\/\/arriendo.com\/co\/wp-json\/wp\/v2\/media?parent=268635"}],"wp:term":[{"taxonomy":"es_location","embeddable":true,"href":"https:\/\/arriendo.com\/co\/wp-json\/wp\/v2\/es_locations?post=268635"},{"taxonomy":"es_category","embeddable":true,"href":"https:\/\/arriendo.com\/co\/wp-json\/wp\/v2\/es_categories?post=268635"},{"taxonomy":"es_type","embeddable":true,"href":"https:\/\/arriendo.com\/co\/wp-json\/wp\/v2\/es_types?post=268635"},{"taxonomy":"es_rent_period","embeddable":true,"href":"https:\/\/arriendo.com\/co\/wp-json\/wp\/v2\/es_rent_periods?post=268635"},{"taxonomy":"es_label","embeddable":true,"href":"https:\/\/arriendo.com\/co\/wp-json\/wp\/v2\/es_labels?post=268635"},{"taxonomy":"es_status","embeddable":true,"href":"https:\/\/arriendo.com\/co\/wp-json\/wp\/v2\/es_statuses?post=268635"},{"taxonomy":"es_parking","embeddable":true,"href":"https:\/\/arriendo.com\/co\/wp-json\/wp\/v2\/es_parkings?post=268635"},{"taxonomy":"es_roof","embeddable":true,"href":"https:\/\/arriendo.com\/co\/wp-json\/wp\/v2\/es_roofs?post=268635"},{"taxonomy":"es_exterior_material","embeddable":true,"href":"https:\/\/arriendo.com\/co\/wp-json\/wp\/v2\/es_exterior_materials?post=268635"},{"taxonomy":"es_basement","embeddable":true,"href":"https:\/\/arriendo.com\/co\/wp-json\/wp\/v2\/es_basements?post=268635"},{"taxonomy":"es_floor_covering","embeddable":true,"href":"https:\/\/arriendo.com\/co\/wp-json\/wp\/v2\/es_floor_coverings?post=268635"},{"taxonomy":"es_feature","embeddable":true,"href":"https:\/\/arriendo.com\/co\/wp-json\/wp\/v2\/es_features?post=268635"},{"taxonomy":"es_amenity","embeddable":true,"href":"https:\/\/arriendo.com\/co\/wp-json\/wp\/v2\/es_amenities?post=268635"},{"taxonomy":"es_neighborhood","embeddable":true,"href":"https:\/\/arriendo.com\/co\/wp-json\/wp\/v2\/es_neighborhoods?post=268635"},{"taxonomy":"es_tag","embeddable":true,"href":"https:\/\/arriendo.com\/co\/wp-json\/wp\/v2\/es_tags?post=268635"}],"curies":[{"name":"wp","href":"https:\/\/api.w.org\/{rel}","templated":true}]}}