{"id":268031,"date":"2026-02-10T17:40:08","date_gmt":"2026-02-10T22:40:08","guid":{"rendered":"https:\/\/arriendo.com\/co\/%es_type%\/%address_city%\/%neighborhood%\/bogota-el-chico-apartamento-en-arriendo-en-86fa7d\/"},"modified":"2026-02-10T17:40:08","modified_gmt":"2026-02-10T22:40:08","slug":"AR-268031","status":"publish","type":"properties","link":"https:\/\/arriendo.com\/co\/apartamentos\/bogota\/el-chico\/AR-268031\/","title":{"rendered":"Apartamento en Arriendo en El chico, Bogot\u00e1"},"content":{"rendered":"<p>Este amplio apartamento de 140 M2, ubicado en la 93 abajo de la 15. Con una ubicaci\u00f3n privilegiada cerca de jardines, colegios, restaurantes y centros comerciales, este inmueble es ideal para quienes buscan vivir en un \u00e1rea con amplias opciones de entretenimiento y servicios.<\/p>\n<p> Su sal\u00f3n comedor estan separados por una puerta de vidrio, en la misma zona social esta el estudio que se puede integrar a la sala si se quisiera tener un espacio mas amplio, la chimenea le da un ambiente calido a estos tres ambientes.<\/p>\n<p>Las habitaciones  esta separada de la zona social por una puerta de vidro para tener mas privacidad. La alcoba principal cuenta con calefaci\u00f3n empotrada en la pared, doble vidrio en las ventanas y balc\u00f3n, ba\u00f1o con walking closet. las dos habitaciones tambien tienen calefacci\u00f3n empotrada y doble vidrio en las ventanas y comparten un ba\u00f1o.<\/p>\n<p>Este apartamento tiene 3 garajes, uno independiente y los otros dos en linea  adem\u00e1s tiene un dep\u00f3sito.<\/p>\n<p>El edificio tiene un sal\u00f3n comunal amplio, parqueadero de visitantes, porteria 24\/7, dos ascensores y planta electrica.<\/p>\n","protected":false},"excerpt":{"rendered":"Este amplio apartamento de 140 M2, ubicado en la 93...","protected":false},"author":7475,"featured_media":268034,"template":"","es_locations":[110,77,257],"es_categories":[124],"es_types":[114],"es_rent_periods":[],"es_labels":[],"es_statuses":[],"es_parkings":[],"es_roofs":[],"es_exterior_materials":[],"es_basements":[],"es_floor_coverings":[],"es_features":[131,132,2212,2164,2145,134,133,2166,2274,2146,2148,2331,151,136,2179,2216,2132,2272,2365,2133,2181,2182,2150,2136,2151,2152],"es_amenities":[152,2186,2217,2187,2153,2313,2154,2189,2278,2155,2157,2332,2270,2158,154,156,2140,2273,2366,158,159,2161,2143,161,162,2162],"es_neighborhoods":[],"es_tags":[],"class_list":["post-268031","properties","type-properties","status-publish","has-post-thumbnail","hentry","es_location-bogota","es_location-bogota-d-c","es_location-el-chico","es_category-arriendo","es_type-apartamentos","es_feature-ascensor","es_feature-balcon","es_feature-bano-auxiliar","es_feature-bano-independiente","es_feature-calentador","es_feature-chimenea","es_feature-citofono","es_feature-closet","es_feature-cocina-equipada","es_feature-cocina-integral","es_feature-colegios-universidades","es_feature-cuarto-de-servicio","es_feature-deposito-bodega","es_feature-estudio","es_feature-gimnasio","es_feature-parqueadero-visitantes","es_feature-parques-cercanos","es_feature-piso-en-baldosa-marmol","es_feature-planta-electrica","es_feature-porteria-recepcion","es_feature-porteria-vigilancia","es_feature-salon-comunal","es_feature-supermercados-c-comerciales","es_feature-trans-publico-cercano","es_feature-zona-de-lavanderia","es_feature-zona-residencial","es_amenity-ascensor-privado","es_amenity-balcon","es_amenity-bano-auxiliar","es_amenity-bano-independiente","es_amenity-calentador","es_amenity-chimenea","es_amenity-citofono","es_amenity-closet","es_amenity-cocina-equipada","es_amenity-cocina-integral","es_amenity-colegios-universidades","es_amenity-cuarto-de-servicio","es_amenity-deposito-bodega","es_amenity-estudio","es_amenity-gimnasio","es_amenity-parqueadero-visitantes","es_amenity-parques-cercanos","es_amenity-piso-en-baldosa-marmol","es_amenity-planta-electrica","es_amenity-porteria-recepcion","es_amenity-salon-comunal","es_amenity-supermercados-c-comerciales","es_amenity-trans-publico-cercano","es_amenity-vigilancia-24-7","es_amenity-zona-de-lavanderia","es_amenity-zona-residencial","es-post-entity"],"_links":{"self":[{"href":"https:\/\/arriendo.com\/co\/wp-json\/wp\/v2\/properties\/268031","targetHints":{"allow":["GET"]}}],"collection":[{"href":"https:\/\/arriendo.com\/co\/wp-json\/wp\/v2\/properties"}],"about":[{"href":"https:\/\/arriendo.com\/co\/wp-json\/wp\/v2\/types\/properties"}],"author":[{"embeddable":true,"href":"https:\/\/arriendo.com\/co\/wp-json\/wp\/v2\/users\/7475"}],"version-history":[{"count":0,"href":"https:\/\/arriendo.com\/co\/wp-json\/wp\/v2\/properties\/268031\/revisions"}],"wp:featuredmedia":[{"embeddable":true,"href":"https:\/\/arriendo.com\/co\/wp-json\/wp\/v2\/media\/268034"}],"wp:attachment":[{"href":"https:\/\/arriendo.com\/co\/wp-json\/wp\/v2\/media?parent=268031"}],"wp:term":[{"taxonomy":"es_location","embeddable":true,"href":"https:\/\/arriendo.com\/co\/wp-json\/wp\/v2\/es_locations?post=268031"},{"taxonomy":"es_category","embeddable":true,"href":"https:\/\/arriendo.com\/co\/wp-json\/wp\/v2\/es_categories?post=268031"},{"taxonomy":"es_type","embeddable":true,"href":"https:\/\/arriendo.com\/co\/wp-json\/wp\/v2\/es_types?post=268031"},{"taxonomy":"es_rent_period","embeddable":true,"href":"https:\/\/arriendo.com\/co\/wp-json\/wp\/v2\/es_rent_periods?post=268031"},{"taxonomy":"es_label","embeddable":true,"href":"https:\/\/arriendo.com\/co\/wp-json\/wp\/v2\/es_labels?post=268031"},{"taxonomy":"es_status","embeddable":true,"href":"https:\/\/arriendo.com\/co\/wp-json\/wp\/v2\/es_statuses?post=268031"},{"taxonomy":"es_parking","embeddable":true,"href":"https:\/\/arriendo.com\/co\/wp-json\/wp\/v2\/es_parkings?post=268031"},{"taxonomy":"es_roof","embeddable":true,"href":"https:\/\/arriendo.com\/co\/wp-json\/wp\/v2\/es_roofs?post=268031"},{"taxonomy":"es_exterior_material","embeddable":true,"href":"https:\/\/arriendo.com\/co\/wp-json\/wp\/v2\/es_exterior_materials?post=268031"},{"taxonomy":"es_basement","embeddable":true,"href":"https:\/\/arriendo.com\/co\/wp-json\/wp\/v2\/es_basements?post=268031"},{"taxonomy":"es_floor_covering","embeddable":true,"href":"https:\/\/arriendo.com\/co\/wp-json\/wp\/v2\/es_floor_coverings?post=268031"},{"taxonomy":"es_feature","embeddable":true,"href":"https:\/\/arriendo.com\/co\/wp-json\/wp\/v2\/es_features?post=268031"},{"taxonomy":"es_amenity","embeddable":true,"href":"https:\/\/arriendo.com\/co\/wp-json\/wp\/v2\/es_amenities?post=268031"},{"taxonomy":"es_neighborhood","embeddable":true,"href":"https:\/\/arriendo.com\/co\/wp-json\/wp\/v2\/es_neighborhoods?post=268031"},{"taxonomy":"es_tag","embeddable":true,"href":"https:\/\/arriendo.com\/co\/wp-json\/wp\/v2\/es_tags?post=268031"}],"curies":[{"name":"wp","href":"https:\/\/api.w.org\/{rel}","templated":true}]}}