{"id":26491,"date":"2024-12-20T11:20:03","date_gmt":"2024-12-20T16:20:03","guid":{"rendered":"https:\/\/arriendo.com\/co\/%es_type%\/cali\/el-penon\/vqw1Wu5H0\/"},"modified":"2025-03-19T11:53:45","modified_gmt":"2025-03-19T16:53:45","slug":"ar-26491","status":"publish","type":"properties","link":"https:\/\/arriendo.com\/co\/locales\/cali\/el-penon\/ar-26491\/","title":{"rendered":"LOCALES COMERCIALES EN PLAZUELA PE\u00d1\u00d3N LOCAL 3"},"content":{"rendered":"<p>Te presentamos una oportunidad \u00fanica para tu negocio en el coraz\u00f3n de El Pe\u00f1\u00f3n, &#8211; \u00a1\u00daNETE AL \u00c9XITO COMPARTIDO!. Disfruta de la PLAZUELA PE\u00d1ON, ubicada en el prestigioso edificio Living in Pe\u00f1\u00f3n. Living in Pe\u00f1\u00f3n es un edificio estrat\u00e9gicamente situado en El Pe\u00f1\u00f3n, que ofrece rentas cortas, y en su primer piso, encontramos la Plazuela Pe\u00f1\u00f3n. Aqu\u00ed, tenemos disponibles locales comerciales ideales para marcas que deseen desarrollar su negocio en espacios acogedores y trabajar en sinergia con otras marcas. Nuestra visi\u00f3n es que la Plazuela Pe\u00f1\u00f3n sea el hogar de diversos negocios, como cafeter\u00edas, helader\u00edas, joyer\u00edas, restaurantes, \u00a1y m\u00e1s! Este amplio espacio puede acomodar entre 48 a 62 personas c\u00f3modamente, y cuenta con aire acondicionado y ba\u00f1os separados para hombres y mujeres. Cada local comercial tiene sus servicios p\u00fablicos, incluyendo puntos para acueducto, gas, alcantarillado y campana extractora, lo que brinda flexibilidad a los negocios para utilizarlos seg\u00fan sus necesidades. La Plazuela operar\u00e1 desde las 6 am hasta las 10 pm, y cada marca puede ajustarse a este horario seg\u00fan sus requerimientos. Contamos con 5 locales disponibles con las siguientes medidas: &#8211; Local 3: 3.30m x 2.20m Aprovecha esta oportunidad para ser parte de la Plazuela Pe\u00f1\u00f3n, un espacio donde el comercio florece y las marcas prosperan en armon\u00eda. \u00a1Es el momento de llevar tu negocio al siguiente nivel!<\/p>\n","protected":false},"excerpt":{"rendered":"Te presentamos una oportunidad \u00fanica para tu negocio en el...","protected":false},"author":2014,"featured_media":26492,"template":"","es_locations":[179,418,823],"es_categories":[124],"es_types":[117],"es_rent_periods":[],"es_labels":[],"es_statuses":[],"es_parkings":[],"es_roofs":[],"es_exterior_materials":[],"es_basements":[],"es_floor_coverings":[],"es_features":[],"es_amenities":[],"es_neighborhoods":[],"es_tags":[],"class_list":["post-26491","properties","type-properties","status-publish","has-post-thumbnail","hentry","es_location-cali","es_location-colombia","es_location-el-penon","es_category-arriendo","es_type-locales","es-post-entity"],"_links":{"self":[{"href":"https:\/\/arriendo.com\/co\/wp-json\/wp\/v2\/properties\/26491","targetHints":{"allow":["GET"]}}],"collection":[{"href":"https:\/\/arriendo.com\/co\/wp-json\/wp\/v2\/properties"}],"about":[{"href":"https:\/\/arriendo.com\/co\/wp-json\/wp\/v2\/types\/properties"}],"author":[{"embeddable":true,"href":"https:\/\/arriendo.com\/co\/wp-json\/wp\/v2\/users\/2014"}],"version-history":[{"count":0,"href":"https:\/\/arriendo.com\/co\/wp-json\/wp\/v2\/properties\/26491\/revisions"}],"wp:featuredmedia":[{"embeddable":true,"href":"https:\/\/arriendo.com\/co\/wp-json\/wp\/v2\/media\/26492"}],"wp:attachment":[{"href":"https:\/\/arriendo.com\/co\/wp-json\/wp\/v2\/media?parent=26491"}],"wp:term":[{"taxonomy":"es_location","embeddable":true,"href":"https:\/\/arriendo.com\/co\/wp-json\/wp\/v2\/es_locations?post=26491"},{"taxonomy":"es_category","embeddable":true,"href":"https:\/\/arriendo.com\/co\/wp-json\/wp\/v2\/es_categories?post=26491"},{"taxonomy":"es_type","embeddable":true,"href":"https:\/\/arriendo.com\/co\/wp-json\/wp\/v2\/es_types?post=26491"},{"taxonomy":"es_rent_period","embeddable":true,"href":"https:\/\/arriendo.com\/co\/wp-json\/wp\/v2\/es_rent_periods?post=26491"},{"taxonomy":"es_label","embeddable":true,"href":"https:\/\/arriendo.com\/co\/wp-json\/wp\/v2\/es_labels?post=26491"},{"taxonomy":"es_status","embeddable":true,"href":"https:\/\/arriendo.com\/co\/wp-json\/wp\/v2\/es_statuses?post=26491"},{"taxonomy":"es_parking","embeddable":true,"href":"https:\/\/arriendo.com\/co\/wp-json\/wp\/v2\/es_parkings?post=26491"},{"taxonomy":"es_roof","embeddable":true,"href":"https:\/\/arriendo.com\/co\/wp-json\/wp\/v2\/es_roofs?post=26491"},{"taxonomy":"es_exterior_material","embeddable":true,"href":"https:\/\/arriendo.com\/co\/wp-json\/wp\/v2\/es_exterior_materials?post=26491"},{"taxonomy":"es_basement","embeddable":true,"href":"https:\/\/arriendo.com\/co\/wp-json\/wp\/v2\/es_basements?post=26491"},{"taxonomy":"es_floor_covering","embeddable":true,"href":"https:\/\/arriendo.com\/co\/wp-json\/wp\/v2\/es_floor_coverings?post=26491"},{"taxonomy":"es_feature","embeddable":true,"href":"https:\/\/arriendo.com\/co\/wp-json\/wp\/v2\/es_features?post=26491"},{"taxonomy":"es_amenity","embeddable":true,"href":"https:\/\/arriendo.com\/co\/wp-json\/wp\/v2\/es_amenities?post=26491"},{"taxonomy":"es_neighborhood","embeddable":true,"href":"https:\/\/arriendo.com\/co\/wp-json\/wp\/v2\/es_neighborhoods?post=26491"},{"taxonomy":"es_tag","embeddable":true,"href":"https:\/\/arriendo.com\/co\/wp-json\/wp\/v2\/es_tags?post=26491"}],"curies":[{"name":"wp","href":"https:\/\/api.w.org\/{rel}","templated":true}]}}