{"id":26145,"date":"2024-12-20T11:00:07","date_gmt":"2024-12-20T16:00:07","guid":{"rendered":"https:\/\/arriendo.com\/co\/%es_type%\/cali\/el-penon\/vqw1Wu5H0\/"},"modified":"2025-10-08T13:18:54","modified_gmt":"2025-10-08T18:18:54","slug":"ar-26145","status":"publish","type":"properties","link":"https:\/\/arriendo.com\/co\/locales\/cali\/el-penon\/ar-26145\/","title":{"rendered":"Local comercial en arriendo en Cali con terraza"},"content":{"rendered":"<p data-start=\"1196\" data-end=\"1616\">Este<strong> local comercial en arriendo en Cali <\/strong>es una excelente oportunidad para empresarios o emprendedores que buscan un espacio vers\u00e1til, moderno y con una ubicaci\u00f3n privilegiada en el sector m\u00e1s exclusivo del oeste de la ciudad. Su dise\u00f1o y amplitud lo convierten en una alternativa ideal para oficinas, restaurantes o locales comerciales que deseen destacarse en una zona de alta visibilidad y tr\u00e1fico. Con una superficie total de 176 m\u00b2, este inmueble se distribuye inteligentemente en cinco ambientes que pueden adaptarse a las necesidades de tu negocio. Adem\u00e1s, cuenta con dos ba\u00f1os, una terraza principal de 42 m\u00b2 perfecta para crear un ambiente al aire libre o un \u00e1rea social atractiva, y una<strong> entrada lateral con puerta el\u00e9ctrica,<\/strong> que facilita el acceso tanto para clientes como para personal.<\/p>\n<p data-start=\"1196\" data-end=\"1616\">Lo m\u00e1s atractivo de esta propiedad es su flexibilidad de uso. Actualmente, el local se presenta como un espacio abierto tipo lienzo en blanco, donde las divisiones existentes est\u00e1n elaboradas en panel yeso, lo que permite una<strong> f\u00e1cil remodelaci\u00f3n o redistribuci\u00f3n<\/strong> seg\u00fan la imagen que quieras proyectar. Si est\u00e1s pensando en abrir un restaurante, este lugar es perfecto gracias a su concepto tipo terraza y la amplitud que ofrece. Si, por el contrario, buscas una oficina corporativa o showroom, su dise\u00f1o adaptable te permitir\u00e1 desarrollar un entorno profesional y funcional.<\/p>\n<p data-start=\"1196\" data-end=\"1616\">El sector de El Pe\u00f1\u00f3n es reconocido por su elegancia, su actividad comercial constante y su entorno seguro. A tan solo una calle del Parque del Pe\u00f1\u00f3n, el local disfruta de un flujo peatonal y vehicular constante, rodeado de restaurantes de alta categor\u00eda, caf\u00e9s, hoteles, boutiques y oficinas. Adem\u00e1s, la zona cuenta con amplias \u00e1reas de parqueo, un valor agregado para tus clientes y colaboradores.<\/p>\n<p data-start=\"1196\" data-end=\"1616\">Esta propiedad representa una inversi\u00f3n estrat\u00e9gica para quienes buscan un local comercial en arriendo en Cali\u00a0 para poder posicionar su marca en un sector de prestigio y alta valorizaci\u00f3n en Cali.<\/p>\n","protected":false},"excerpt":{"rendered":"Este local comercial en arriendo en Cali es una excelente...","protected":false},"author":2014,"featured_media":26146,"template":"","es_locations":[179,418,823],"es_categories":[124],"es_types":[117],"es_rent_periods":[],"es_labels":[],"es_statuses":[],"es_parkings":[],"es_roofs":[],"es_exterior_materials":[],"es_basements":[],"es_floor_coverings":[],"es_features":[],"es_amenities":[],"es_neighborhoods":[],"es_tags":[],"class_list":["post-26145","properties","type-properties","status-publish","has-post-thumbnail","hentry","es_location-cali","es_location-colombia","es_location-el-penon","es_category-arriendo","es_type-locales","es-post-entity"],"_links":{"self":[{"href":"https:\/\/arriendo.com\/co\/wp-json\/wp\/v2\/properties\/26145","targetHints":{"allow":["GET"]}}],"collection":[{"href":"https:\/\/arriendo.com\/co\/wp-json\/wp\/v2\/properties"}],"about":[{"href":"https:\/\/arriendo.com\/co\/wp-json\/wp\/v2\/types\/properties"}],"author":[{"embeddable":true,"href":"https:\/\/arriendo.com\/co\/wp-json\/wp\/v2\/users\/2014"}],"version-history":[{"count":0,"href":"https:\/\/arriendo.com\/co\/wp-json\/wp\/v2\/properties\/26145\/revisions"}],"wp:featuredmedia":[{"embeddable":true,"href":"https:\/\/arriendo.com\/co\/wp-json\/wp\/v2\/media\/26146"}],"wp:attachment":[{"href":"https:\/\/arriendo.com\/co\/wp-json\/wp\/v2\/media?parent=26145"}],"wp:term":[{"taxonomy":"es_location","embeddable":true,"href":"https:\/\/arriendo.com\/co\/wp-json\/wp\/v2\/es_locations?post=26145"},{"taxonomy":"es_category","embeddable":true,"href":"https:\/\/arriendo.com\/co\/wp-json\/wp\/v2\/es_categories?post=26145"},{"taxonomy":"es_type","embeddable":true,"href":"https:\/\/arriendo.com\/co\/wp-json\/wp\/v2\/es_types?post=26145"},{"taxonomy":"es_rent_period","embeddable":true,"href":"https:\/\/arriendo.com\/co\/wp-json\/wp\/v2\/es_rent_periods?post=26145"},{"taxonomy":"es_label","embeddable":true,"href":"https:\/\/arriendo.com\/co\/wp-json\/wp\/v2\/es_labels?post=26145"},{"taxonomy":"es_status","embeddable":true,"href":"https:\/\/arriendo.com\/co\/wp-json\/wp\/v2\/es_statuses?post=26145"},{"taxonomy":"es_parking","embeddable":true,"href":"https:\/\/arriendo.com\/co\/wp-json\/wp\/v2\/es_parkings?post=26145"},{"taxonomy":"es_roof","embeddable":true,"href":"https:\/\/arriendo.com\/co\/wp-json\/wp\/v2\/es_roofs?post=26145"},{"taxonomy":"es_exterior_material","embeddable":true,"href":"https:\/\/arriendo.com\/co\/wp-json\/wp\/v2\/es_exterior_materials?post=26145"},{"taxonomy":"es_basement","embeddable":true,"href":"https:\/\/arriendo.com\/co\/wp-json\/wp\/v2\/es_basements?post=26145"},{"taxonomy":"es_floor_covering","embeddable":true,"href":"https:\/\/arriendo.com\/co\/wp-json\/wp\/v2\/es_floor_coverings?post=26145"},{"taxonomy":"es_feature","embeddable":true,"href":"https:\/\/arriendo.com\/co\/wp-json\/wp\/v2\/es_features?post=26145"},{"taxonomy":"es_amenity","embeddable":true,"href":"https:\/\/arriendo.com\/co\/wp-json\/wp\/v2\/es_amenities?post=26145"},{"taxonomy":"es_neighborhood","embeddable":true,"href":"https:\/\/arriendo.com\/co\/wp-json\/wp\/v2\/es_neighborhoods?post=26145"},{"taxonomy":"es_tag","embeddable":true,"href":"https:\/\/arriendo.com\/co\/wp-json\/wp\/v2\/es_tags?post=26145"}],"curies":[{"name":"wp","href":"https:\/\/api.w.org\/{rel}","templated":true}]}}