{"id":252677,"date":"2026-01-30T02:31:51","date_gmt":"2026-01-30T07:31:51","guid":{"rendered":"https:\/\/arriendo.com\/co\/%es_type%\/%address_city%\/%neighborhood%\/armenia-sector-centro-local-en-arriendo-736b23\/"},"modified":"2026-01-30T02:31:51","modified_gmt":"2026-01-30T07:31:51","slug":"AR-252677","status":"publish","type":"properties","link":"https:\/\/arriendo.com\/co\/locales\/armenia\/sector-centro\/AR-252677\/","title":{"rendered":"Local en  Arriendo en Sector centro, Armenia"},"content":{"rendered":"<p>Oficinas en Renta en Edificio Ubicado en el Centro de Armenia, Quind\u00edo<br \/>\n1.\tOficina Piso 2 &#8211; 20 m\u00b2<br \/>\no\tValor de Canon: $500.000<br \/>\no\tEsta oficina de 20 m\u00b2 se encuentra en el segundo piso en un edificio en el centro de Armenia, Quind\u00edo. Ofrece una excelente vista a la ciudad, con luz natural y buena ventilaci\u00f3n. El valor de arrendamiento incluye los servicios de agua y luz, as\u00ed como la administraci\u00f3n. Disfruta de acceso a porter\u00eda 12 horas, tipo recepci\u00f3n, y dos ascensores para mayor comodidad. Adem\u00e1s, cuenta con ba\u00f1os p\u00fablicos en cada nivel y parqueaderos cercanos.<br \/>\n2.\tOficina Piso 7 &#8211; 36 m\u00b2<br \/>\no\tValor de Canon: $750.000<br \/>\no\tUbicada en el s\u00e9ptimo piso, esta oficina de 36 m\u00b2 ofrece un amplio espacio con una impresionante vista panor\u00e1mica de la ciudad. Al igual que la oficina del segundo piso, el canon incluye los servicios de agua, luz y administraci\u00f3n. La oficina se beneficia de una excelente iluminaci\u00f3n y ventilaci\u00f3n, acceso a porter\u00eda 12 horas, tipo recepci\u00f3n, y dos ascensores. Tambi\u00e9n tiene ba\u00f1os p\u00fablicos en cada nivel y la conveniencia de parqueaderos cercanos.<br \/>\n\u00a1No pierda la oportunidad de establecer su negocio en este excelente edificio con una ubicaci\u00f3n privilegiada!<\/p>\n","protected":false},"excerpt":{"rendered":"Oficinas en Renta en Edificio Ubicado en el Centro de...","protected":false},"author":4102,"featured_media":252680,"template":"","es_locations":[347,101,2471],"es_categories":[124],"es_types":[117],"es_rent_periods":[],"es_labels":[],"es_statuses":[],"es_parkings":[],"es_roofs":[],"es_exterior_materials":[],"es_basements":[],"es_floor_coverings":[],"es_features":[131,2296,2201,2455,2132,2181,2135,2241,2137],"es_amenities":[152,2298,2206,2457,2140,2142,161,2259,2144],"es_neighborhoods":[],"es_tags":[],"class_list":["post-252677","properties","type-properties","status-publish","has-post-thumbnail","hentry","es_location-armenia","es_location-quindio","es_location-sector-centro","es_category-arriendo","es_type-locales","es_feature-ascensor","es_feature-en-edificio","es_feature-en-zona-comercial","es_feature-local-interior","es_feature-parques-cercanos","es_feature-porteria-vigilancia","es_feature-sobre-via-principal","es_feature-vigilancia-24x7","es_feature-zona-comercial","es_amenity-ascensor-privado","es_amenity-en-edificio","es_amenity-en-zona-comercial","es_amenity-local-interior","es_amenity-parques-cercanos","es_amenity-sobre-via-principal","es_amenity-vigilancia-24-7","es_amenity-vigilancia-24x7","es_amenity-zona-comercial","es-post-entity"],"_links":{"self":[{"href":"https:\/\/arriendo.com\/co\/wp-json\/wp\/v2\/properties\/252677","targetHints":{"allow":["GET"]}}],"collection":[{"href":"https:\/\/arriendo.com\/co\/wp-json\/wp\/v2\/properties"}],"about":[{"href":"https:\/\/arriendo.com\/co\/wp-json\/wp\/v2\/types\/properties"}],"author":[{"embeddable":true,"href":"https:\/\/arriendo.com\/co\/wp-json\/wp\/v2\/users\/4102"}],"version-history":[{"count":0,"href":"https:\/\/arriendo.com\/co\/wp-json\/wp\/v2\/properties\/252677\/revisions"}],"wp:featuredmedia":[{"embeddable":true,"href":"https:\/\/arriendo.com\/co\/wp-json\/wp\/v2\/media\/252680"}],"wp:attachment":[{"href":"https:\/\/arriendo.com\/co\/wp-json\/wp\/v2\/media?parent=252677"}],"wp:term":[{"taxonomy":"es_location","embeddable":true,"href":"https:\/\/arriendo.com\/co\/wp-json\/wp\/v2\/es_locations?post=252677"},{"taxonomy":"es_category","embeddable":true,"href":"https:\/\/arriendo.com\/co\/wp-json\/wp\/v2\/es_categories?post=252677"},{"taxonomy":"es_type","embeddable":true,"href":"https:\/\/arriendo.com\/co\/wp-json\/wp\/v2\/es_types?post=252677"},{"taxonomy":"es_rent_period","embeddable":true,"href":"https:\/\/arriendo.com\/co\/wp-json\/wp\/v2\/es_rent_periods?post=252677"},{"taxonomy":"es_label","embeddable":true,"href":"https:\/\/arriendo.com\/co\/wp-json\/wp\/v2\/es_labels?post=252677"},{"taxonomy":"es_status","embeddable":true,"href":"https:\/\/arriendo.com\/co\/wp-json\/wp\/v2\/es_statuses?post=252677"},{"taxonomy":"es_parking","embeddable":true,"href":"https:\/\/arriendo.com\/co\/wp-json\/wp\/v2\/es_parkings?post=252677"},{"taxonomy":"es_roof","embeddable":true,"href":"https:\/\/arriendo.com\/co\/wp-json\/wp\/v2\/es_roofs?post=252677"},{"taxonomy":"es_exterior_material","embeddable":true,"href":"https:\/\/arriendo.com\/co\/wp-json\/wp\/v2\/es_exterior_materials?post=252677"},{"taxonomy":"es_basement","embeddable":true,"href":"https:\/\/arriendo.com\/co\/wp-json\/wp\/v2\/es_basements?post=252677"},{"taxonomy":"es_floor_covering","embeddable":true,"href":"https:\/\/arriendo.com\/co\/wp-json\/wp\/v2\/es_floor_coverings?post=252677"},{"taxonomy":"es_feature","embeddable":true,"href":"https:\/\/arriendo.com\/co\/wp-json\/wp\/v2\/es_features?post=252677"},{"taxonomy":"es_amenity","embeddable":true,"href":"https:\/\/arriendo.com\/co\/wp-json\/wp\/v2\/es_amenities?post=252677"},{"taxonomy":"es_neighborhood","embeddable":true,"href":"https:\/\/arriendo.com\/co\/wp-json\/wp\/v2\/es_neighborhoods?post=252677"},{"taxonomy":"es_tag","embeddable":true,"href":"https:\/\/arriendo.com\/co\/wp-json\/wp\/v2\/es_tags?post=252677"}],"curies":[{"name":"wp","href":"https:\/\/api.w.org\/{rel}","templated":true}]}}