{"id":249167,"date":"2026-01-29T19:29:49","date_gmt":"2026-01-30T00:29:49","guid":{"rendered":"https:\/\/arriendo.com\/co\/%es_type%\/%address_city%\/%neighborhood%\/bogota-la-veracruz-local-en-arriendo-en-d2edaf\/"},"modified":"2026-01-29T19:29:49","modified_gmt":"2026-01-30T00:29:49","slug":"AR-249167","status":"publish","type":"properties","link":"https:\/\/arriendo.com\/co\/locales\/bogota\/la-veracruz\/AR-249167\/","title":{"rendered":"Local en Arriendo en La veracruz, Bogot\u00e1"},"content":{"rendered":"<p>Todo gran legado comienza con una gran decisi\u00f3n.<\/p>\n<p>Imagina caminar por la emblem\u00e1tica Carrera S\u00e9ptima, en pleno coraz\u00f3n de Bogot\u00e1. La gente fluye, los sentidos despiertan\u2026 y ah\u00ed est\u00e1: un acceso discreto que guarda un secreto bajo tierra. No es solo un local. Es tu pr\u00f3xima gran inversi\u00f3n.<\/p>\n<p>870 m\u00b2 subterr\u00e1neos frente al Museo del Oro. Un lugar que no solo llama la atenci\u00f3n, la captura. Un lienzo en blanco para crear experiencias inolvidables, para diferenciarte donde otros simplemente compiten. Este espacio no es para cualquiera: es para marcas con prop\u00f3sito, para empresarios que entienden que el posicionamiento no se compra\u2026 se construye.<\/p>\n<p>Aqu\u00ed podr\u00edas montar una galer\u00eda que sacuda la escena cultural, un speakeasy legendario que se vuelva mito urbano, una experiencia inmersiva que hable de futuro, o una tienda de culto que capture el deseo de lo exclusivo. Y lo mejor: en una de las arterias m\u00e1s transitadas, tur\u00edsticas y simb\u00f3licas del pa\u00eds.<\/p>\n<p>Este activo est\u00e1 disponible por $28 millones COP de arriendo, con p\u00f3liza Suramericana. No es solo una renta: es una estrategia.<br \/>\nUna inversi\u00f3n para marcas que buscan ser recordadas, no solo vistas.<\/p>\n<p>Agenda tu visita privada.<br \/>\nTransforma un espacio en un \u00edcono.<br \/>\nConvierte tu marca en un referente.<\/p>\n","protected":false},"excerpt":{"rendered":"Todo gran legado comienza con una gran decisi\u00f3n. Imagina caminar...","protected":false},"author":7782,"featured_media":249170,"template":"","es_locations":[110,77,2565],"es_categories":[124],"es_types":[117],"es_rent_periods":[],"es_labels":[],"es_statuses":[],"es_parkings":[],"es_roofs":[],"es_exterior_materials":[],"es_basements":[],"es_floor_coverings":[],"es_features":[150,2174,2131,2302,151,2296,2201,2385,2455,2272,2135,2239,2228,2137],"es_amenities":[2387,2169,2139,2303,2270,2298,2206,2386,2457,2273,2142,2256,2258,2144],"es_neighborhoods":[],"es_tags":[],"class_list":["post-249167","properties","type-properties","status-publish","has-post-thumbnail","hentry","es_location-bogota","es_location-bogota-d-c","es_location-la-veracruz","es_category-arriendo","es_type-locales","es_feature-alarma","es_feature-auditorio","es_feature-circuito-cerrado-de-tv","es_feature-cocineta","es_feature-deposito-bodega","es_feature-en-edificio","es_feature-en-zona-comercial","es_feature-local-exterior","es_feature-local-interior","es_feature-piso-en-baldosa-marmol","es_feature-sobre-via-principal","es_feature-sobre-via-secundaria","es_feature-ventilacion-natural","es_feature-zona-comercial","es_amenity-alarma","es_amenity-auditorio","es_amenity-circuito-cerrado-de-tv","es_amenity-cocineta","es_amenity-deposito-bodega","es_amenity-en-edificio","es_amenity-en-zona-comercial","es_amenity-local-exterior","es_amenity-local-interior","es_amenity-piso-en-baldosa-marmol","es_amenity-sobre-via-principal","es_amenity-sobre-via-secundaria","es_amenity-ventilacion-natural","es_amenity-zona-comercial","es-post-entity"],"_links":{"self":[{"href":"https:\/\/arriendo.com\/co\/wp-json\/wp\/v2\/properties\/249167","targetHints":{"allow":["GET"]}}],"collection":[{"href":"https:\/\/arriendo.com\/co\/wp-json\/wp\/v2\/properties"}],"about":[{"href":"https:\/\/arriendo.com\/co\/wp-json\/wp\/v2\/types\/properties"}],"author":[{"embeddable":true,"href":"https:\/\/arriendo.com\/co\/wp-json\/wp\/v2\/users\/7782"}],"version-history":[{"count":0,"href":"https:\/\/arriendo.com\/co\/wp-json\/wp\/v2\/properties\/249167\/revisions"}],"wp:featuredmedia":[{"embeddable":true,"href":"https:\/\/arriendo.com\/co\/wp-json\/wp\/v2\/media\/249170"}],"wp:attachment":[{"href":"https:\/\/arriendo.com\/co\/wp-json\/wp\/v2\/media?parent=249167"}],"wp:term":[{"taxonomy":"es_location","embeddable":true,"href":"https:\/\/arriendo.com\/co\/wp-json\/wp\/v2\/es_locations?post=249167"},{"taxonomy":"es_category","embeddable":true,"href":"https:\/\/arriendo.com\/co\/wp-json\/wp\/v2\/es_categories?post=249167"},{"taxonomy":"es_type","embeddable":true,"href":"https:\/\/arriendo.com\/co\/wp-json\/wp\/v2\/es_types?post=249167"},{"taxonomy":"es_rent_period","embeddable":true,"href":"https:\/\/arriendo.com\/co\/wp-json\/wp\/v2\/es_rent_periods?post=249167"},{"taxonomy":"es_label","embeddable":true,"href":"https:\/\/arriendo.com\/co\/wp-json\/wp\/v2\/es_labels?post=249167"},{"taxonomy":"es_status","embeddable":true,"href":"https:\/\/arriendo.com\/co\/wp-json\/wp\/v2\/es_statuses?post=249167"},{"taxonomy":"es_parking","embeddable":true,"href":"https:\/\/arriendo.com\/co\/wp-json\/wp\/v2\/es_parkings?post=249167"},{"taxonomy":"es_roof","embeddable":true,"href":"https:\/\/arriendo.com\/co\/wp-json\/wp\/v2\/es_roofs?post=249167"},{"taxonomy":"es_exterior_material","embeddable":true,"href":"https:\/\/arriendo.com\/co\/wp-json\/wp\/v2\/es_exterior_materials?post=249167"},{"taxonomy":"es_basement","embeddable":true,"href":"https:\/\/arriendo.com\/co\/wp-json\/wp\/v2\/es_basements?post=249167"},{"taxonomy":"es_floor_covering","embeddable":true,"href":"https:\/\/arriendo.com\/co\/wp-json\/wp\/v2\/es_floor_coverings?post=249167"},{"taxonomy":"es_feature","embeddable":true,"href":"https:\/\/arriendo.com\/co\/wp-json\/wp\/v2\/es_features?post=249167"},{"taxonomy":"es_amenity","embeddable":true,"href":"https:\/\/arriendo.com\/co\/wp-json\/wp\/v2\/es_amenities?post=249167"},{"taxonomy":"es_neighborhood","embeddable":true,"href":"https:\/\/arriendo.com\/co\/wp-json\/wp\/v2\/es_neighborhoods?post=249167"},{"taxonomy":"es_tag","embeddable":true,"href":"https:\/\/arriendo.com\/co\/wp-json\/wp\/v2\/es_tags?post=249167"}],"curies":[{"name":"wp","href":"https:\/\/api.w.org\/{rel}","templated":true}]}}