{"id":248532,"date":"2026-01-29T18:16:49","date_gmt":"2026-01-29T23:16:49","guid":{"rendered":"https:\/\/arriendo.com\/co\/%es_type%\/%address_city%\/%neighborhood%\/bogota-santa-maria-del-lago-consultorio-en-arriendo-en-12fde6\/"},"modified":"2026-01-29T18:16:49","modified_gmt":"2026-01-29T23:16:49","slug":"AR-248532","status":"publish","type":"properties","link":"https:\/\/arriendo.com\/co\/consultorios\/bogota\/santa-maria-del-lago\/AR-248532\/","title":{"rendered":"Consultorio en Arriendo en Santa Maria del Lago, Bogot\u00e1"},"content":{"rendered":"<p>ARRIENDO ESPECTACULAR OFICINA\/CONSULTORIO PISO 3\u00b0 (\u00c1rea 100 m2): BUENA UBICACION CALLE 72 CON AV. BOYACA,  VISTA AL EXTERIOR, OPORTUNIDAD DE NEGOCIO RENTABLE, ZONA COMERCIAL: \u00c1rea 100 m2.,  \u00c1rea de Recepci\u00f3n, Cinco (5) oficinas independientes, Tres (3) Ba\u00f1os, Biblioteca. Apta para Oficina de Arquitectos,  Ingenieros, Abogados, Academias de Ense\u00f1anza, Spa de U\u00f1as, Etc. Acceso por v\u00edas principales:  Avenida Calle 72, Avenida Boyac\u00e1.<\/p>\n","protected":false},"excerpt":{"rendered":"ARRIENDO ESPECTACULAR OFICINA\/CONSULTORIO PISO 3\u00b0 (\u00c1rea 100 m2): BUENA UBICACION...","protected":false},"author":5842,"featured_media":248535,"template":"","es_locations":[110,77,686],"es_categories":[124],"es_types":[119],"es_rent_periods":[],"es_labels":[],"es_statuses":[],"es_parkings":[],"es_roofs":[],"es_exterior_materials":[],"es_basements":[],"es_floor_coverings":[],"es_features":[2224,2226,2132,2272,2337,2134,2135,2239,2297,2137,2300,2152],"es_amenities":[2247,2251,2140,2273,2340,2141,2142,2256,2299,2144,2301,2162],"es_neighborhoods":[],"es_tags":[],"class_list":["post-248532","properties","type-properties","status-publish","has-post-thumbnail","hentry","es_location-bogota","es_location-bogota-d-c","es_location-santa-maria-del-lago","es_category-arriendo","es_type-consultorios","es_feature-cableado-de-red","es_feature-escalera-de-emergencia","es_feature-parques-cercanos","es_feature-piso-en-baldosa-marmol","es_feature-piso-en-cemento","es_feature-servicios-publicos","es_feature-sobre-via-principal","es_feature-sobre-via-secundaria","es_feature-ubicada-en-edificio","es_feature-zona-comercial","es_feature-zona-industrial","es_feature-zona-residencial","es_amenity-cableado-de-red","es_amenity-escalera-de-emergencia","es_amenity-parques-cercanos","es_amenity-piso-en-baldosa-marmol","es_amenity-piso-en-cemento","es_amenity-servicios-publicos","es_amenity-sobre-via-principal","es_amenity-sobre-via-secundaria","es_amenity-ubicada-en-edificio","es_amenity-zona-comercial","es_amenity-zona-industrial","es_amenity-zona-residencial","es-post-entity"],"_links":{"self":[{"href":"https:\/\/arriendo.com\/co\/wp-json\/wp\/v2\/properties\/248532","targetHints":{"allow":["GET"]}}],"collection":[{"href":"https:\/\/arriendo.com\/co\/wp-json\/wp\/v2\/properties"}],"about":[{"href":"https:\/\/arriendo.com\/co\/wp-json\/wp\/v2\/types\/properties"}],"author":[{"embeddable":true,"href":"https:\/\/arriendo.com\/co\/wp-json\/wp\/v2\/users\/5842"}],"version-history":[{"count":0,"href":"https:\/\/arriendo.com\/co\/wp-json\/wp\/v2\/properties\/248532\/revisions"}],"wp:featuredmedia":[{"embeddable":true,"href":"https:\/\/arriendo.com\/co\/wp-json\/wp\/v2\/media\/248535"}],"wp:attachment":[{"href":"https:\/\/arriendo.com\/co\/wp-json\/wp\/v2\/media?parent=248532"}],"wp:term":[{"taxonomy":"es_location","embeddable":true,"href":"https:\/\/arriendo.com\/co\/wp-json\/wp\/v2\/es_locations?post=248532"},{"taxonomy":"es_category","embeddable":true,"href":"https:\/\/arriendo.com\/co\/wp-json\/wp\/v2\/es_categories?post=248532"},{"taxonomy":"es_type","embeddable":true,"href":"https:\/\/arriendo.com\/co\/wp-json\/wp\/v2\/es_types?post=248532"},{"taxonomy":"es_rent_period","embeddable":true,"href":"https:\/\/arriendo.com\/co\/wp-json\/wp\/v2\/es_rent_periods?post=248532"},{"taxonomy":"es_label","embeddable":true,"href":"https:\/\/arriendo.com\/co\/wp-json\/wp\/v2\/es_labels?post=248532"},{"taxonomy":"es_status","embeddable":true,"href":"https:\/\/arriendo.com\/co\/wp-json\/wp\/v2\/es_statuses?post=248532"},{"taxonomy":"es_parking","embeddable":true,"href":"https:\/\/arriendo.com\/co\/wp-json\/wp\/v2\/es_parkings?post=248532"},{"taxonomy":"es_roof","embeddable":true,"href":"https:\/\/arriendo.com\/co\/wp-json\/wp\/v2\/es_roofs?post=248532"},{"taxonomy":"es_exterior_material","embeddable":true,"href":"https:\/\/arriendo.com\/co\/wp-json\/wp\/v2\/es_exterior_materials?post=248532"},{"taxonomy":"es_basement","embeddable":true,"href":"https:\/\/arriendo.com\/co\/wp-json\/wp\/v2\/es_basements?post=248532"},{"taxonomy":"es_floor_covering","embeddable":true,"href":"https:\/\/arriendo.com\/co\/wp-json\/wp\/v2\/es_floor_coverings?post=248532"},{"taxonomy":"es_feature","embeddable":true,"href":"https:\/\/arriendo.com\/co\/wp-json\/wp\/v2\/es_features?post=248532"},{"taxonomy":"es_amenity","embeddable":true,"href":"https:\/\/arriendo.com\/co\/wp-json\/wp\/v2\/es_amenities?post=248532"},{"taxonomy":"es_neighborhood","embeddable":true,"href":"https:\/\/arriendo.com\/co\/wp-json\/wp\/v2\/es_neighborhoods?post=248532"},{"taxonomy":"es_tag","embeddable":true,"href":"https:\/\/arriendo.com\/co\/wp-json\/wp\/v2\/es_tags?post=248532"}],"curies":[{"name":"wp","href":"https:\/\/api.w.org\/{rel}","templated":true}]}}