{"id":246987,"date":"2026-01-29T15:36:48","date_gmt":"2026-01-29T20:36:48","guid":{"rendered":"https:\/\/arriendo.com\/co\/%es_type%\/%address_city%\/%neighborhood%\/bogota-san-martin-apartamento-en-arriendo-en-04c257\/"},"modified":"2026-01-29T15:36:48","modified_gmt":"2026-01-29T20:36:48","slug":"AR-246987","status":"publish","type":"properties","link":"https:\/\/arriendo.com\/co\/apartamentos\/bogota\/san-martin\/AR-246987\/","title":{"rendered":"Apartamento en Arriendo en San martin, Bogot\u00e1"},"content":{"rendered":"<p>Apartamento en arriendo ubicado en la zona estrat\u00e9gica de San Mart\u00edn en Bogot\u00e1, cuenta con espacios iluminados y vista panor\u00e1mica al nororiente de la ciudad.  Las zonas comunes del edificio ofrecen un espacio al aire libre para disfrutar la terraza BBQ, zona de coworking, zona de lavander\u00eda, sala de estudio, gimnasio, vigilancia 24\/7.   El apartamento cuenta con un parqueadero. Cerca de Universidades, colegios, centros comerciales, centro, con transporte p\u00fablico cercano.<\/p>\n","protected":false},"excerpt":{"rendered":"Apartamento en arriendo ubicado en la zona estrat\u00e9gica de San...","protected":false},"author":6679,"featured_media":246990,"template":"","es_locations":[110,77,416],"es_categories":[124],"es_types":[114],"es_rent_periods":[],"es_labels":[],"es_statuses":[],"es_parkings":[],"es_roofs":[],"es_exterior_materials":[],"es_basements":[],"es_floor_coverings":[],"es_features":[131,2165,2131,2146,2147,2148,2196,2149,2179,2203,2368,2370,2216,2132,2365,2133,2181,2380,2182,2150,143,2136,144,2152],"es_amenities":[152,2188,2139,2155,2156,2157,2197,2159,154,2208,2369,2371,156,2140,2366,158,2383,159,2161,2290,2143,161,2289,2162],"es_neighborhoods":[],"es_tags":[],"class_list":["post-246987","properties","type-properties","status-publish","has-post-thumbnail","hentry","es_location-bogota","es_location-bogota-d-c","es_location-san-martin","es_category-arriendo","es_type-apartamentos","es_feature-ascensor","es_feature-caldera","es_feature-circuito-cerrado-de-tv","es_feature-cocina-integral","es_feature-cocina-tipo-americano","es_feature-colegios-universidades","es_feature-en-conjunto-cerrado","es_feature-garajes","es_feature-gimnasio","es_feature-jardines-exteriores","es_feature-loft","es_feature-oficina-de-negocios","es_feature-parqueadero-visitantes","es_feature-parques-cercanos","es_feature-planta-electrica","es_feature-porteria-recepcion","es_feature-porteria-vigilancia","es_feature-sala-de-internet","es_feature-salon-comunal","es_feature-supermercados-c-comerciales","es_feature-terraza","es_feature-trans-publico-cercano","es_feature-vista-panoramica","es_feature-zona-residencial","es_amenity-ascensor-privado","es_amenity-caldera","es_amenity-circuito-cerrado-de-tv","es_amenity-cocina-integral","es_amenity-cocina-tipo-americano","es_amenity-colegios-universidades","es_amenity-en-conjunto-cerrado","es_amenity-garajes","es_amenity-gimnasio","es_amenity-jardines-exteriores","es_amenity-loft","es_amenity-oficina-de-negocios","es_amenity-parqueadero-visitantes","es_amenity-parques-cercanos","es_amenity-planta-electrica","es_amenity-porteria-recepcion","es_amenity-sala-de-internet","es_amenity-salon-comunal","es_amenity-supermercados-c-comerciales","es_amenity-terraza","es_amenity-trans-publico-cercano","es_amenity-vigilancia-24-7","es_amenity-vista-panoramica","es_amenity-zona-residencial","es-post-entity"],"_links":{"self":[{"href":"https:\/\/arriendo.com\/co\/wp-json\/wp\/v2\/properties\/246987","targetHints":{"allow":["GET"]}}],"collection":[{"href":"https:\/\/arriendo.com\/co\/wp-json\/wp\/v2\/properties"}],"about":[{"href":"https:\/\/arriendo.com\/co\/wp-json\/wp\/v2\/types\/properties"}],"author":[{"embeddable":true,"href":"https:\/\/arriendo.com\/co\/wp-json\/wp\/v2\/users\/6679"}],"version-history":[{"count":0,"href":"https:\/\/arriendo.com\/co\/wp-json\/wp\/v2\/properties\/246987\/revisions"}],"wp:featuredmedia":[{"embeddable":true,"href":"https:\/\/arriendo.com\/co\/wp-json\/wp\/v2\/media\/246990"}],"wp:attachment":[{"href":"https:\/\/arriendo.com\/co\/wp-json\/wp\/v2\/media?parent=246987"}],"wp:term":[{"taxonomy":"es_location","embeddable":true,"href":"https:\/\/arriendo.com\/co\/wp-json\/wp\/v2\/es_locations?post=246987"},{"taxonomy":"es_category","embeddable":true,"href":"https:\/\/arriendo.com\/co\/wp-json\/wp\/v2\/es_categories?post=246987"},{"taxonomy":"es_type","embeddable":true,"href":"https:\/\/arriendo.com\/co\/wp-json\/wp\/v2\/es_types?post=246987"},{"taxonomy":"es_rent_period","embeddable":true,"href":"https:\/\/arriendo.com\/co\/wp-json\/wp\/v2\/es_rent_periods?post=246987"},{"taxonomy":"es_label","embeddable":true,"href":"https:\/\/arriendo.com\/co\/wp-json\/wp\/v2\/es_labels?post=246987"},{"taxonomy":"es_status","embeddable":true,"href":"https:\/\/arriendo.com\/co\/wp-json\/wp\/v2\/es_statuses?post=246987"},{"taxonomy":"es_parking","embeddable":true,"href":"https:\/\/arriendo.com\/co\/wp-json\/wp\/v2\/es_parkings?post=246987"},{"taxonomy":"es_roof","embeddable":true,"href":"https:\/\/arriendo.com\/co\/wp-json\/wp\/v2\/es_roofs?post=246987"},{"taxonomy":"es_exterior_material","embeddable":true,"href":"https:\/\/arriendo.com\/co\/wp-json\/wp\/v2\/es_exterior_materials?post=246987"},{"taxonomy":"es_basement","embeddable":true,"href":"https:\/\/arriendo.com\/co\/wp-json\/wp\/v2\/es_basements?post=246987"},{"taxonomy":"es_floor_covering","embeddable":true,"href":"https:\/\/arriendo.com\/co\/wp-json\/wp\/v2\/es_floor_coverings?post=246987"},{"taxonomy":"es_feature","embeddable":true,"href":"https:\/\/arriendo.com\/co\/wp-json\/wp\/v2\/es_features?post=246987"},{"taxonomy":"es_amenity","embeddable":true,"href":"https:\/\/arriendo.com\/co\/wp-json\/wp\/v2\/es_amenities?post=246987"},{"taxonomy":"es_neighborhood","embeddable":true,"href":"https:\/\/arriendo.com\/co\/wp-json\/wp\/v2\/es_neighborhoods?post=246987"},{"taxonomy":"es_tag","embeddable":true,"href":"https:\/\/arriendo.com\/co\/wp-json\/wp\/v2\/es_tags?post=246987"}],"curies":[{"name":"wp","href":"https:\/\/api.w.org\/{rel}","templated":true}]}}