{"id":246910,"date":"2026-01-29T15:29:48","date_gmt":"2026-01-29T20:29:48","guid":{"rendered":"https:\/\/arriendo.com\/co\/%es_type%\/%address_city%\/%neighborhood%\/bogota-villas-de-granada-apartamento-en-arriendo-en-c34bb4\/"},"modified":"2026-01-29T15:29:48","modified_gmt":"2026-01-29T20:29:48","slug":"AR-246910","status":"publish","type":"properties","link":"https:\/\/arriendo.com\/co\/apartamentos\/bogota\/villas-de-granada\/AR-246910\/","title":{"rendered":"Apartamento en arriendo en Villas de Granada, Bogot\u00e1"},"content":{"rendered":"<p>Descubra la comodidad y el estilo en este magn\u00edfico apartamento en arriendo, ubicado en el exclusivo Conjunto Montecarlo de Villas de Granada. Este hogar se distingue por sus amplios espacios, ba\u00f1ados por una abundante iluminaci\u00f3n natural que crea un ambiente c\u00e1lido y acogedor en cada rinc\u00f3n. Ideal para quienes buscan calidad de vida y un entorno tranquilo sin renunciar a la cercan\u00eda de todos los servicios.<\/p>\n","protected":false},"excerpt":{"rendered":"Descubra la comodidad y el estilo en este magn\u00edfico apartamento...","protected":false},"author":6679,"featured_media":246913,"template":"","es_locations":[110,77,216],"es_categories":[124],"es_types":[114],"es_rent_periods":[],"es_labels":[],"es_statuses":[],"es_parkings":[],"es_roofs":[],"es_exterior_materials":[],"es_basements":[],"es_floor_coverings":[],"es_features":[2212,2145,133,2146,2148,2196,2149,2282,145,2368,2132,2133,2181,2182,2150,2136,2151,2185,2152,2204],"es_amenities":[2217,2153,2154,2155,2157,2197,2159,2287,2160,2369,2140,158,159,2161,2143,161,162,2173,2162,2209],"es_neighborhoods":[],"es_tags":[],"class_list":["post-246910","properties","type-properties","status-publish","has-post-thumbnail","hentry","es_location-bogota","es_location-bogota-d-c","es_location-villas-de-granada","es_category-arriendo","es_type-apartamentos","es_feature-bano-auxiliar","es_feature-calentador","es_feature-citofono","es_feature-cocina-integral","es_feature-colegios-universidades","es_feature-en-conjunto-cerrado","es_feature-garajes","es_feature-hall-de-alcobas","es_feature-instalacion-de-gas","es_feature-loft","es_feature-parques-cercanos","es_feature-porteria-recepcion","es_feature-porteria-vigilancia","es_feature-salon-comunal","es_feature-supermercados-c-comerciales","es_feature-trans-publico-cercano","es_feature-zona-de-lavanderia","es_feature-zona-infantil","es_feature-zona-residencial","es_feature-zonas-verdes","es_amenity-bano-auxiliar","es_amenity-calentador","es_amenity-citofono","es_amenity-cocina-integral","es_amenity-colegios-universidades","es_amenity-en-conjunto-cerrado","es_amenity-garajes","es_amenity-hall-de-alcobas","es_amenity-instalacion-de-gas","es_amenity-loft","es_amenity-parques-cercanos","es_amenity-porteria-recepcion","es_amenity-salon-comunal","es_amenity-supermercados-c-comerciales","es_amenity-trans-publico-cercano","es_amenity-vigilancia-24-7","es_amenity-zona-de-lavanderia","es_amenity-zona-infantil","es_amenity-zona-residencial","es_amenity-zonas-verdes","es-post-entity"],"_links":{"self":[{"href":"https:\/\/arriendo.com\/co\/wp-json\/wp\/v2\/properties\/246910","targetHints":{"allow":["GET"]}}],"collection":[{"href":"https:\/\/arriendo.com\/co\/wp-json\/wp\/v2\/properties"}],"about":[{"href":"https:\/\/arriendo.com\/co\/wp-json\/wp\/v2\/types\/properties"}],"author":[{"embeddable":true,"href":"https:\/\/arriendo.com\/co\/wp-json\/wp\/v2\/users\/6679"}],"version-history":[{"count":0,"href":"https:\/\/arriendo.com\/co\/wp-json\/wp\/v2\/properties\/246910\/revisions"}],"wp:featuredmedia":[{"embeddable":true,"href":"https:\/\/arriendo.com\/co\/wp-json\/wp\/v2\/media\/246913"}],"wp:attachment":[{"href":"https:\/\/arriendo.com\/co\/wp-json\/wp\/v2\/media?parent=246910"}],"wp:term":[{"taxonomy":"es_location","embeddable":true,"href":"https:\/\/arriendo.com\/co\/wp-json\/wp\/v2\/es_locations?post=246910"},{"taxonomy":"es_category","embeddable":true,"href":"https:\/\/arriendo.com\/co\/wp-json\/wp\/v2\/es_categories?post=246910"},{"taxonomy":"es_type","embeddable":true,"href":"https:\/\/arriendo.com\/co\/wp-json\/wp\/v2\/es_types?post=246910"},{"taxonomy":"es_rent_period","embeddable":true,"href":"https:\/\/arriendo.com\/co\/wp-json\/wp\/v2\/es_rent_periods?post=246910"},{"taxonomy":"es_label","embeddable":true,"href":"https:\/\/arriendo.com\/co\/wp-json\/wp\/v2\/es_labels?post=246910"},{"taxonomy":"es_status","embeddable":true,"href":"https:\/\/arriendo.com\/co\/wp-json\/wp\/v2\/es_statuses?post=246910"},{"taxonomy":"es_parking","embeddable":true,"href":"https:\/\/arriendo.com\/co\/wp-json\/wp\/v2\/es_parkings?post=246910"},{"taxonomy":"es_roof","embeddable":true,"href":"https:\/\/arriendo.com\/co\/wp-json\/wp\/v2\/es_roofs?post=246910"},{"taxonomy":"es_exterior_material","embeddable":true,"href":"https:\/\/arriendo.com\/co\/wp-json\/wp\/v2\/es_exterior_materials?post=246910"},{"taxonomy":"es_basement","embeddable":true,"href":"https:\/\/arriendo.com\/co\/wp-json\/wp\/v2\/es_basements?post=246910"},{"taxonomy":"es_floor_covering","embeddable":true,"href":"https:\/\/arriendo.com\/co\/wp-json\/wp\/v2\/es_floor_coverings?post=246910"},{"taxonomy":"es_feature","embeddable":true,"href":"https:\/\/arriendo.com\/co\/wp-json\/wp\/v2\/es_features?post=246910"},{"taxonomy":"es_amenity","embeddable":true,"href":"https:\/\/arriendo.com\/co\/wp-json\/wp\/v2\/es_amenities?post=246910"},{"taxonomy":"es_neighborhood","embeddable":true,"href":"https:\/\/arriendo.com\/co\/wp-json\/wp\/v2\/es_neighborhoods?post=246910"},{"taxonomy":"es_tag","embeddable":true,"href":"https:\/\/arriendo.com\/co\/wp-json\/wp\/v2\/es_tags?post=246910"}],"curies":[{"name":"wp","href":"https:\/\/api.w.org\/{rel}","templated":true}]}}