{"id":239200,"date":"2026-01-28T13:43:44","date_gmt":"2026-01-28T18:43:44","guid":{"rendered":"https:\/\/arriendo.com\/co\/%es_type%\/%address_city%\/%neighborhood%\/jamundi-parque-natura-apartamento-en-arriendo-en-0877d9\/"},"modified":"2026-01-28T13:43:44","modified_gmt":"2026-01-28T18:43:44","slug":"AR-239200","status":"publish","type":"properties","link":"https:\/\/arriendo.com\/co\/apartamentos\/jamundi\/parque-natura\/AR-239200\/","title":{"rendered":"Apartamento en Arriendo en Parque Natura, Jamund\u00ed"},"content":{"rendered":"<p>Conjunto Residencial Altea alquilo excelente apartamento reci\u00e9n terminado con un \u00e1rea de 76 mts2. Tercer piso con ascensor. Sala comedor, balc\u00f3n, cocina americana, sala televisi\u00f3n, estudio, dos habitaciones principal con ba\u00f1o y ba\u00f1o de alcobas, zona de oficios en un espacio independiente, parqueadero propio. La unidad cuenta con sal\u00f3n social, piscina para adultos y ni\u00f1os, GYM un excelente sitio para vivir\u00a1 \u00a1Agenda tu cita y con\u00f3celo hoy mismo!<\/p>\n","protected":false},"excerpt":{"rendered":"Conjunto Residencial Altea alquilo excelente apartamento reci\u00e9n terminado con un...","protected":false},"author":7391,"featured_media":239203,"template":"","es_locations":[1348],"es_categories":[124],"es_types":[114],"es_rent_periods":[],"es_labels":[],"es_statuses":[],"es_parkings":[],"es_roofs":[],"es_exterior_materials":[],"es_basements":[],"es_floor_coverings":[],"es_features":[131,132,2402,2148,2196,136,2179,145,2132,2180,2133,2181,2182,2150,144,2306,2185,2152,2204],"es_amenities":[152,2186,2401,2157,2197,2158,154,2160,2140,157,158,159,2161,161,2289,2308,2173,2162,2209],"es_neighborhoods":[],"es_tags":[],"class_list":["post-239200","properties","type-properties","status-publish","has-post-thumbnail","hentry","es_location-parque-natura","es_category-arriendo","es_type-apartamentos","es_feature-ascensor","es_feature-balcon","es_feature-cancha-de-tennis","es_feature-colegios-universidades","es_feature-en-conjunto-cerrado","es_feature-estudio","es_feature-gimnasio","es_feature-instalacion-de-gas","es_feature-parques-cercanos","es_feature-piscina","es_feature-porteria-recepcion","es_feature-porteria-vigilancia","es_feature-salon-comunal","es_feature-supermercados-c-comerciales","es_feature-vista-panoramica","es_feature-zona-campestre","es_feature-zona-infantil","es_feature-zona-residencial","es_feature-zonas-verdes","es_amenity-ascensor-privado","es_amenity-balcon","es_amenity-cancha-de-tennis","es_amenity-colegios-universidades","es_amenity-en-conjunto-cerrado","es_amenity-estudio","es_amenity-gimnasio","es_amenity-instalacion-de-gas","es_amenity-parques-cercanos","es_amenity-piscina","es_amenity-porteria-recepcion","es_amenity-salon-comunal","es_amenity-supermercados-c-comerciales","es_amenity-vigilancia-24-7","es_amenity-vista-panoramica","es_amenity-zona-campestre","es_amenity-zona-infantil","es_amenity-zona-residencial","es_amenity-zonas-verdes","es-post-entity"],"_links":{"self":[{"href":"https:\/\/arriendo.com\/co\/wp-json\/wp\/v2\/properties\/239200","targetHints":{"allow":["GET"]}}],"collection":[{"href":"https:\/\/arriendo.com\/co\/wp-json\/wp\/v2\/properties"}],"about":[{"href":"https:\/\/arriendo.com\/co\/wp-json\/wp\/v2\/types\/properties"}],"author":[{"embeddable":true,"href":"https:\/\/arriendo.com\/co\/wp-json\/wp\/v2\/users\/7391"}],"version-history":[{"count":0,"href":"https:\/\/arriendo.com\/co\/wp-json\/wp\/v2\/properties\/239200\/revisions"}],"wp:featuredmedia":[{"embeddable":true,"href":"https:\/\/arriendo.com\/co\/wp-json\/wp\/v2\/media\/239203"}],"wp:attachment":[{"href":"https:\/\/arriendo.com\/co\/wp-json\/wp\/v2\/media?parent=239200"}],"wp:term":[{"taxonomy":"es_location","embeddable":true,"href":"https:\/\/arriendo.com\/co\/wp-json\/wp\/v2\/es_locations?post=239200"},{"taxonomy":"es_category","embeddable":true,"href":"https:\/\/arriendo.com\/co\/wp-json\/wp\/v2\/es_categories?post=239200"},{"taxonomy":"es_type","embeddable":true,"href":"https:\/\/arriendo.com\/co\/wp-json\/wp\/v2\/es_types?post=239200"},{"taxonomy":"es_rent_period","embeddable":true,"href":"https:\/\/arriendo.com\/co\/wp-json\/wp\/v2\/es_rent_periods?post=239200"},{"taxonomy":"es_label","embeddable":true,"href":"https:\/\/arriendo.com\/co\/wp-json\/wp\/v2\/es_labels?post=239200"},{"taxonomy":"es_status","embeddable":true,"href":"https:\/\/arriendo.com\/co\/wp-json\/wp\/v2\/es_statuses?post=239200"},{"taxonomy":"es_parking","embeddable":true,"href":"https:\/\/arriendo.com\/co\/wp-json\/wp\/v2\/es_parkings?post=239200"},{"taxonomy":"es_roof","embeddable":true,"href":"https:\/\/arriendo.com\/co\/wp-json\/wp\/v2\/es_roofs?post=239200"},{"taxonomy":"es_exterior_material","embeddable":true,"href":"https:\/\/arriendo.com\/co\/wp-json\/wp\/v2\/es_exterior_materials?post=239200"},{"taxonomy":"es_basement","embeddable":true,"href":"https:\/\/arriendo.com\/co\/wp-json\/wp\/v2\/es_basements?post=239200"},{"taxonomy":"es_floor_covering","embeddable":true,"href":"https:\/\/arriendo.com\/co\/wp-json\/wp\/v2\/es_floor_coverings?post=239200"},{"taxonomy":"es_feature","embeddable":true,"href":"https:\/\/arriendo.com\/co\/wp-json\/wp\/v2\/es_features?post=239200"},{"taxonomy":"es_amenity","embeddable":true,"href":"https:\/\/arriendo.com\/co\/wp-json\/wp\/v2\/es_amenities?post=239200"},{"taxonomy":"es_neighborhood","embeddable":true,"href":"https:\/\/arriendo.com\/co\/wp-json\/wp\/v2\/es_neighborhoods?post=239200"},{"taxonomy":"es_tag","embeddable":true,"href":"https:\/\/arriendo.com\/co\/wp-json\/wp\/v2\/es_tags?post=239200"}],"curies":[{"name":"wp","href":"https:\/\/api.w.org\/{rel}","templated":true}]}}