{"id":235366,"date":"2026-01-27T18:31:58","date_gmt":"2026-01-27T23:31:58","guid":{"rendered":"https:\/\/arriendo.com\/co\/%es_type%\/%address_city%\/%neighborhood%\/bogota-la-granja-apartamento-en-arriendo-en-ee6787\/"},"modified":"2026-01-27T18:31:58","modified_gmt":"2026-01-27T23:31:58","slug":"AR-235366","status":"publish","type":"properties","link":"https:\/\/arriendo.com\/co\/apartamentos\/bogota\/la-granja\/AR-235366\/","title":{"rendered":"Apartamento en Arriendo en La granja, Bogot\u00e1"},"content":{"rendered":"<p>NOTA: El apartamento estara disponible a partir del 01 de Diciembre 2025, Ronda Virtual Inmobiliaria S.A.S. tiene el placer de presentarle este hermoso apartamento ubicado en el sector de La Granja en Bogot\u00e1 (Colombia). Este inmueble cuenta con tres habitaciones con armarios, la principal con ba\u00f1o privado, un ba\u00f1o social con ducha el\u00e9ctrica, una amplia zona para sala-comedor, cocina integral, y espacio de lavander\u00eda. Fue constru\u00eddo en el a\u00f1o 2019 y tiene detalles que har\u00e1n que habitarlo sea una grata experiencia, ya que tiene parqueadero propio con control remoto para el acceso vehicular, dep\u00f3sito espacioso e iluminado, cit\u00f3fono con c\u00e1mara integrada para mayor seguridad y una hermosa terraza social con opci\u00f3n para realizar ejercicio o reuniones sociales. <\/p>\n<p>Adem\u00e1s, en esta ubicaci\u00f3n podr\u00e1 tener amplias v\u00edas principales que le permitir\u00e1n movilizarse desde todos los sectores de la ciudad, como la Av. Calle 80, Av. Ciudad de Cali y Av. Boyac\u00e1. Medios de transporte p\u00fablicos como paraderos proximos del SITP y Transmilenio. No lo piense m\u00e1s, esta es la oportunidad de habitar este bell\u00edsimo predio, adem\u00e1s con nuestra inmobiliaria tendr\u00e1 un estudio cien por ciento digital muy r\u00e1pido. Recuerde comunicarse a los n\u00fameros de contacto relacionados en esta publicaci\u00f3n para mayor informaci\u00f3n.<\/p>\n","protected":false},"excerpt":{"rendered":"NOTA: El apartamento estara disponible a partir del 01 de...","protected":false},"author":4102,"featured_media":235369,"template":"","es_locations":[110,77,1493],"es_categories":[124],"es_types":[114],"es_rent_periods":[],"es_labels":[],"es_statuses":[],"es_parkings":[],"es_roofs":[],"es_exterior_materials":[],"es_basements":[],"es_floor_coverings":[],"es_features":[2292,2212,2164,133,2166,2146,151,2149,2282,2132,2272,2182,2150,2136,2151,2152],"es_amenities":[2294,2217,2187,2154,2189,2155,2270,2159,2287,2140,2273,159,2161,2143,162,2162],"es_neighborhoods":[],"es_tags":[],"class_list":["post-235366","properties","type-properties","status-publish","has-post-thumbnail","hentry","es_location-bogota","es_location-bogota-d-c","es_location-la-granja","es_category-arriendo","es_type-apartamentos","es_feature-acceso-pavimentado","es_feature-bano-auxiliar","es_feature-bano-independiente","es_feature-citofono","es_feature-closet","es_feature-cocina-integral","es_feature-deposito-bodega","es_feature-garajes","es_feature-hall-de-alcobas","es_feature-parques-cercanos","es_feature-piso-en-baldosa-marmol","es_feature-salon-comunal","es_feature-supermercados-c-comerciales","es_feature-trans-publico-cercano","es_feature-zona-de-lavanderia","es_feature-zona-residencial","es_amenity-acceso-pavimentado","es_amenity-bano-auxiliar","es_amenity-bano-independiente","es_amenity-citofono","es_amenity-closet","es_amenity-cocina-integral","es_amenity-deposito-bodega","es_amenity-garajes","es_amenity-hall-de-alcobas","es_amenity-parques-cercanos","es_amenity-piso-en-baldosa-marmol","es_amenity-salon-comunal","es_amenity-supermercados-c-comerciales","es_amenity-trans-publico-cercano","es_amenity-zona-de-lavanderia","es_amenity-zona-residencial","es-post-entity"],"_links":{"self":[{"href":"https:\/\/arriendo.com\/co\/wp-json\/wp\/v2\/properties\/235366","targetHints":{"allow":["GET"]}}],"collection":[{"href":"https:\/\/arriendo.com\/co\/wp-json\/wp\/v2\/properties"}],"about":[{"href":"https:\/\/arriendo.com\/co\/wp-json\/wp\/v2\/types\/properties"}],"author":[{"embeddable":true,"href":"https:\/\/arriendo.com\/co\/wp-json\/wp\/v2\/users\/4102"}],"version-history":[{"count":0,"href":"https:\/\/arriendo.com\/co\/wp-json\/wp\/v2\/properties\/235366\/revisions"}],"wp:featuredmedia":[{"embeddable":true,"href":"https:\/\/arriendo.com\/co\/wp-json\/wp\/v2\/media\/235369"}],"wp:attachment":[{"href":"https:\/\/arriendo.com\/co\/wp-json\/wp\/v2\/media?parent=235366"}],"wp:term":[{"taxonomy":"es_location","embeddable":true,"href":"https:\/\/arriendo.com\/co\/wp-json\/wp\/v2\/es_locations?post=235366"},{"taxonomy":"es_category","embeddable":true,"href":"https:\/\/arriendo.com\/co\/wp-json\/wp\/v2\/es_categories?post=235366"},{"taxonomy":"es_type","embeddable":true,"href":"https:\/\/arriendo.com\/co\/wp-json\/wp\/v2\/es_types?post=235366"},{"taxonomy":"es_rent_period","embeddable":true,"href":"https:\/\/arriendo.com\/co\/wp-json\/wp\/v2\/es_rent_periods?post=235366"},{"taxonomy":"es_label","embeddable":true,"href":"https:\/\/arriendo.com\/co\/wp-json\/wp\/v2\/es_labels?post=235366"},{"taxonomy":"es_status","embeddable":true,"href":"https:\/\/arriendo.com\/co\/wp-json\/wp\/v2\/es_statuses?post=235366"},{"taxonomy":"es_parking","embeddable":true,"href":"https:\/\/arriendo.com\/co\/wp-json\/wp\/v2\/es_parkings?post=235366"},{"taxonomy":"es_roof","embeddable":true,"href":"https:\/\/arriendo.com\/co\/wp-json\/wp\/v2\/es_roofs?post=235366"},{"taxonomy":"es_exterior_material","embeddable":true,"href":"https:\/\/arriendo.com\/co\/wp-json\/wp\/v2\/es_exterior_materials?post=235366"},{"taxonomy":"es_basement","embeddable":true,"href":"https:\/\/arriendo.com\/co\/wp-json\/wp\/v2\/es_basements?post=235366"},{"taxonomy":"es_floor_covering","embeddable":true,"href":"https:\/\/arriendo.com\/co\/wp-json\/wp\/v2\/es_floor_coverings?post=235366"},{"taxonomy":"es_feature","embeddable":true,"href":"https:\/\/arriendo.com\/co\/wp-json\/wp\/v2\/es_features?post=235366"},{"taxonomy":"es_amenity","embeddable":true,"href":"https:\/\/arriendo.com\/co\/wp-json\/wp\/v2\/es_amenities?post=235366"},{"taxonomy":"es_neighborhood","embeddable":true,"href":"https:\/\/arriendo.com\/co\/wp-json\/wp\/v2\/es_neighborhoods?post=235366"},{"taxonomy":"es_tag","embeddable":true,"href":"https:\/\/arriendo.com\/co\/wp-json\/wp\/v2\/es_tags?post=235366"}],"curies":[{"name":"wp","href":"https:\/\/api.w.org\/{rel}","templated":true}]}}